{"id":6602,"date":"2021-03-03T12:30:38","date_gmt":"2021-03-03T11:30:38","guid":{"rendered":"https:\/\/www.docuteam.ch\/accueil\/"},"modified":"2026-02-26T16:48:33","modified_gmt":"2026-02-26T14:48:33","slug":"accueil","status":"publish","type":"page","link":"https:\/\/www.docuteam.ch\/en\/","title":{"rendered":"Home page"},"content":{"rendered":"<div class=\"wpb-content-wrapper\">[vc_row][vc_column][vc_column_text]\n[\/vc_column_text][\/vc_column][\/vc_row][vc_row][vc_column][vc_column_text]\n[\/vc_column_text][\/vc_column][\/vc_row][vc_row content_placement=&#8221;top&#8221; css=&#8221;.vc_custom_1618834667432{margin-top: 60px !important;}&#8221; el_class=&#8221;dt-tiles&#8221;][vc_column]<style>.vcex-heading.vcex_69f50b57cc2e6{color:#cc0000;font-size:35px;font-weight:600;}.vcex-heading.vcex_69f50b57cc2e6:hover{color:#cc0000;}@media (max-width:1024px){.vcex-heading.vcex_69f50b57cc2e6{font-size:30px;}}@media (max-width:959px){.vcex-heading.vcex_69f50b57cc2e6{font-size:30px;}}@media (max-width:767px){.vcex-heading.vcex_69f50b57cc2e6{font-size:22px;}}@media (max-width:479px){.vcex-heading.vcex_69f50b57cc2e6{font-size:22px;}}<\/style><h1 class=\"vcex-heading vcex-heading-plain vcex-module wpex-heading wpex-text-2xl wpex-text-left vcex_69f50b57cc2e6\"><span class=\"vcex-heading-inner wpex-inline-block\">Structuring and Preserving Information<\/span><\/h1>[vc_column_text css=&#8221;.vc_custom_1769506468743{margin-top: 10px !important;}&#8221; font_size=&#8221;d:20|tl:20|tp:20|pl:17|pp:17&#8243; text_align=&#8221;left&#8221; line_height=&#8221;2&#8243; color=&#8221;#000000&#8243; font_weight=&#8221;600&#8243;]\nInformation is your long-term capital. That is why it deserves to be handled with care. docuteam arranges your information management: from the creation of documents to their long-term archiving. And we ensure that your archive remains accessible in the long term with specific IT solutions and practical work.<br \/>\n[\/vc_column_text][vc_row_inner css=&#8221;.vc_custom_1679401083052{padding-top: 20px !important;}&#8221;][vc_column_inner width=&#8221;1\/3&#8243;]<style>.vcex-icon-box.vcex_69f50b57cd1dd{animation-duration:1s;}.vcex-icon-box.vcex_69f50b57cd1dd .vcex-icon-box-content{font-size:20px;}.vcex-icon-box.vcex_69f50b57cd1dd .vcex-icon-box-heading{font-size:20px;font-weight:400;}@media (max-width:1024px){.vcex-icon-box.vcex_69f50b57cd1dd .vcex-icon-box-content{font-size:20px;}.vcex-icon-box.vcex_69f50b57cd1dd .vcex-icon-box-heading{font-size:20px;}}@media (max-width:959px){.vcex-icon-box.vcex_69f50b57cd1dd .vcex-icon-box-content{font-size:20px;}.vcex-icon-box.vcex_69f50b57cd1dd .vcex-icon-box-heading{font-size:20px;}}@media (max-width:767px){.vcex-icon-box.vcex_69f50b57cd1dd .vcex-icon-box-content{font-size:17px;}.vcex-icon-box.vcex_69f50b57cd1dd .vcex-icon-box-heading{font-size:17px;}}@media (max-width:479px){.vcex-icon-box.vcex_69f50b57cd1dd .vcex-icon-box-content{font-size:17px;}.vcex-icon-box.vcex_69f50b57cd1dd .vcex-icon-box-heading{font-size:17px;}}<\/style><a class=\"vcex-module vcex-icon-box vcex-icon-box-one vcex-icon-box-has-link wpex-inherit-color wpex-no-underline wpex-flex vcex-icon-box-wo-icon wpex-text-left  wpb_animate_when_almost_visible wpb_fadeIn fadeIn vc_custom_1771494266148 vcex_69f50b57cd1dd\" href=\"https:\/\/www.docuteam.ch\/en\/beratung-in-informationsmanagement\/consultinge\/\"><div class=\"vcex-icon-box-text wpex-flex-grow\"><h4 class=\"vcex-icon-box-heading wpex-heading wpex-mb-10\">Information Management Consulting<\/h4><\/div><\/a>[\/vc_column_inner][vc_column_inner width=&#8221;1\/3&#8243;]<style>.vcex-icon-box.vcex_69f50b57cd923{animation-duration:1s;animation-delay:1s;}.vcex-icon-box.vcex_69f50b57cd923 .vcex-icon-box-content{font-size:20px;}.vcex-icon-box.vcex_69f50b57cd923 .vcex-icon-box-heading{font-size:20px;font-weight:400;}@media (max-width:1024px){.vcex-icon-box.vcex_69f50b57cd923 .vcex-icon-box-content{font-size:20px;}.vcex-icon-box.vcex_69f50b57cd923 .vcex-icon-box-heading{font-size:20px;}}@media (max-width:959px){.vcex-icon-box.vcex_69f50b57cd923 .vcex-icon-box-content{font-size:20px;}.vcex-icon-box.vcex_69f50b57cd923 .vcex-icon-box-heading{font-size:20px;}}@media (max-width:767px){.vcex-icon-box.vcex_69f50b57cd923 .vcex-icon-box-content{font-size:17px;}.vcex-icon-box.vcex_69f50b57cd923 .vcex-icon-box-heading{font-size:17px;}}@media (max-width:479px){.vcex-icon-box.vcex_69f50b57cd923 .vcex-icon-box-content{font-size:17px;}.vcex-icon-box.vcex_69f50b57cd923 .vcex-icon-box-heading{font-size:17px;}}<\/style><a class=\"vcex-module vcex-icon-box vcex-icon-box-one vcex-icon-box-has-link wpex-inherit-color wpex-no-underline wpex-flex vcex-icon-box-wo-icon wpex-text-left  wpb_animate_when_almost_visible wpb_fadeIn fadeIn vc_custom_1771417149125 vcex_69f50b57cd923\" href=\"https:\/\/www.docuteam.ch\/en\/data-intelligence\/\"><div class=\"vcex-icon-box-text wpex-flex-grow\"><h3 class=\"vcex-icon-box-heading wpex-heading wpex-mb-10\">Data Intelligence<\/h3><\/div><\/a>[\/vc_column_inner][vc_column_inner width=&#8221;1\/3&#8243;]<style>.vcex-icon-box.vcex_69f50b57ce053{animation-duration:1s;animation-delay:2s;}.vcex-icon-box.vcex_69f50b57ce053 .vcex-icon-box-content{font-size:20px;}.vcex-icon-box.vcex_69f50b57ce053 .vcex-icon-box-heading{font-size:20px;font-weight:400;}@media (max-width:1024px){.vcex-icon-box.vcex_69f50b57ce053 .vcex-icon-box-content{font-size:20px;}.vcex-icon-box.vcex_69f50b57ce053 .vcex-icon-box-heading{font-size:20px;}}@media (max-width:959px){.vcex-icon-box.vcex_69f50b57ce053 .vcex-icon-box-content{font-size:20px;}.vcex-icon-box.vcex_69f50b57ce053 .vcex-icon-box-heading{font-size:20px;}}@media (max-width:767px){.vcex-icon-box.vcex_69f50b57ce053 .vcex-icon-box-content{font-size:17px;}.vcex-icon-box.vcex_69f50b57ce053 .vcex-icon-box-heading{font-size:17px;}}@media (max-width:479px){.vcex-icon-box.vcex_69f50b57ce053 .vcex-icon-box-content{font-size:17px;}.vcex-icon-box.vcex_69f50b57ce053 .vcex-icon-box-heading{font-size:17px;}}<\/style><a class=\"vcex-module vcex-icon-box vcex-icon-box-one vcex-icon-box-has-link wpex-inherit-color wpex-no-underline wpex-flex vcex-icon-box-wo-icon wpex-text-left  wpb_animate_when_almost_visible wpb_fadeIn fadeIn vcex_69f50b57ce053\" href=\"https:\/\/www.docuteam.ch\/en\/products\/\"><div class=\"vcex-icon-box-text wpex-flex-grow\"><h3 class=\"vcex-icon-box-heading wpex-heading wpex-mb-10\">Archives management<\/h3><\/div><\/a>[\/vc_column_inner][\/vc_row_inner][vc_row_inner css=&#8221;.vc_custom_1679401083052{padding-top: 20px !important;}&#8221;][vc_column_inner width=&#8221;1\/3&#8243;]<style>.vcex-icon-box.vcex_69f50b57ce70d{animation-duration:1s;}.vcex-icon-box.vcex_69f50b57ce70d .vcex-icon-box-content{font-size:20px;}.vcex-icon-box.vcex_69f50b57ce70d .vcex-icon-box-heading{font-size:20px;font-weight:400;}@media (max-width:1024px){.vcex-icon-box.vcex_69f50b57ce70d .vcex-icon-box-content{font-size:20px;}.vcex-icon-box.vcex_69f50b57ce70d .vcex-icon-box-heading{font-size:20px;}}@media (max-width:959px){.vcex-icon-box.vcex_69f50b57ce70d .vcex-icon-box-content{font-size:20px;}.vcex-icon-box.vcex_69f50b57ce70d .vcex-icon-box-heading{font-size:20px;}}@media (max-width:767px){.vcex-icon-box.vcex_69f50b57ce70d .vcex-icon-box-content{font-size:17px;}.vcex-icon-box.vcex_69f50b57ce70d .vcex-icon-box-heading{font-size:17px;}}@media (max-width:479px){.vcex-icon-box.vcex_69f50b57ce70d .vcex-icon-box-content{font-size:17px;}.vcex-icon-box.vcex_69f50b57ce70d .vcex-icon-box-heading{font-size:17px;}}<\/style><a class=\"vcex-module vcex-icon-box vcex-icon-box-one vcex-icon-box-has-link wpex-inherit-color wpex-no-underline wpex-flex vcex-icon-box-wo-icon wpex-text-left  wpb_animate_when_almost_visible wpb_fadeIn fadeIn vc_custom_1770992819168 vcex_69f50b57ce70d\" href=\"https:\/\/www.docuteam.ch\/en\/products\/\"><div class=\"vcex-icon-box-text wpex-flex-grow\"><h3 class=\"vcex-icon-box-heading wpex-heading wpex-mb-10\">Digitization of business records and archives<\/h3><\/div><\/a>[\/vc_column_inner][vc_column_inner width=&#8221;1\/3&#8243;]<style>.vcex-icon-box.vcex_69f50b57ceddf{animation-duration:1s;animation-delay:1s;}.vcex-icon-box.vcex_69f50b57ceddf .vcex-icon-box-content{font-size:20px;}.vcex-icon-box.vcex_69f50b57ceddf .vcex-icon-box-heading{font-size:20px;font-weight:400;}@media (max-width:1024px){.vcex-icon-box.vcex_69f50b57ceddf .vcex-icon-box-content{font-size:20px;}.vcex-icon-box.vcex_69f50b57ceddf .vcex-icon-box-heading{font-size:20px;}}@media (max-width:959px){.vcex-icon-box.vcex_69f50b57ceddf .vcex-icon-box-content{font-size:20px;}.vcex-icon-box.vcex_69f50b57ceddf .vcex-icon-box-heading{font-size:20px;}}@media (max-width:767px){.vcex-icon-box.vcex_69f50b57ceddf .vcex-icon-box-content{font-size:17px;}.vcex-icon-box.vcex_69f50b57ceddf .vcex-icon-box-heading{font-size:17px;}}@media (max-width:479px){.vcex-icon-box.vcex_69f50b57ceddf .vcex-icon-box-content{font-size:17px;}.vcex-icon-box.vcex_69f50b57ceddf .vcex-icon-box-heading{font-size:17px;}}<\/style><a class=\"vcex-module vcex-icon-box vcex-icon-box-one vcex-icon-box-has-link wpex-inherit-color wpex-no-underline wpex-flex vcex-icon-box-wo-icon wpex-text-left  wpb_animate_when_almost_visible wpb_fadeIn fadeIn vc_custom_1770992880195 vcex_69f50b57ceddf\" href=\"https:\/\/www.docuteam.ch\/en\/docuteam-cosmos\/\"><div class=\"vcex-icon-box-text wpex-flex-grow\"><h3 class=\"vcex-icon-box-heading wpex-heading wpex-mb-10\">Digital archiving<\/h3><\/div><\/a>[\/vc_column_inner][vc_column_inner width=&#8221;1\/3&#8243;]<style>.vcex-icon-box.vcex_69f50b57cf4aa{animation-duration:1s;animation-delay:2s;}.vcex-icon-box.vcex_69f50b57cf4aa .vcex-icon-box-content{font-size:20px;}.vcex-icon-box.vcex_69f50b57cf4aa .vcex-icon-box-heading{font-size:20px;font-weight:400;}@media (max-width:1024px){.vcex-icon-box.vcex_69f50b57cf4aa .vcex-icon-box-content{font-size:20px;}.vcex-icon-box.vcex_69f50b57cf4aa .vcex-icon-box-heading{font-size:20px;}}@media (max-width:959px){.vcex-icon-box.vcex_69f50b57cf4aa .vcex-icon-box-content{font-size:20px;}.vcex-icon-box.vcex_69f50b57cf4aa .vcex-icon-box-heading{font-size:20px;}}@media (max-width:767px){.vcex-icon-box.vcex_69f50b57cf4aa .vcex-icon-box-content{font-size:17px;}.vcex-icon-box.vcex_69f50b57cf4aa .vcex-icon-box-heading{font-size:17px;}}@media (max-width:479px){.vcex-icon-box.vcex_69f50b57cf4aa .vcex-icon-box-content{font-size:17px;}.vcex-icon-box.vcex_69f50b57cf4aa .vcex-icon-box-heading{font-size:17px;}}<\/style><a class=\"vcex-module vcex-icon-box vcex-icon-box-one vcex-icon-box-has-link wpex-inherit-color wpex-no-underline wpex-flex vcex-icon-box-wo-icon wpex-text-left  wpb_animate_when_almost_visible wpb_fadeIn fadeIn vcex_69f50b57cf4aa\" href=\"https:\/\/www.docuteam.ch\/en\/software-for-archives\/\"><div class=\"vcex-icon-box-text wpex-flex-grow\"><h3 class=\"vcex-icon-box-heading wpex-heading wpex-mb-10\">Software for Archives<\/h3><\/div><\/a>[\/vc_column_inner][\/vc_row_inner][\/vc_column][\/vc_row][vc_row][vc_column][vc_column_text]\n[\/vc_column_text][\/vc_column][\/vc_row][vc_row full_width=&#8221;stretch_row_content&#8221; content_placement=&#8221;middle&#8221; css=&#8221;.vc_custom_1641986561392{margin-top: 40px !important;padding-top: 40px !important;padding-bottom: 40px !important;background-color: #f4f4f4 !important;}&#8221;][vc_column]<style>.vcex-image-grid.vcex_69f50b57cfc59{--wpex-row-gap:25px;}<\/style><div class=\"vcex-image-grid-wrap\"><div class=\"vcex-image-grid-css-wrapper vc_custom_1678894255655\"><div class=\"vcex-module vcex-image-grid grid-style-default wpex-row wpex-clr wpex-lightbox-group vcex_69f50b57cfc59\" data-show_title=\"false\"><div class=\"id-4698 vcex-image-grid-entry vcex-grid-item wpex-text-center span_1_of_4 span_1_of_2_tp span_1_of_2_pl span_1_of_1_pp col col-1\"><figure class=\"vcex-image-grid-entry-figure wpex-last-mb-0 wpex-clr\"><div class=\"vcex-image-grid-entry-img entry-media wpex-relative wpex-mb-20\"><a href=\"https:\/\/www.docuteam.ch\/wp-content\/uploads\/2021\/04\/Evaulation.jpg\" class=\"vcex-image-grid-entry-link wpex-lightbox-group-item\" data-show_title=\"false\" data-caption=\"Records management consulting - Gilliane Kern - docuteam, Yverdon-les-Bains\"><img width=\"675\" height=\"450\" src=\"https:\/\/www.docuteam.ch\/wp-content\/uploads\/2021\/04\/Evaulation.jpg\" class=\"wpex-align-middle\" alt=\"Records management consulting - Gilliane Kern - docuteam, Yverdon-les-Bains\" loading=\"lazy\" decoding=\"async\" srcset=\"https:\/\/www.docuteam.ch\/wp-content\/uploads\/2021\/04\/Evaulation.jpg 675w, https:\/\/www.docuteam.ch\/wp-content\/uploads\/2021\/04\/Evaulation-300x200.jpg 300w\" sizes=\"auto, (max-width: 675px) 100vw, 675px\" \/><\/a><\/div><\/figure><\/div><div class=\"id-3203 vcex-image-grid-entry vcex-grid-item wpex-text-center span_1_of_4 span_1_of_2_tp span_1_of_2_pl span_1_of_1_pp col col-2\"><figure class=\"vcex-image-grid-entry-figure wpex-last-mb-0 wpex-clr\"><div class=\"vcex-image-grid-entry-img entry-media wpex-relative wpex-mb-20\"><a href=\"https:\/\/www.docuteam.ch\/wp-content\/uploads\/2021\/03\/Conditionnement.jpg\" class=\"vcex-image-grid-entry-link wpex-lightbox-group-item\" data-show_title=\"false\" data-caption=\"Appraising your records - docuteam\"><img width=\"675\" height=\"450\" src=\"https:\/\/www.docuteam.ch\/wp-content\/uploads\/2021\/03\/Conditionnement.jpg\" class=\"wpex-align-middle\" alt=\"Appraising your records - docuteam\" loading=\"lazy\" decoding=\"async\" srcset=\"https:\/\/www.docuteam.ch\/wp-content\/uploads\/2021\/03\/Conditionnement.jpg 675w, https:\/\/www.docuteam.ch\/wp-content\/uploads\/2021\/03\/Conditionnement-300x200.jpg 300w\" sizes=\"auto, (max-width: 675px) 100vw, 675px\" \/><\/a><\/div><\/figure><\/div><div class=\"id-6856 vcex-image-grid-entry vcex-grid-item wpex-text-center span_1_of_4 span_1_of_2_tp span_1_of_2_pl span_1_of_1_pp col col-3\"><figure class=\"vcex-image-grid-entry-figure wpex-last-mb-0 wpex-clr\"><div class=\"vcex-image-grid-entry-img entry-media wpex-relative wpex-mb-20\"><a href=\"https:\/\/www.docuteam.ch\/wp-content\/uploads\/2021\/04\/Num4.jpg\" class=\"vcex-image-grid-entry-link wpex-lightbox-group-item\" data-show_title=\"false\" data-caption=\"Fotoarchiv  - docuteam, Baden\"><img width=\"675\" height=\"450\" src=\"https:\/\/www.docuteam.ch\/wp-content\/uploads\/2021\/04\/Num4.jpg\" class=\"wpex-align-middle\" alt=\"Fotoarchiv - docuteam, Baden\" loading=\"lazy\" decoding=\"async\" srcset=\"https:\/\/www.docuteam.ch\/wp-content\/uploads\/2021\/04\/Num4.jpg 675w, https:\/\/www.docuteam.ch\/wp-content\/uploads\/2021\/04\/Num4-300x200.jpg 300w\" sizes=\"auto, (max-width: 675px) 100vw, 675px\" \/><\/a><\/div><\/figure><\/div><div class=\"id-11163 vcex-image-grid-entry vcex-grid-item wpex-text-center span_1_of_4 span_1_of_2_tp span_1_of_2_pl span_1_of_1_pp col col-4\"><figure class=\"vcex-image-grid-entry-figure wpex-last-mb-0 wpex-clr\"><div class=\"vcex-image-grid-entry-img entry-media wpex-relative wpex-mb-20\"><a href=\"https:\/\/www.docuteam.ch\/wp-content\/uploads\/2023\/03\/Archivageelectro_20220703_Bau.jpg\" class=\"vcex-image-grid-entry-link wpex-lightbox-group-item\" data-show_title=\"false\" data-caption=\"software - lizenzfreies Bild\"><img width=\"675\" height=\"450\" src=\"https:\/\/www.docuteam.ch\/wp-content\/uploads\/2023\/03\/Archivageelectro_20220703_Bau.jpg\" class=\"wpex-align-middle\" alt=\"software - lizenzfreies Bild\" loading=\"lazy\" decoding=\"async\" srcset=\"https:\/\/www.docuteam.ch\/wp-content\/uploads\/2023\/03\/Archivageelectro_20220703_Bau.jpg 675w, https:\/\/www.docuteam.ch\/wp-content\/uploads\/2023\/03\/Archivageelectro_20220703_Bau-300x200.jpg 300w\" sizes=\"auto, (max-width: 675px) 100vw, 675px\" \/><\/a><\/div><\/figure><\/div><\/div><\/div><\/div>[\/vc_column][\/vc_row][vc_row][vc_column][vc_column_text]\n[\/vc_column_text][\/vc_column][\/vc_row][vc_row full_width=&#8221;stretch_row&#8221; content_placement=&#8221;middle&#8221; css=&#8221;.vc_custom_1678894269522{padding-top: 40px !important;background-color: #ffffff !important;}&#8221;][vc_column]<style>.vcex-heading.vcex_69f50b57d2112{color:#cc0000;font-size:35px;font-weight:600;}.vcex-heading.vcex_69f50b57d2112:hover{color:#cc0000;}@media (max-width:1024px){.vcex-heading.vcex_69f50b57d2112{font-size:30px;}}@media (max-width:959px){.vcex-heading.vcex_69f50b57d2112{font-size:30px;}}@media (max-width:767px){.vcex-heading.vcex_69f50b57d2112{font-size:22px;}}@media (max-width:479px){.vcex-heading.vcex_69f50b57d2112{font-size:22px;}}<\/style><h3 class=\"vcex-heading vcex-heading-plain vcex-module wpex-heading wpex-text-2xl wpex-text-center  wpb_animate_when_almost_visible wpb_fadeInDown fadeInDown vcex_69f50b57d2112\"><span class=\"vcex-heading-inner wpex-inline-block\">Your advantage with docuteam<\/span><\/h3>[vc_column_text css=&#8221;.vc_custom_1727185784094{padding-top: 10px !important;}&#8221; text_align=&#8221;left&#8221; color=&#8221;#303030&#8243; font_size=&#8221;d:20|tl:20|tp:20|pl:17|pp:17&#8243; line_height=&#8221;2&#8243; font_weight=&#8221;600&#8243;]\ndocuteam is the only provider able to offer you a digital perspective for long-term archiving. No other provider offers both the system and the qualified work required for electronic archiving.<br \/>\n[\/vc_column_text][vc_row_inner css=&#8221;.vc_custom_1618871141299{padding-top: 10px !important;}&#8221;][vc_column_inner width=&#8221;1\/3&#8243;]<style>.vcex-milestone.vcex_69f50b57d27e0 .vcex-milestone-number{color:#636363;font-size:40px;}.vcex-milestone.vcex_69f50b57d27e0 .vcex-milestone-caption{color:#636363;font-size:26px;}<\/style><a class=\"vcex-module vcex-milestone vcex-milestone-has-link wpex-block wpex-no-underline wpex-hover-text-4 wpex-text-center vcex_69f50b57d27e0\" href=\"https:\/\/www.docuteam.ch\/en\/references\/\"><div class=\"vcex-milestone-inner wpex-inline-block\"><div class=\"vcex-milestone-desc\"><div class=\"vcex-milestone-number wpex-leading-none wpex-font-semibold\"><span class=\"vcex-milestone-time vcex-countup\" data-options=\"{&quot;startVal&quot;:0,&quot;endVal&quot;:&quot;814&quot;,&quot;duration&quot;:2.5,&quot;decimals&quot;:0,&quot;separator&quot;:&quot;,&quot;,&quot;decimal&quot;:&quot;.&quot;,&quot;animateOnScroll&quot;:false}\" aria-hidden=\"true\"><\/span><span class=\"screen-reader-text\">814<\/span><\/div><div class=\"vcex-milestone-caption wpex-mt-5\">References<\/div><\/div><\/div><\/a>[\/vc_column_inner][vc_column_inner width=&#8221;1\/3&#8243;]<style>.vcex-milestone.vcex_69f50b57d2be2 .vcex-milestone-number{color:#636363;font-size:40px;}.vcex-milestone.vcex_69f50b57d2be2 .vcex-milestone-caption{color:#636363;font-size:26px;}<\/style><a class=\"vcex-module vcex-milestone vcex-milestone-has-link wpex-block wpex-no-underline wpex-hover-text-4 wpex-text-center vcex_69f50b57d2be2\" href=\"https:\/\/www.docuteam.ch\/en\/references\/\"><div class=\"vcex-milestone-inner wpex-inline-block\"><div class=\"vcex-milestone-desc\"><div class=\"vcex-milestone-number wpex-leading-none wpex-font-semibold\"><span class=\"vcex-milestone-time vcex-countup\" data-options=\"{&quot;startVal&quot;:0,&quot;endVal&quot;:&quot;23&quot;,&quot;duration&quot;:2.5,&quot;decimals&quot;:0,&quot;separator&quot;:&quot;,&quot;,&quot;decimal&quot;:&quot;.&quot;,&quot;animateOnScroll&quot;:false}\" aria-hidden=\"true\"><\/span><span class=\"screen-reader-text\">23<\/span><\/div><div class=\"vcex-milestone-caption wpex-mt-5\">Cantons<\/div><\/div><\/div><\/a>[\/vc_column_inner][vc_column_inner width=&#8221;1\/3&#8243;]<style>.vcex-milestone.vcex_69f50b57d2fa3 .vcex-milestone-number{color:#636363;font-size:40px;}.vcex-milestone.vcex_69f50b57d2fa3 .vcex-milestone-caption{color:#636363;font-size:26px;}<\/style><a class=\"vcex-module vcex-milestone vcex-milestone-has-link wpex-block wpex-no-underline wpex-hover-text-4 wpex-text-center vcex_69f50b57d2fa3\" href=\"https:\/\/www.docuteam.ch\/en\/references\/\"><div class=\"vcex-milestone-inner wpex-inline-block\"><div class=\"vcex-milestone-desc\"><div class=\"vcex-milestone-number wpex-leading-none wpex-font-semibold\"><span class=\"vcex-milestone-time vcex-countup\" data-options=\"{&quot;startVal&quot;:0,&quot;endVal&quot;:&quot;10&quot;,&quot;duration&quot;:2.5,&quot;decimals&quot;:0,&quot;separator&quot;:&quot;,&quot;,&quot;decimal&quot;:&quot;.&quot;,&quot;animateOnScroll&quot;:false}\" aria-hidden=\"true\"><\/span><span class=\"screen-reader-text\">10<\/span><\/div><div class=\"vcex-milestone-caption wpex-mt-5\">Countries<\/div><\/div><\/div><\/a>[\/vc_column_inner][\/vc_row_inner][\/vc_column][\/vc_row][vc_row][vc_column][vc_column_text]\n[\/vc_column_text][\/vc_column][\/vc_row][vc_row full_width=&#8221;stretch_row&#8221; content_placement=&#8221;middle&#8221; css=&#8221;.vc_custom_1678894102333{padding-top: 40px !important;}&#8221;][vc_column]<style>.vcex-heading.vcex_69f50b57d3408{color:#000000;font-size:24px;font-weight:700;}.vcex-heading.vcex_69f50b57d3408:hover{color:#000000;}@media (max-width:1024px){.vcex-heading.vcex_69f50b57d3408{font-size:24px;}}@media (max-width:959px){.vcex-heading.vcex_69f50b57d3408{font-size:24px;}}@media (max-width:767px){.vcex-heading.vcex_69f50b57d3408{font-size:20px;}}@media (max-width:479px){.vcex-heading.vcex_69f50b57d3408{font-size:20px;}}<\/style><div class=\"vcex-heading vcex-heading-plain vcex-module wpex-heading wpex-text-2xl wpex-text-left vcex_69f50b57d3408\"><span class=\"vcex-heading-inner wpex-inline-block\">Brochures<\/span><\/div><style>.vcex-heading.vcex_69f50b57d390d{color:#cc0000;font-size:20px;font-weight:600;line-height:2;}.vcex-heading.vcex_69f50b57d390d .vcex-heading-icon{color:#cc0000;}.vcex-heading.vcex_69f50b57d390d:hover{color:#000000;}@media (max-width:1024px){.vcex-heading.vcex_69f50b57d390d{font-size:20px;}}@media (max-width:959px){.vcex-heading.vcex_69f50b57d390d{font-size:20px;}}@media (max-width:767px){.vcex-heading.vcex_69f50b57d390d{font-size:17px;}}@media (max-width:479px){.vcex-heading.vcex_69f50b57d390d{font-size:17px;}}<\/style><h4 class=\"vcex-heading vcex-heading-plain vcex-module wpex-heading wpex-text-2xl wpex-text-left vc_custom_1772117308484 vcex_69f50b57d390d\"><a href=\"https:\/\/www.docuteam.ch\/wp-content\/uploads\/2026\/02\/docuteams-complete-offering.pdf\" class=\"wpex-no-underline wpex-inherit-color-important\" target=\"_blank\" rel=\"noopener noreferrer\"><span class=\"vcex-heading-inner wpex-inline-block\"><span class=\"vcex-heading-icon vcex-heading-icon-left vcex-icon-wrap wpex-mr-10\"><span aria-hidden=\"true\" class=\"typcn typcn-document-text\"><\/span><\/span>docuteam\u2019s complete offering<\/span><\/a><\/h4><style>.vcex-heading.vcex_69f50b57d3ea1{color:#cc0000;font-size:20px;font-weight:600;line-height:2;}.vcex-heading.vcex_69f50b57d3ea1 .vcex-heading-icon{color:#cc0000;}.vcex-heading.vcex_69f50b57d3ea1:hover{color:#000000;}@media (max-width:1024px){.vcex-heading.vcex_69f50b57d3ea1{font-size:20px;}}@media (max-width:959px){.vcex-heading.vcex_69f50b57d3ea1{font-size:20px;}}@media (max-width:767px){.vcex-heading.vcex_69f50b57d3ea1{font-size:17px;}}@media (max-width:479px){.vcex-heading.vcex_69f50b57d3ea1{font-size:17px;}}<\/style><h4 class=\"vcex-heading vcex-heading-plain vcex-module wpex-heading wpex-text-2xl wpex-text-left vcex_69f50b57d3ea1\"><a href=\"https:\/\/www.docuteam.ch\/wp-content\/uploads\/2024\/07\/docuteam_cosmos-angebot_de_v1-0-1.pdf\" class=\"wpex-no-underline wpex-inherit-color-important\" target=\"_blank\" rel=\"noopener noreferrer\"><span class=\"vcex-heading-inner wpex-inline-block\"><span class=\"vcex-heading-icon vcex-heading-icon-left vcex-icon-wrap wpex-mr-10\"><span aria-hidden=\"true\" class=\"typcn typcn-document-text\"><\/span><\/span>docuteam cosmos: cloud solution for electronic long-term archiving (product details)<\/span><\/a><\/h4><style>.vcex-heading.vcex_69f50b57d4458{color:#cc0000;font-size:20px;font-weight:600;line-height:2;}.vcex-heading.vcex_69f50b57d4458 .vcex-heading-icon{color:#cc0000;}.vcex-heading.vcex_69f50b57d4458:hover{color:#000000;}@media (max-width:1024px){.vcex-heading.vcex_69f50b57d4458{font-size:20px;}}@media (max-width:959px){.vcex-heading.vcex_69f50b57d4458{font-size:20px;}}@media (max-width:767px){.vcex-heading.vcex_69f50b57d4458{font-size:17px;}}@media (max-width:479px){.vcex-heading.vcex_69f50b57d4458{font-size:17px;}}<\/style><div class=\"vcex-heading vcex-heading-plain vcex-module wpex-heading wpex-text-2xl wpex-text-left vcex_69f50b57d4458\"><a href=\"https:\/\/www.docuteam.ch\/wp-content\/uploads\/2021\/04\/docuteam_15-Jahre.pdf\" class=\"wpex-no-underline wpex-inherit-color-important\" target=\"_blank\" rel=\"noopener noreferrer\"><span class=\"vcex-heading-inner wpex-inline-block\"><span class=\"vcex-heading-icon vcex-heading-icon-left vcex-icon-wrap wpex-mr-10\"><span aria-hidden=\"true\" class=\"typcn typcn-document-text\"><\/span><\/span>Archivists in the digital world (15 years of docuteam)<\/span><\/a><\/div>[\/vc_column][\/vc_row][vc_row][vc_column][vc_column_text]\n[\/vc_column_text][\/vc_column][\/vc_row][vc_row full_width=&#8221;stretch_row&#8221; css=&#8221;.vc_custom_1678894398002{margin-top: 40px !important;padding-top: 40px !important;padding-bottom: 40px !important;background-color: #f4f4f4 !important;}&#8221;][vc_column]<style>.vcex-heading.vcex_69f50b57d4a00{color:#cc0000;font-size:35px;font-weight:600;}.vcex-heading.vcex_69f50b57d4a00:hover{color:#000000;}@media (max-width:1024px){.vcex-heading.vcex_69f50b57d4a00{font-size:30px;}}@media (max-width:959px){.vcex-heading.vcex_69f50b57d4a00{font-size:30px;}}@media (max-width:767px){.vcex-heading.vcex_69f50b57d4a00{font-size:22px;}}@media (max-width:479px){.vcex-heading.vcex_69f50b57d4a00{font-size:22px;}}<\/style><h3 class=\"vcex-heading vcex-heading-plain vcex-module wpex-heading wpex-text-2xl wpex-text-center vcex_69f50b57d4a00\"><a href=\"https:\/\/www.docuteam.ch\/en\/blog\/\" class=\"wpex-no-underline wpex-inherit-color-important\" title=\"Blog\" target=\"_self\"><span class=\"vcex-heading-inner wpex-inline-block\"><span class=\"vcex-heading-icon vcex-heading-icon-left vcex-icon-wrap wpex-mr-10\"><span aria-hidden=\"true\" class=\"far fa-comment\"><\/span><\/span>Blog: News and events<\/span><\/a><\/h3><style>.vcex-social-links.vcex_69f50b57d5074{font-size:30px;}.vcex-social-links.vcex_69f50b57d5074 .vcex-social-links__item{color:#999999;}.vcex-social-links.vcex_69f50b57d5074 .vcex-social-links__item:hover{color:#cc0000;}@media (max-width:1024px){.vcex-social-links.vcex_69f50b57d5074{font-size:26px;}}@media (max-width:959px){.vcex-social-links.vcex_69f50b57d5074{font-size:26px;}}@media (max-width:767px){.vcex-social-links.vcex_69f50b57d5074{font-size:20px;}}@media (max-width:479px){.vcex-social-links.vcex_69f50b57d5074{font-size:20px;}}<\/style><div class=\"vcex-social-links vcex-module wpex-flex wpex-flex-wrap wpex-social-btns vcex-social-btns wpex-items-center wpex-justify-center wpex-gap-5 wpex-last-mr-0 vcex_69f50b57d5074\"><a href=\"https:\/\/www.linkedin.com\/company\/docuteam-ag\/mycompany\/\" class=\"vcex-social-links__item wpex-social-btn wpex-social-btn-no-style wpex-has-custom-color vc_custom_1739879059966 wpex-linkedin\" target=\"_blank\" rel=\"noopener noreferrer\"><span class=\"vcex-social-links__icon wpex-icon\" aria-hidden=\"true\"><svg xmlns=\"http:\/\/www.w3.org\/2000\/svg\" viewBox=\"0 0 448 512\"><path d=\"M100.3 448H7.4V148.9h92.9zM53.8 108.1C24.1 108.1 0 83.5 0 53.8a53.8 53.8 0 0 1 107.6 0c0 29.7-24.1 54.3-53.8 54.3zM447.9 448h-92.7V302.4c0-34.7-.7-79.2-48.3-79.2-48.3 0-55.7 37.7-55.7 76.7V448h-92.8V148.9h89.1v40.8h1.3c12.4-23.5 42.7-48.3 87.9-48.3 94 0 111.3 61.9 111.3 142.3V448z\"\/><\/svg><\/span><span class=\"screen-reader-text\">LinkedIn<\/span><\/a><a href=\"https:\/\/www.youtube.com\/channel\/UCjlkHS5ZNh7tQZAomJHWOuA\" class=\"vcex-social-links__item wpex-social-btn wpex-social-btn-no-style wpex-has-custom-color vc_custom_1739879059966 wpex-youtube\" target=\"_blank\" rel=\"noopener noreferrer\"><span class=\"vcex-social-links__icon wpex-icon\" aria-hidden=\"true\"><svg xmlns=\"http:\/\/www.w3.org\/2000\/svg\" viewBox=\"0 0 576 512\"><path d=\"M549.7 124.1c-6.3-23.7-24.8-42.3-48.3-48.6C458.8 64 288 64 288 64S117.2 64 74.6 75.5c-23.5 6.3-42 24.9-48.3 48.6-11.4 42.9-11.4 132.3-11.4 132.3s0 89.4 11.4 132.3c6.3 23.7 24.8 41.5 48.3 47.8C117.2 448 288 448 288 448s170.8 0 213.4-11.5c23.5-6.3 42-24.2 48.3-47.8 11.4-42.9 11.4-132.3 11.4-132.3s0-89.4-11.4-132.3zm-317.5 213.5V175.2l142.7 81.2-142.7 81.2z\"\/><\/svg><\/span><span class=\"screen-reader-text\">YouTube<\/span><\/a><\/div><style>.vcex-blog-carousel.vcex_69f50b57d588c .entry-readmore{background-color:#cc0000;color:#ffffff;}.vcex-blog-carousel.vcex_69f50b57d588c .entry-readmore:hover{background-color:#cc0000;color:#ffffff;}<\/style><style class=\"vcex-carousel-preload-css\">.vcex_69f50b57d588c{--wpex-carousel-gap:15px;}.vcex_69f50b57d588c{--wpex-carousel-columns:1;}.vcex_69f50b57d588c.wpex-carousel:not(.wpex-carousel--loaded) > *:not(:nth-child(1n+2)){display: flex !important;}@media only screen and (min-width: 480px) {.vcex_69f50b57d588c{--wpex-carousel-columns:1;}.vcex_69f50b57d588c.wpex-carousel:not(.wpex-carousel--loaded) > *:not(:nth-child(1n+2)){display: flex !important;}}@media only screen and (min-width: 768px) {.vcex_69f50b57d588c{--wpex-carousel-columns:2;}.vcex_69f50b57d588c.wpex-carousel:not(.wpex-carousel--loaded) > *:not(:nth-child(1n+3)){display: flex !important;}}@media only screen and (min-width: 960px) {.vcex_69f50b57d588c{--wpex-carousel-columns:3;}.vcex_69f50b57d588c.wpex-carousel:not(.wpex-carousel--loaded) > *:not(:nth-child(1n+4)){display: flex !important;}}<\/style><div class=\"vcex-blog-carousel wpex-carousel wpex-carousel-blog wpex-clr vcex-module owl-carousel wpex-carousel--render-onload vcex_69f50b57d588c\" data-wpex-carousel=\"{&quot;nav&quot;:&quot;false&quot;,&quot;dots&quot;:&quot;true&quot;,&quot;loop&quot;:&quot;false&quot;,&quot;slideBy&quot;:1,&quot;items&quot;:3,&quot;responsive&quot;:{&quot;0&quot;:{&quot;items&quot;:&quot;1&quot;},&quot;480&quot;:{&quot;items&quot;:1},&quot;768&quot;:{&quot;items&quot;:2},&quot;960&quot;:{&quot;items&quot;:3}},&quot;smartSpeed&quot;:400}\"><div class=\"wpex-carousel-slide\"><div class=\"wpex-carousel-entry-details entry-details wpex-boxed wpex-first-mt-0 wpex-last-mb-0 wpex-clr vc_custom_1744275298683\"><div class=\"wpex-carousel-entry-title entry-title wpex-mb-5\"><a href=\"https:\/\/www.docuteam.ch\/en\/larchivage-de-a-a-z-avec-des-outils-numeriques\/\">L\u2019archivage de A \u00e0 Z avec des outils num\u00e9riques: Pr\u00e9sentation avec 4teamwork \u00e0 Lausanne (1er avril 2025)<\/a><\/div><div class=\"wpex-carousel-entry-date vcex-blog-entry-date entry-date wpex-text-sm wpex-text-3 wpex-mb-5\">21. January 2025<\/div><div class=\"wpex-carousel-entry-excerpt entry-excerpt wpex-my-15 wpex-text-pretty wpex-last-mb-0 wpex-clr\"><p>[vc_row css=\".vc_custom_1744105422323{padding-top: 20px !important;}\"][vc_column][vc_column_text css=\"\"][\/vc_column_text][vc_column_text css=\"\"]Une centaine de personnes ont&hellip;<\/p><\/div><div class=\"wpex-carousel-entry-button entry-readmore-wrap wpex-my-15 wpex-clr\"><a href=\"https:\/\/www.docuteam.ch\/en\/larchivage-de-a-a-z-avec-des-outils-numeriques\/\" class=\"entry-readmore theme-button\" aria-label=\"Read more\u2026 about L\u2019archivage de A \u00e0 Z avec des outils num\u00e9riques: Pr\u00e9sentation avec 4teamwork \u00e0 Lausanne (1er avril 2025)\">Read more\u2026<\/a><\/div><\/div><\/div><div class=\"wpex-carousel-slide\"><div class=\"wpex-carousel-entry-details entry-details wpex-boxed wpex-first-mt-0 wpex-last-mb-0 wpex-clr vc_custom_1744275298683\"><div class=\"wpex-carousel-entry-title entry-title wpex-mb-5\"><a href=\"https:\/\/www.docuteam.ch\/en\/retour-sur-notre-community-day-romandie-une-reussite-retentissante\/\">Retour sur notre Community Day Romandie : une r\u00e9ussite retentissante !<\/a><\/div><div class=\"wpex-carousel-entry-date vcex-blog-entry-date entry-date wpex-text-sm wpex-text-3 wpex-mb-5\">9. December 2024<\/div><div class=\"wpex-carousel-entry-excerpt entry-excerpt wpex-my-15 wpex-text-pretty wpex-last-mb-0 wpex-clr\"><p>C\u2019est avec plaisir que nous partageons avec vous le succ\u00e8s&hellip;<\/p><\/div><div class=\"wpex-carousel-entry-button entry-readmore-wrap wpex-my-15 wpex-clr\"><a href=\"https:\/\/www.docuteam.ch\/en\/retour-sur-notre-community-day-romandie-une-reussite-retentissante\/\" class=\"entry-readmore theme-button\" aria-label=\"Read more\u2026 about Retour sur notre Community Day Romandie : une r\u00e9ussite retentissante !\">Read more\u2026<\/a><\/div><\/div><\/div><div class=\"wpex-carousel-slide\"><div class=\"wpex-carousel-entry-details entry-details wpex-boxed wpex-first-mt-0 wpex-last-mb-0 wpex-clr vc_custom_1744275298683\"><div class=\"wpex-carousel-entry-title entry-title wpex-mb-5\"><a href=\"https:\/\/www.docuteam.ch\/en\/presentation-en-ligne-novembre-2024\/\">Pr\u00e9sentation en ligne : L&#8217;archivage num\u00e9rique pour une commune en r\u00e8gle et garante de son patrimoine<\/a><\/div><div class=\"wpex-carousel-entry-date vcex-blog-entry-date entry-date wpex-text-sm wpex-text-3 wpex-mb-5\">25. September 2024<\/div><div class=\"wpex-carousel-entry-excerpt entry-excerpt wpex-my-15 wpex-text-pretty wpex-last-mb-0 wpex-clr\"><p>La gestion, la s\u00e9curisation et la conservation durable des donn\u00e9es&hellip;<\/p><\/div><div class=\"wpex-carousel-entry-button entry-readmore-wrap wpex-my-15 wpex-clr\"><a href=\"https:\/\/www.docuteam.ch\/en\/presentation-en-ligne-novembre-2024\/\" class=\"entry-readmore theme-button\" aria-label=\"Read more\u2026 about Pr\u00e9sentation en ligne : L&#8217;archivage num\u00e9rique pour une commune en r\u00e8gle et garante de son patrimoine\">Read more\u2026<\/a><\/div><\/div><\/div><div class=\"wpex-carousel-slide\"><div class=\"wpex-carousel-entry-details entry-details wpex-boxed wpex-first-mt-0 wpex-last-mb-0 wpex-clr vc_custom_1744275298683\"><div class=\"wpex-carousel-entry-title entry-title wpex-mb-5\"><a href=\"https:\/\/www.docuteam.ch\/en\/invitation-au-docuteam-community-day-du-21-novembre-2024-a-lausanne\/\">Invitation au docuteam community day du 21 novembre 2024 \u00e0 Lausanne<\/a><\/div><div class=\"wpex-carousel-entry-date vcex-blog-entry-date entry-date wpex-text-sm wpex-text-3 wpex-mb-5\">11. September 2024<\/div><div class=\"wpex-carousel-entry-excerpt entry-excerpt wpex-my-15 wpex-text-pretty wpex-last-mb-0 wpex-clr\"><p>Chaque ann\u00e9e, docuteam organise son community day pour sa communaut\u00e9&hellip;<\/p><\/div><div class=\"wpex-carousel-entry-button entry-readmore-wrap wpex-my-15 wpex-clr\"><a href=\"https:\/\/www.docuteam.ch\/en\/invitation-au-docuteam-community-day-du-21-novembre-2024-a-lausanne\/\" class=\"entry-readmore theme-button\" aria-label=\"Read more\u2026 about Invitation au docuteam community day du 21 novembre 2024 \u00e0 Lausanne\">Read more\u2026<\/a><\/div><\/div><\/div><div class=\"wpex-carousel-slide\"><div class=\"wpex-carousel-entry-details entry-details wpex-boxed wpex-first-mt-0 wpex-last-mb-0 wpex-clr vc_custom_1744275298683\"><div class=\"wpex-carousel-entry-title entry-title wpex-mb-5\"><a href=\"https:\/\/www.docuteam.ch\/en\/53849\/\">Le Service intercommunal d&#8217;archivage (SIAr) \u00e0 la t\u00e9l\u00e9vision<\/a><\/div><div class=\"wpex-carousel-entry-date vcex-blog-entry-date entry-date wpex-text-sm wpex-text-3 wpex-mb-5\">11. June 2024<\/div><div class=\"wpex-carousel-entry-excerpt entry-excerpt wpex-my-15 wpex-text-pretty wpex-last-mb-0 wpex-clr\"><p>\u00c0 l\u2019occasion des 15 ans du Service intercommunal d\u2019archivage (SIAr)&hellip;<\/p><\/div><div class=\"wpex-carousel-entry-button entry-readmore-wrap wpex-my-15 wpex-clr\"><a href=\"https:\/\/www.docuteam.ch\/en\/53849\/\" class=\"entry-readmore theme-button\" aria-label=\"Read more\u2026 about Le Service intercommunal d&#8217;archivage (SIAr) \u00e0 la t\u00e9l\u00e9vision\">Read more\u2026<\/a><\/div><\/div><\/div><div class=\"wpex-carousel-slide\"><div class=\"wpex-carousel-entry-details entry-details wpex-boxed wpex-first-mt-0 wpex-last-mb-0 wpex-clr vc_custom_1744275298683\"><div class=\"wpex-carousel-entry-title entry-title wpex-mb-5\"><a href=\"https:\/\/www.docuteam.ch\/en\/impact-ecologique-de-la-transformation-numerique\/\">Impact \u00e9cologique de la transformation num\u00e9rique<\/a><\/div><div class=\"wpex-carousel-entry-date vcex-blog-entry-date entry-date wpex-text-sm wpex-text-3 wpex-mb-5\">27. May 2024<\/div><div class=\"wpex-carousel-entry-excerpt entry-excerpt wpex-my-15 wpex-text-pretty wpex-last-mb-0 wpex-clr\"><p>En cette journ\u00e9e de Sustainable IT Day, il nous tient&hellip;<\/p><\/div><div class=\"wpex-carousel-entry-button entry-readmore-wrap wpex-my-15 wpex-clr\"><a href=\"https:\/\/www.docuteam.ch\/en\/impact-ecologique-de-la-transformation-numerique\/\" class=\"entry-readmore theme-button\" aria-label=\"Read more\u2026 about Impact \u00e9cologique de la transformation num\u00e9rique\">Read more\u2026<\/a><\/div><\/div><\/div><div class=\"wpex-carousel-slide\"><div class=\"wpex-carousel-entry-details entry-details wpex-boxed wpex-first-mt-0 wpex-last-mb-0 wpex-clr vc_custom_1744275298683\"><div class=\"wpex-carousel-entry-title entry-title wpex-mb-5\"><a href=\"https:\/\/www.docuteam.ch\/en\/docuteam-community-day-2024\/\">Save the Date: Community Day docuteam<\/a><\/div><div class=\"wpex-carousel-entry-date vcex-blog-entry-date entry-date wpex-text-sm wpex-text-3 wpex-mb-5\">25. March 2024<\/div><div class=\"wpex-carousel-entry-excerpt entry-excerpt wpex-my-15 wpex-text-pretty wpex-last-mb-0 wpex-clr\"><p>\u00c0 Lausanne le jeudi 21 novembre 2024. \u00c0 Zurich le&hellip;<\/p><\/div><div class=\"wpex-carousel-entry-button entry-readmore-wrap wpex-my-15 wpex-clr\"><a href=\"https:\/\/www.docuteam.ch\/en\/docuteam-community-day-2024\/\" class=\"entry-readmore theme-button\" aria-label=\"Read more\u2026 about Save the Date: Community Day docuteam\">Read more\u2026<\/a><\/div><\/div><\/div><div class=\"wpex-carousel-slide\"><div class=\"wpex-carousel-entry-details entry-details wpex-boxed wpex-first-mt-0 wpex-last-mb-0 wpex-clr vc_custom_1744275298683\"><div class=\"wpex-carousel-entry-title entry-title wpex-mb-5\"><a href=\"https:\/\/www.docuteam.ch\/en\/docuteam-community-day-2023-nos-outils-context-et-sirius-font-un-carton\/\">docuteam community day 2023\u00a0:  Nos outils context et sirius font un carton\u00a0!<\/a><\/div><div class=\"wpex-carousel-entry-date vcex-blog-entry-date entry-date wpex-text-sm wpex-text-3 wpex-mb-5\">21. November 2023<\/div><div class=\"wpex-carousel-entry-excerpt entry-excerpt wpex-my-15 wpex-text-pretty wpex-last-mb-0 wpex-clr\"><p>Pour la premi\u00e8re fois en exclusivit\u00e9 mondiale et galactique, docuteam&hellip;<\/p><\/div><div class=\"wpex-carousel-entry-button entry-readmore-wrap wpex-my-15 wpex-clr\"><a href=\"https:\/\/www.docuteam.ch\/en\/docuteam-community-day-2023-nos-outils-context-et-sirius-font-un-carton\/\" class=\"entry-readmore theme-button\" aria-label=\"Read more\u2026 about docuteam community day 2023\u00a0:  Nos outils context et sirius font un carton\u00a0!\">Read more\u2026<\/a><\/div><\/div><\/div><div class=\"wpex-carousel-slide\"><div class=\"wpex-carousel-entry-details entry-details wpex-boxed wpex-first-mt-0 wpex-last-mb-0 wpex-clr vc_custom_1744275298683\"><div class=\"wpex-carousel-entry-title entry-title wpex-mb-5\"><a href=\"https:\/\/www.docuteam.ch\/en\/docuteam-community-day-6-november-2023\/\">docuteam Community Day, 6. November 2023<\/a><\/div><div class=\"wpex-carousel-entry-date vcex-blog-entry-date entry-date wpex-text-sm wpex-text-3 wpex-mb-5\">9. October 2023<\/div><div class=\"wpex-carousel-entry-excerpt entry-excerpt wpex-my-15 wpex-text-pretty wpex-last-mb-0 wpex-clr\"><p>Wir laden herzlich ein zum diesj\u00e4hrigen docuteam Community Day am&hellip;<\/p><\/div><div class=\"wpex-carousel-entry-button entry-readmore-wrap wpex-my-15 wpex-clr\"><a href=\"https:\/\/www.docuteam.ch\/en\/docuteam-community-day-6-november-2023\/\" class=\"entry-readmore theme-button\" aria-label=\"Read more\u2026 about docuteam Community Day, 6. November 2023\">Read more\u2026<\/a><\/div><\/div><\/div><div class=\"wpex-carousel-slide\"><div class=\"wpex-carousel-entry-details entry-details wpex-boxed wpex-first-mt-0 wpex-last-mb-0 wpex-clr vc_custom_1744275298683\"><div class=\"wpex-carousel-entry-title entry-title wpex-mb-5\"><a href=\"https:\/\/www.docuteam.ch\/en\/cheffex-projet-ou-informaticiennex-archivage-numerique\/\">Chef\u00b7fe\u00b7x de projet ou informaticien\u00b7ne\u00b7x archivage num\u00e9rique<\/a><\/div><div class=\"wpex-carousel-entry-date vcex-blog-entry-date entry-date wpex-text-sm wpex-text-3 wpex-mb-5\">22. August 2023<\/div><div class=\"wpex-carousel-entry-excerpt entry-excerpt wpex-my-15 wpex-text-pretty wpex-last-mb-0 wpex-clr\"><p>Notre \u00e9quipe informatique est \u00e0 la recherche de renforts pour&hellip;<\/p><\/div><div class=\"wpex-carousel-entry-button entry-readmore-wrap wpex-my-15 wpex-clr\"><a href=\"https:\/\/www.docuteam.ch\/en\/cheffex-projet-ou-informaticiennex-archivage-numerique\/\" class=\"entry-readmore theme-button\" aria-label=\"Read more\u2026 about Chef\u00b7fe\u00b7x de projet ou informaticien\u00b7ne\u00b7x archivage num\u00e9rique\">Read more\u2026<\/a><\/div><\/div><\/div><div class=\"wpex-carousel-slide\"><div class=\"wpex-carousel-entry-details entry-details wpex-boxed wpex-first-mt-0 wpex-last-mb-0 wpex-clr vc_custom_1744275298683\"><div class=\"wpex-carousel-entry-title entry-title wpex-mb-5\"><a href=\"https:\/\/www.docuteam.ch\/en\/docuteam-community-day-2022\/\">docuteam community day 2022 \u00e0 Lausanne<\/a><\/div><div class=\"wpex-carousel-entry-date vcex-blog-entry-date entry-date wpex-text-sm wpex-text-3 wpex-mb-5\">6. December 2022<\/div><div class=\"wpex-carousel-entry-excerpt entry-excerpt wpex-my-15 wpex-text-pretty wpex-last-mb-0 wpex-clr\"><p>Pour la premi\u00e8re fois, un docuteam community day a \u00e9t\u00e9&hellip;<\/p><\/div><div class=\"wpex-carousel-entry-button entry-readmore-wrap wpex-my-15 wpex-clr\"><a href=\"https:\/\/www.docuteam.ch\/en\/docuteam-community-day-2022\/\" class=\"entry-readmore theme-button\" aria-label=\"Read more\u2026 about docuteam community day 2022 \u00e0 Lausanne\">Read more\u2026<\/a><\/div><\/div><\/div><div class=\"wpex-carousel-slide has-media\"><div class=\"wpex-carousel-entry-details entry-details wpex-boxed wpex-first-mt-0 wpex-last-mb-0 wpex-clr vc_custom_1744275298683\"><div class=\"wpex-carousel-entry-title entry-title wpex-mb-5\"><a href=\"https:\/\/www.docuteam.ch\/en\/schweizerische-nationalbibliothek-entscheidet-sich-fuer-docuteam-cosmos\/\">La Biblioth\u00e8que nationale suisse opte pour docuteam cosmos<\/a><\/div><div class=\"wpex-carousel-entry-date vcex-blog-entry-date entry-date wpex-text-sm wpex-text-3 wpex-mb-5\">29. June 2022<\/div><div class=\"wpex-carousel-entry-excerpt entry-excerpt wpex-my-15 wpex-text-pretty wpex-last-mb-0 wpex-clr\"><p>Pour la gestion \u00e0 long terme de ses archives num\u00e9riques,&hellip;<\/p><\/div><div class=\"wpex-carousel-entry-button entry-readmore-wrap wpex-my-15 wpex-clr\"><a href=\"https:\/\/www.docuteam.ch\/en\/schweizerische-nationalbibliothek-entscheidet-sich-fuer-docuteam-cosmos\/\" class=\"entry-readmore theme-button\" aria-label=\"Read more\u2026 about La Biblioth\u00e8que nationale suisse opte pour docuteam cosmos\">Read more\u2026<\/a><\/div><\/div><\/div><div class=\"wpex-carousel-slide\"><div class=\"wpex-carousel-entry-details entry-details wpex-boxed wpex-first-mt-0 wpex-last-mb-0 wpex-clr vc_custom_1744275298683\"><div class=\"wpex-carousel-entry-title entry-title wpex-mb-5\"><a href=\"https:\/\/www.docuteam.ch\/en\/semaine-des-archives\/\">Semaine internationale des archives 2022: quizz pal\u00e9ographique<\/a><\/div><div class=\"wpex-carousel-entry-date vcex-blog-entry-date entry-date wpex-text-sm wpex-text-3 wpex-mb-5\">22. June 2022<\/div><div class=\"wpex-carousel-entry-excerpt entry-excerpt wpex-my-15 wpex-text-pretty wpex-last-mb-0 wpex-clr\"><p>Du 6 au 11 juin 2022 a eu lieu la&hellip;<\/p><\/div><div class=\"wpex-carousel-entry-button entry-readmore-wrap wpex-my-15 wpex-clr\"><a href=\"https:\/\/www.docuteam.ch\/en\/semaine-des-archives\/\" class=\"entry-readmore theme-button\" aria-label=\"Read more\u2026 about Semaine internationale des archives 2022: quizz pal\u00e9ographique\">Read more\u2026<\/a><\/div><\/div><\/div><div class=\"wpex-carousel-slide\"><div class=\"wpex-carousel-entry-details entry-details wpex-boxed wpex-first-mt-0 wpex-last-mb-0 wpex-clr vc_custom_1744275298683\"><div class=\"wpex-carousel-entry-title entry-title wpex-mb-5\"><a href=\"https:\/\/www.docuteam.ch\/en\/archivage-electronique-pour-communes-2022\/\">Solution d&#8217;archivage \u00e9lectronique pour les communes (webinaire 2022)<\/a><\/div><div class=\"wpex-carousel-entry-date vcex-blog-entry-date entry-date wpex-text-sm wpex-text-3 wpex-mb-5\">7. June 2022<\/div><div class=\"wpex-carousel-entry-excerpt entry-excerpt wpex-my-15 wpex-text-pretty wpex-last-mb-0 wpex-clr\"><p>Les 31 mai et 2 juin 2022 nous avons pr\u00e9sent\u00e9&hellip;<\/p><\/div><div class=\"wpex-carousel-entry-button entry-readmore-wrap wpex-my-15 wpex-clr\"><a href=\"https:\/\/www.docuteam.ch\/en\/archivage-electronique-pour-communes-2022\/\" class=\"entry-readmore theme-button\" aria-label=\"Read more\u2026 about Solution d&#8217;archivage \u00e9lectronique pour les communes (webinaire 2022)\">Read more\u2026<\/a><\/div><\/div><\/div><div class=\"wpex-carousel-slide\"><div class=\"wpex-carousel-entry-details entry-details wpex-boxed wpex-first-mt-0 wpex-last-mb-0 wpex-clr vc_custom_1744275298683\"><div class=\"wpex-carousel-entry-title entry-title wpex-mb-5\"><a href=\"https:\/\/www.docuteam.ch\/en\/16-jahre-digitale-archivierung-ein-fazit\/\">16 Jahre digitale Archivierung \u2013 ein Fazit<\/a><\/div><div class=\"wpex-carousel-entry-date vcex-blog-entry-date entry-date wpex-text-sm wpex-text-3 wpex-mb-5\">12. April 2022<\/div><div class=\"wpex-carousel-entry-excerpt entry-excerpt wpex-my-15 wpex-text-pretty wpex-last-mb-0 wpex-clr\"><p>Seit 16 Jahren sind wir in der digitalen Archivierung t\u00e4tig,&hellip;<\/p><\/div><div class=\"wpex-carousel-entry-button entry-readmore-wrap wpex-my-15 wpex-clr\"><a href=\"https:\/\/www.docuteam.ch\/en\/16-jahre-digitale-archivierung-ein-fazit\/\" class=\"entry-readmore theme-button\" aria-label=\"Read more\u2026 about 16 Jahre digitale Archivierung \u2013 ein Fazit\">Read more\u2026<\/a><\/div><\/div><\/div><div class=\"wpex-carousel-slide\"><div class=\"wpex-carousel-entry-details entry-details wpex-boxed wpex-first-mt-0 wpex-last-mb-0 wpex-clr vc_custom_1744275298683\"><div class=\"wpex-carousel-entry-title entry-title wpex-mb-5\"><a href=\"https:\/\/www.docuteam.ch\/en\/dateibenennung-was-ist-der-goldene-mittelweg\/\">Dateibenennung: was ist der goldene Mittelweg?<\/a><\/div><div class=\"wpex-carousel-entry-date vcex-blog-entry-date entry-date wpex-text-sm wpex-text-3 wpex-mb-5\">21. March 2022<\/div><div class=\"wpex-carousel-entry-excerpt entry-excerpt wpex-my-15 wpex-text-pretty wpex-last-mb-0 wpex-clr\"><p>Alle wollen am Namen erkennen, was in der Datei drin&hellip;<\/p><\/div><div class=\"wpex-carousel-entry-button entry-readmore-wrap wpex-my-15 wpex-clr\"><a href=\"https:\/\/www.docuteam.ch\/en\/dateibenennung-was-ist-der-goldene-mittelweg\/\" class=\"entry-readmore theme-button\" aria-label=\"Read more\u2026 about Dateibenennung: was ist der goldene Mittelweg?\">Read more\u2026<\/a><\/div><\/div><\/div><div class=\"wpex-carousel-slide\"><div class=\"wpex-carousel-entry-details entry-details wpex-boxed wpex-first-mt-0 wpex-last-mb-0 wpex-clr vc_custom_1744275298683\"><div class=\"wpex-carousel-entry-title entry-title wpex-mb-5\"><a href=\"https:\/\/www.docuteam.ch\/en\/la-boite-darchive-on-tour-a-lecoute-de-conseils-documentaires\/\">La bo\u00eete d&#8217;Archive on tour \u00e0 l&#8217;\u00e9coute de conseils documentaires<\/a><\/div><div class=\"wpex-carousel-entry-date vcex-blog-entry-date entry-date wpex-text-sm wpex-text-3 wpex-mb-5\">25. February 2022<\/div><div class=\"wpex-carousel-entry-excerpt entry-excerpt wpex-my-15 wpex-text-pretty wpex-last-mb-0 wpex-clr\"><p>\u00c0 l'occasion des 100 ans de l'Association des archivistes suisses&hellip;<\/p><\/div><div class=\"wpex-carousel-entry-button entry-readmore-wrap wpex-my-15 wpex-clr\"><a href=\"https:\/\/www.docuteam.ch\/en\/la-boite-darchive-on-tour-a-lecoute-de-conseils-documentaires\/\" class=\"entry-readmore theme-button\" aria-label=\"Read more\u2026 about La bo\u00eete d&#8217;Archive on tour \u00e0 l&#8217;\u00e9coute de conseils documentaires\">Read more\u2026<\/a><\/div><\/div><\/div><div class=\"wpex-carousel-slide\"><div class=\"wpex-carousel-entry-details entry-details wpex-boxed wpex-first-mt-0 wpex-last-mb-0 wpex-clr vc_custom_1744275298683\"><div class=\"wpex-carousel-entry-title entry-title wpex-mb-5\"><a href=\"https:\/\/www.docuteam.ch\/en\/aufbewahrungsfristen-festlegen-muessen-duerfen-sollen-wollen-2\/\">D\u00e9finir les d\u00e9lais de conservation : ce que l&#8217;on doit, peut, devrait, souhaite<\/a><\/div><div class=\"wpex-carousel-entry-date vcex-blog-entry-date entry-date wpex-text-sm wpex-text-3 wpex-mb-5\">24. January 2022<\/div><div class=\"wpex-carousel-entry-excerpt entry-excerpt wpex-my-15 wpex-text-pretty wpex-last-mb-0 wpex-clr\"><p>Pour les organisations, d\u00e9finir les d\u00e9lais de conservation des documents&hellip;<\/p><\/div><div class=\"wpex-carousel-entry-button entry-readmore-wrap wpex-my-15 wpex-clr\"><a href=\"https:\/\/www.docuteam.ch\/en\/aufbewahrungsfristen-festlegen-muessen-duerfen-sollen-wollen-2\/\" class=\"entry-readmore theme-button\" aria-label=\"Read more\u2026 about D\u00e9finir les d\u00e9lais de conservation : ce que l&#8217;on doit, peut, devrait, souhaite\">Read more\u2026<\/a><\/div><\/div><\/div><div class=\"wpex-carousel-slide\"><div class=\"wpex-carousel-entry-details entry-details wpex-boxed wpex-first-mt-0 wpex-last-mb-0 wpex-clr vc_custom_1744275298683\"><div class=\"wpex-carousel-entry-title entry-title wpex-mb-5\"><a href=\"https:\/\/www.docuteam.ch\/en\/de-larchivage-des-applications-metier-reflexions-au-sein-du-siar-a-neuchatel\/\">De l\u2019archivage des applications m\u00e9tier \u2013 R\u00e9flexions au sein du SIAr \u00e0 Neuch\u00e2tel<\/a><\/div><div class=\"wpex-carousel-entry-date vcex-blog-entry-date entry-date wpex-text-sm wpex-text-3 wpex-mb-5\">2. November 2021<\/div><div class=\"wpex-carousel-entry-excerpt entry-excerpt wpex-my-15 wpex-text-pretty wpex-last-mb-0 wpex-clr\"><p>Le 29 octobre 2021 a eu lieu \u00e0 Zoug une&hellip;<\/p><\/div><div class=\"wpex-carousel-entry-button entry-readmore-wrap wpex-my-15 wpex-clr\"><a href=\"https:\/\/www.docuteam.ch\/en\/de-larchivage-des-applications-metier-reflexions-au-sein-du-siar-a-neuchatel\/\" class=\"entry-readmore theme-button\" aria-label=\"Read more\u2026 about De l\u2019archivage des applications m\u00e9tier \u2013 R\u00e9flexions au sein du SIAr \u00e0 Neuch\u00e2tel\">Read more\u2026<\/a><\/div><\/div><\/div><div class=\"wpex-carousel-slide\"><div class=\"wpex-carousel-entry-details entry-details wpex-boxed wpex-first-mt-0 wpex-last-mb-0 wpex-clr vc_custom_1744275298683\"><div class=\"wpex-carousel-entry-title entry-title wpex-mb-5\"><a href=\"https:\/\/www.docuteam.ch\/en\/docuteam-community-day-20-oktober-2021\/\">docuteam Community Day, 20 octobre 2021<\/a><\/div><div class=\"wpex-carousel-entry-date vcex-blog-entry-date entry-date wpex-text-sm wpex-text-3 wpex-mb-5\">29. September 2021<\/div><div class=\"wpex-carousel-entry-excerpt entry-excerpt wpex-my-15 wpex-text-pretty wpex-last-mb-0 wpex-clr\"><p>Cette ann\u00e9e encore, la journ\u00e9e communautaire s'est d\u00e9roul\u00e9e en ligne.\u00a0&hellip;<\/p><\/div><div class=\"wpex-carousel-entry-button entry-readmore-wrap wpex-my-15 wpex-clr\"><a href=\"https:\/\/www.docuteam.ch\/en\/docuteam-community-day-20-oktober-2021\/\" class=\"entry-readmore theme-button\" aria-label=\"Read more\u2026 about docuteam Community Day, 20 octobre 2021\">Read more\u2026<\/a><\/div><\/div><\/div><div class=\"wpex-carousel-slide\"><div class=\"wpex-carousel-entry-details entry-details wpex-boxed wpex-first-mt-0 wpex-last-mb-0 wpex-clr vc_custom_1744275298683\"><div class=\"wpex-carousel-entry-title entry-title wpex-mb-5\"><a href=\"https:\/\/www.docuteam.ch\/en\/comment-organiser-une-administration-sans-papier-seance-de-presentation-en-ligne-gratuite\/\">Pr\u00e9sentation en ligne : Comment organiser une administration \u00ab sans papier \u00bb &#8211; Jeudi 17 juin 2021<\/a><\/div><div class=\"wpex-carousel-entry-date vcex-blog-entry-date entry-date wpex-text-sm wpex-text-3 wpex-mb-5\">1. June 2021<\/div><div class=\"wpex-carousel-entry-excerpt entry-excerpt wpex-my-15 wpex-text-pretty wpex-last-mb-0 wpex-clr\"><p>En ces temps de t\u00e9l\u00e9travail accru et d'acc\u00e8s aux guichets&hellip;<\/p><\/div><div class=\"wpex-carousel-entry-button entry-readmore-wrap wpex-my-15 wpex-clr\"><a href=\"https:\/\/www.docuteam.ch\/en\/comment-organiser-une-administration-sans-papier-seance-de-presentation-en-ligne-gratuite\/\" class=\"entry-readmore theme-button\" aria-label=\"Read more\u2026 about Pr\u00e9sentation en ligne : Comment organiser une administration \u00ab sans papier \u00bb &#8211; Jeudi 17 juin 2021\">Read more\u2026<\/a><\/div><\/div><\/div><div class=\"wpex-carousel-slide\"><div class=\"wpex-carousel-entry-details entry-details wpex-boxed wpex-first-mt-0 wpex-last-mb-0 wpex-clr vc_custom_1744275298683\"><div class=\"wpex-carousel-entry-title entry-title wpex-mb-5\"><a href=\"https:\/\/www.docuteam.ch\/en\/neue-memobase\/\">Neue Memobase lanciert mit Unterst\u00fctzung von docuteam<\/a><\/div><div class=\"wpex-carousel-entry-date vcex-blog-entry-date entry-date wpex-text-sm wpex-text-3 wpex-mb-5\">18. May 2021<\/div><div class=\"wpex-carousel-entry-excerpt entry-excerpt wpex-my-15 wpex-text-pretty wpex-last-mb-0 wpex-clr\"><p>Memoriav bietet unter https:\/\/memobase.ch einen neu lancierten zentralen Zugang zum&hellip;<\/p><\/div><div class=\"wpex-carousel-entry-button entry-readmore-wrap wpex-my-15 wpex-clr\"><a href=\"https:\/\/www.docuteam.ch\/en\/neue-memobase\/\" class=\"entry-readmore theme-button\" aria-label=\"Read more\u2026 about Neue Memobase lanciert mit Unterst\u00fctzung von docuteam\">Read more\u2026<\/a><\/div><\/div><\/div><div class=\"wpex-carousel-slide\"><div class=\"wpex-carousel-entry-details entry-details wpex-boxed wpex-first-mt-0 wpex-last-mb-0 wpex-clr vc_custom_1744275298683\"><div class=\"wpex-carousel-entry-title entry-title wpex-mb-5\"><a href=\"https:\/\/www.docuteam.ch\/en\/swiss-the-who-archive-setzt-neu-auf-atom\/\">Swiss The Who Archive setzt neu auf AtoM<\/a><\/div><div class=\"wpex-carousel-entry-date vcex-blog-entry-date entry-date wpex-text-sm wpex-text-3 wpex-mb-5\">22. March 2021<\/div><div class=\"wpex-carousel-entry-excerpt entry-excerpt wpex-my-15 wpex-text-pretty wpex-last-mb-0 wpex-clr\"><p>Das private Archiv eines docuteam-Mitarbeiters \u00fcber die Band \"The Who\"&hellip;<\/p><\/div><div class=\"wpex-carousel-entry-button entry-readmore-wrap wpex-my-15 wpex-clr\"><a href=\"https:\/\/www.docuteam.ch\/en\/swiss-the-who-archive-setzt-neu-auf-atom\/\" class=\"entry-readmore theme-button\" aria-label=\"Read more\u2026 about Swiss The Who Archive setzt neu auf AtoM\">Read more\u2026<\/a><\/div><\/div><\/div><div class=\"wpex-carousel-slide\"><div class=\"wpex-carousel-entry-details entry-details wpex-boxed wpex-first-mt-0 wpex-last-mb-0 wpex-clr vc_custom_1744275298683\"><div class=\"wpex-carousel-entry-title entry-title wpex-mb-5\"><a href=\"https:\/\/www.docuteam.ch\/en\/docuteam-staerkt-das-fuehrungsteam-docuteam-renforce-lequipe-de-direction\/\">docuteam st\u00e4rkt das F\u00fchrungsteam<\/a><\/div><div class=\"wpex-carousel-entry-date vcex-blog-entry-date entry-date wpex-text-sm wpex-text-3 wpex-mb-5\">23. October 2020<\/div><div class=\"wpex-carousel-entry-excerpt entry-excerpt wpex-my-15 wpex-text-pretty wpex-last-mb-0 wpex-clr\"><p>docuteam beteiligt auf Anfang 2021 f\u00fchrende Mitarbeitende am Unternehmen. Zu&hellip;<\/p><\/div><div class=\"wpex-carousel-entry-button entry-readmore-wrap wpex-my-15 wpex-clr\"><a href=\"https:\/\/www.docuteam.ch\/en\/docuteam-staerkt-das-fuehrungsteam-docuteam-renforce-lequipe-de-direction\/\" class=\"entry-readmore theme-button\" aria-label=\"Read more\u2026 about docuteam st\u00e4rkt das F\u00fchrungsteam\">Read more\u2026<\/a><\/div><\/div><\/div><div class=\"wpex-carousel-slide\"><div class=\"wpex-carousel-entry-details entry-details wpex-boxed wpex-first-mt-0 wpex-last-mb-0 wpex-clr vc_custom_1744275298683\"><div class=\"wpex-carousel-entry-title entry-title wpex-mb-5\"><a href=\"https:\/\/www.docuteam.ch\/en\/docuteam-community-day-21-oktober-2020\/\">docuteam Community Day 21. Oktober 2020<\/a><\/div><div class=\"wpex-carousel-entry-date vcex-blog-entry-date entry-date wpex-text-sm wpex-text-3 wpex-mb-5\">7. September 2020<\/div><div class=\"wpex-carousel-entry-excerpt entry-excerpt wpex-my-15 wpex-text-pretty wpex-last-mb-0 wpex-clr\"><p>Webinare statt pers\u00f6nliches Treffen Unser Community Day sollte am 21&hellip;<\/p><\/div><div class=\"wpex-carousel-entry-button entry-readmore-wrap wpex-my-15 wpex-clr\"><a href=\"https:\/\/www.docuteam.ch\/en\/docuteam-community-day-21-oktober-2020\/\" class=\"entry-readmore theme-button\" aria-label=\"Read more\u2026 about docuteam Community Day 21. Oktober 2020\">Read more\u2026<\/a><\/div><\/div><\/div><div class=\"wpex-carousel-slide\"><div class=\"wpex-carousel-entry-details entry-details wpex-boxed wpex-first-mt-0 wpex-last-mb-0 wpex-clr vc_custom_1744275298683\"><div class=\"wpex-carousel-entry-title entry-title wpex-mb-5\"><a href=\"https:\/\/www.docuteam.ch\/en\/archivage-pour-les-communes-presentation-en-ligne\/\">Archivage pour les communes &#8211; Pr\u00e9sentation en ligne<\/a><\/div><div class=\"wpex-carousel-entry-date vcex-blog-entry-date entry-date wpex-text-sm wpex-text-3 wpex-mb-5\">13. July 2020<\/div><div class=\"wpex-carousel-entry-excerpt entry-excerpt wpex-my-15 wpex-text-pretty wpex-last-mb-0 wpex-clr\"><p>Archivage pour les communes en Suisse romande En raison de&hellip;<\/p><\/div><div class=\"wpex-carousel-entry-button entry-readmore-wrap wpex-my-15 wpex-clr\"><a href=\"https:\/\/www.docuteam.ch\/en\/archivage-pour-les-communes-presentation-en-ligne\/\" class=\"entry-readmore theme-button\" aria-label=\"Read more\u2026 about Archivage pour les communes &#8211; Pr\u00e9sentation en ligne\">Read more\u2026<\/a><\/div><\/div><\/div><div class=\"wpex-carousel-slide\"><div class=\"wpex-carousel-entry-details entry-details wpex-boxed wpex-first-mt-0 wpex-last-mb-0 wpex-clr vc_custom_1744275298683\"><div class=\"wpex-carousel-entry-title entry-title wpex-mb-5\"><a href=\"https:\/\/www.docuteam.ch\/en\/neue-dokumentationsseite-fuer-docuteams-software\/\">Neue Dokumentationsseite f\u00fcr docuteams Software<\/a><\/div><div class=\"wpex-carousel-entry-date vcex-blog-entry-date entry-date wpex-text-sm wpex-text-3 wpex-mb-5\">5. May 2020<\/div><div class=\"wpex-carousel-entry-excerpt entry-excerpt wpex-my-15 wpex-text-pretty wpex-last-mb-0 wpex-clr\"><p>Die Dokumentation von docuteams Werkzeugen zur digitalen Langzeitarchivierung findet sich&hellip;<\/p><\/div><div class=\"wpex-carousel-entry-button entry-readmore-wrap wpex-my-15 wpex-clr\"><a href=\"https:\/\/www.docuteam.ch\/en\/neue-dokumentationsseite-fuer-docuteams-software\/\" class=\"entry-readmore theme-button\" aria-label=\"Read more\u2026 about Neue Dokumentationsseite f\u00fcr docuteams Software\">Read more\u2026<\/a><\/div><\/div><\/div><div class=\"wpex-carousel-slide\"><div class=\"wpex-carousel-entry-details entry-details wpex-boxed wpex-first-mt-0 wpex-last-mb-0 wpex-clr vc_custom_1744275298683\"><div class=\"wpex-carousel-entry-title entry-title wpex-mb-5\"><a href=\"https:\/\/www.docuteam.ch\/en\/docuteam-community-day-2019\/\">docuteam Community Day 2019<\/a><\/div><div class=\"wpex-carousel-entry-date vcex-blog-entry-date entry-date wpex-text-sm wpex-text-3 wpex-mb-5\">12. December 2019<\/div><div class=\"wpex-carousel-entry-excerpt entry-excerpt wpex-my-15 wpex-text-pretty wpex-last-mb-0 wpex-clr\"><p>Der bereits zum dritten Mal durchgef\u00fchrte docuteam Community Day fand&hellip;<\/p><\/div><div class=\"wpex-carousel-entry-button entry-readmore-wrap wpex-my-15 wpex-clr\"><a href=\"https:\/\/www.docuteam.ch\/en\/docuteam-community-day-2019\/\" class=\"entry-readmore theme-button\" aria-label=\"Read more\u2026 about docuteam Community Day 2019\">Read more\u2026<\/a><\/div><\/div><\/div><div class=\"wpex-carousel-slide\"><div class=\"wpex-carousel-entry-details entry-details wpex-boxed wpex-first-mt-0 wpex-last-mb-0 wpex-clr vc_custom_1744275298683\"><div class=\"wpex-carousel-entry-title entry-title wpex-mb-5\"><a href=\"https:\/\/www.docuteam.ch\/en\/was-folgt-nach-der-einfuehrung-von-gever\/\">Was folgt nach der Einf\u00fchrung von GEVER?<\/a><\/div><div class=\"wpex-carousel-entry-date vcex-blog-entry-date entry-date wpex-text-sm wpex-text-3 wpex-mb-5\">29. July 2019<\/div><div class=\"wpex-carousel-entry-excerpt entry-excerpt wpex-my-15 wpex-text-pretty wpex-last-mb-0 wpex-clr\"><p>Dar\u00fcber hat sich docuteam k\u00fcrzlich mit Kunden der letzten zwei&hellip;<\/p><\/div><div class=\"wpex-carousel-entry-button entry-readmore-wrap wpex-my-15 wpex-clr\"><a href=\"https:\/\/www.docuteam.ch\/en\/was-folgt-nach-der-einfuehrung-von-gever\/\" class=\"entry-readmore theme-button\" aria-label=\"Read more\u2026 about Was folgt nach der Einf\u00fchrung von GEVER?\">Read more\u2026<\/a><\/div><\/div><\/div><div class=\"wpex-carousel-slide\"><div class=\"wpex-carousel-entry-details entry-details wpex-boxed wpex-first-mt-0 wpex-last-mb-0 wpex-clr vc_custom_1744275298683\"><div class=\"wpex-carousel-entry-title entry-title wpex-mb-5\"><a href=\"https:\/\/www.docuteam.ch\/en\/fotos-in-gever-systemen-ein-grosses-beduerfnis\/\">Fotos in GEVER-Systemen: ein grosses Bed\u00fcrfnis!<\/a><\/div><div class=\"wpex-carousel-entry-date vcex-blog-entry-date entry-date wpex-text-sm wpex-text-3 wpex-mb-5\">21. May 2019<\/div><div class=\"wpex-carousel-entry-excerpt entry-excerpt wpex-my-15 wpex-text-pretty wpex-last-mb-0 wpex-clr\"><p>Auch Verwaltungen arbeiten bildorientiert: Sie fotografieren den Zustand von Bauten,&hellip;<\/p><\/div><div class=\"wpex-carousel-entry-button entry-readmore-wrap wpex-my-15 wpex-clr\"><a href=\"https:\/\/www.docuteam.ch\/en\/fotos-in-gever-systemen-ein-grosses-beduerfnis\/\" class=\"entry-readmore theme-button\" aria-label=\"Read more\u2026 about Fotos in GEVER-Systemen: ein grosses Bed\u00fcrfnis!\">Read more\u2026<\/a><\/div><\/div><\/div><div class=\"wpex-carousel-slide\"><div class=\"wpex-carousel-entry-details entry-details wpex-boxed wpex-first-mt-0 wpex-last-mb-0 wpex-clr vc_custom_1744275298683\"><div class=\"wpex-carousel-entry-title entry-title wpex-mb-5\"><a href=\"https:\/\/www.docuteam.ch\/en\/betrieb-digitales-langzeitarchiv-an-der-universitaet-zuerich\/\">Betrieb digitales Langzeitarchiv an der Universit\u00e4t Z\u00fcrich<\/a><\/div><div class=\"wpex-carousel-entry-date vcex-blog-entry-date entry-date wpex-text-sm wpex-text-3 wpex-mb-5\">1. May 2019<\/div><div class=\"wpex-carousel-entry-excerpt entry-excerpt wpex-my-15 wpex-text-pretty wpex-last-mb-0 wpex-clr\"><p>Das digitale Archiv der Universit\u00e4t Z\u00fcrich basiert auf Software von&hellip;<\/p><\/div><div class=\"wpex-carousel-entry-button entry-readmore-wrap wpex-my-15 wpex-clr\"><a href=\"https:\/\/www.docuteam.ch\/en\/betrieb-digitales-langzeitarchiv-an-der-universitaet-zuerich\/\" class=\"entry-readmore theme-button\" aria-label=\"Read more\u2026 about Betrieb digitales Langzeitarchiv an der Universit\u00e4t Z\u00fcrich\">Read more\u2026<\/a><\/div><\/div><\/div><div class=\"wpex-carousel-slide\"><div class=\"wpex-carousel-entry-details entry-details wpex-boxed wpex-first-mt-0 wpex-last-mb-0 wpex-clr vc_custom_1744275298683\"><div class=\"wpex-carousel-entry-title entry-title wpex-mb-5\"><a href=\"https:\/\/www.docuteam.ch\/en\/never-change-a-running-system-digitales-archiv-beim-bayrischen-rundfunk\/\">&#8220;Never change a running system!&#8221; &#8212; Digitales Archiv beim Bayrischen Rundfunk<\/a><\/div><div class=\"wpex-carousel-entry-date vcex-blog-entry-date entry-date wpex-text-sm wpex-text-3 wpex-mb-5\">14. March 2019<\/div><div class=\"wpex-carousel-entry-excerpt entry-excerpt wpex-my-15 wpex-text-pretty wpex-last-mb-0 wpex-clr\"><p>Bettina Hasselbring, Archivarin beim Bayrischen Rundfunk, beschreibt in Ihrem Artikel&hellip;<\/p><\/div><div class=\"wpex-carousel-entry-button entry-readmore-wrap wpex-my-15 wpex-clr\"><a href=\"https:\/\/www.docuteam.ch\/en\/never-change-a-running-system-digitales-archiv-beim-bayrischen-rundfunk\/\" class=\"entry-readmore theme-button\" aria-label=\"Read more\u2026 about &#8220;Never change a running system!&#8221; &#8212; Digitales Archiv beim Bayrischen Rundfunk\">Read more\u2026<\/a><\/div><\/div><\/div><div class=\"wpex-carousel-slide\"><div class=\"wpex-carousel-entry-details entry-details wpex-boxed wpex-first-mt-0 wpex-last-mb-0 wpex-clr vc_custom_1744275298683\"><div class=\"wpex-carousel-entry-title entry-title wpex-mb-5\"><a href=\"https:\/\/www.docuteam.ch\/en\/archivieren-aus-einem-gever-system-ein-prozess-oder-ein-projekt\/\">Archivieren aus einem GEVER-System: ein Prozess oder ein Projekt?<\/a><\/div><div class=\"wpex-carousel-entry-date vcex-blog-entry-date entry-date wpex-text-sm wpex-text-3 wpex-mb-5\">6. March 2019<\/div><div class=\"wpex-carousel-entry-excerpt entry-excerpt wpex-my-15 wpex-text-pretty wpex-last-mb-0 wpex-clr\"><p>Was man mindestens einmal j\u00e4hrlich macht, und zwar immer gleich,&hellip;<\/p><\/div><div class=\"wpex-carousel-entry-button entry-readmore-wrap wpex-my-15 wpex-clr\"><a href=\"https:\/\/www.docuteam.ch\/en\/archivieren-aus-einem-gever-system-ein-prozess-oder-ein-projekt\/\" class=\"entry-readmore theme-button\" aria-label=\"Read more\u2026 about Archivieren aus einem GEVER-System: ein Prozess oder ein Projekt?\">Read more\u2026<\/a><\/div><\/div><\/div><div class=\"wpex-carousel-slide\"><div class=\"wpex-carousel-entry-details entry-details wpex-boxed wpex-first-mt-0 wpex-last-mb-0 wpex-clr vc_custom_1744275298683\"><div class=\"wpex-carousel-entry-title entry-title wpex-mb-5\"><a href=\"https:\/\/www.docuteam.ch\/en\/der-world-digital-preservation-day-an-der-deutschen-nationalbibliothek-in-frankfurt-a-m-tagungsbericht\/\">Der World Digital Preservation Day an der Deutschen Nationalbibliothek in Frankfurt a.M. (Tagungsbericht)<\/a><\/div><div class=\"wpex-carousel-entry-date vcex-blog-entry-date entry-date wpex-text-sm wpex-text-3 wpex-mb-5\">17. December 2018<\/div><div class=\"wpex-carousel-entry-excerpt entry-excerpt wpex-my-15 wpex-text-pretty wpex-last-mb-0 wpex-clr\"><p>Am 28. und 29. November 2018 veranstaltete die Deutsche Nationalbibliothek&hellip;<\/p><\/div><div class=\"wpex-carousel-entry-button entry-readmore-wrap wpex-my-15 wpex-clr\"><a href=\"https:\/\/www.docuteam.ch\/en\/der-world-digital-preservation-day-an-der-deutschen-nationalbibliothek-in-frankfurt-a-m-tagungsbericht\/\" class=\"entry-readmore theme-button\" aria-label=\"Read more\u2026 about Der World Digital Preservation Day an der Deutschen Nationalbibliothek in Frankfurt a.M. (Tagungsbericht)\">Read more\u2026<\/a><\/div><\/div><\/div><div class=\"wpex-carousel-slide\"><div class=\"wpex-carousel-entry-details entry-details wpex-boxed wpex-first-mt-0 wpex-last-mb-0 wpex-clr vc_custom_1744275298683\"><div class=\"wpex-carousel-entry-title entry-title wpex-mb-5\"><a href=\"https:\/\/www.docuteam.ch\/en\/swib18-linked-data-nicht-nur-fuer-bibliotheken\/\">SWIB18 \u2013 Linked Data (nicht nur f\u00fcr Bibliotheken)<\/a><\/div><div class=\"wpex-carousel-entry-date vcex-blog-entry-date entry-date wpex-text-sm wpex-text-3 wpex-mb-5\">7. December 2018<\/div><div class=\"wpex-carousel-entry-excerpt entry-excerpt wpex-my-15 wpex-text-pretty wpex-last-mb-0 wpex-clr\"><p>Vom 26. bis 28. November 2018 fand in Bonn die&hellip;<\/p><\/div><div class=\"wpex-carousel-entry-button entry-readmore-wrap wpex-my-15 wpex-clr\"><a href=\"https:\/\/www.docuteam.ch\/en\/swib18-linked-data-nicht-nur-fuer-bibliotheken\/\" class=\"entry-readmore theme-button\" aria-label=\"Read more\u2026 about SWIB18 \u2013 Linked Data (nicht nur f\u00fcr Bibliotheken)\">Read more\u2026<\/a><\/div><\/div><\/div><div class=\"wpex-carousel-slide\"><div class=\"wpex-carousel-entry-details entry-details wpex-boxed wpex-first-mt-0 wpex-last-mb-0 wpex-clr vc_custom_1744275298683\"><div class=\"wpex-carousel-entry-title entry-title wpex-mb-5\"><a href=\"https:\/\/www.docuteam.ch\/en\/ohne-informationsmanagement-keine-smart-city\/\">Ohne Informationsmanagement keine Smart City<\/a><\/div><div class=\"wpex-carousel-entry-date vcex-blog-entry-date entry-date wpex-text-sm wpex-text-3 wpex-mb-5\">12. November 2018<\/div><div class=\"wpex-carousel-entry-excerpt entry-excerpt wpex-my-15 wpex-text-pretty wpex-last-mb-0 wpex-clr\"><p>Smart City und E-Government sind Schlagworte, die in keiner Digitalstrategie&hellip;<\/p><\/div><div class=\"wpex-carousel-entry-button entry-readmore-wrap wpex-my-15 wpex-clr\"><a href=\"https:\/\/www.docuteam.ch\/en\/ohne-informationsmanagement-keine-smart-city\/\" class=\"entry-readmore theme-button\" aria-label=\"Read more\u2026 about Ohne Informationsmanagement keine Smart City\">Read more\u2026<\/a><\/div><\/div><\/div><div class=\"wpex-carousel-slide\"><div class=\"wpex-carousel-entry-details entry-details wpex-boxed wpex-first-mt-0 wpex-last-mb-0 wpex-clr vc_custom_1744275298683\"><div class=\"wpex-carousel-entry-title entry-title wpex-mb-5\"><a href=\"https:\/\/www.docuteam.ch\/en\/docuteam-community-day-2018-neue-schnittstellen-ins-langzeitarchiv\/\">docuteam Community Day 2018: Neue Schnittstellen ins Langzeitarchiv<\/a><\/div><div class=\"wpex-carousel-entry-date vcex-blog-entry-date entry-date wpex-text-sm wpex-text-3 wpex-mb-5\">3. November 2018<\/div><div class=\"wpex-carousel-entry-excerpt entry-excerpt wpex-my-15 wpex-text-pretty wpex-last-mb-0 wpex-clr\"><p>Am 31.10.2018 veranstaltete docuteam in Olten seinen zweiten Community Day&hellip;<\/p><\/div><div class=\"wpex-carousel-entry-button entry-readmore-wrap wpex-my-15 wpex-clr\"><a href=\"https:\/\/www.docuteam.ch\/en\/docuteam-community-day-2018-neue-schnittstellen-ins-langzeitarchiv\/\" class=\"entry-readmore theme-button\" aria-label=\"Read more\u2026 about docuteam Community Day 2018: Neue Schnittstellen ins Langzeitarchiv\">Read more\u2026<\/a><\/div><\/div><\/div><div class=\"wpex-carousel-slide\"><div class=\"wpex-carousel-entry-details entry-details wpex-boxed wpex-first-mt-0 wpex-last-mb-0 wpex-clr vc_custom_1744275298683\"><div class=\"wpex-carousel-entry-title entry-title wpex-mb-5\"><a href=\"https:\/\/www.docuteam.ch\/en\/minimalanforderungen-an-ein-digitales-archiv\/\">Minimalanforderungen an ein digitales Archiv<\/a><\/div><div class=\"wpex-carousel-entry-date vcex-blog-entry-date entry-date wpex-text-sm wpex-text-3 wpex-mb-5\">22. October 2018<\/div><div class=\"wpex-carousel-entry-excerpt entry-excerpt wpex-my-15 wpex-text-pretty wpex-last-mb-0 wpex-clr\"><p>In Projekten h\u00f6ren wir oft die Aussage: \u201ewir ben\u00f6tigen kein&hellip;<\/p><\/div><div class=\"wpex-carousel-entry-button entry-readmore-wrap wpex-my-15 wpex-clr\"><a href=\"https:\/\/www.docuteam.ch\/en\/minimalanforderungen-an-ein-digitales-archiv\/\" class=\"entry-readmore theme-button\" aria-label=\"Read more\u2026 about Minimalanforderungen an ein digitales Archiv\">Read more\u2026<\/a><\/div><\/div><\/div><div class=\"wpex-carousel-slide\"><div class=\"wpex-carousel-entry-details entry-details wpex-boxed wpex-first-mt-0 wpex-last-mb-0 wpex-clr vc_custom_1744275298683\"><div class=\"wpex-carousel-entry-title entry-title wpex-mb-5\"><a href=\"https:\/\/www.docuteam.ch\/en\/docuteam-community-day\/\">docuteam Community Day<\/a><\/div><div class=\"wpex-carousel-entry-date vcex-blog-entry-date entry-date wpex-text-sm wpex-text-3 wpex-mb-5\">31. July 2017<\/div><div class=\"wpex-carousel-entry-excerpt entry-excerpt wpex-my-15 wpex-text-pretty wpex-last-mb-0 wpex-clr\"><p>Docuteam f\u00fchrt am Donnerstag, 26. Oktober 2017 in Biel erstmals&hellip;<\/p><\/div><div class=\"wpex-carousel-entry-button entry-readmore-wrap wpex-my-15 wpex-clr\"><a href=\"https:\/\/www.docuteam.ch\/en\/docuteam-community-day\/\" class=\"entry-readmore theme-button\" aria-label=\"Read more\u2026 about docuteam Community Day\">Read more\u2026<\/a><\/div><\/div><\/div><div class=\"wpex-carousel-slide\"><div class=\"wpex-carousel-entry-details entry-details wpex-boxed wpex-first-mt-0 wpex-last-mb-0 wpex-clr vc_custom_1744275298683\"><div class=\"wpex-carousel-entry-title entry-title wpex-mb-5\"><a href=\"https:\/\/www.docuteam.ch\/en\/journee-des-archives-09-06-2017\/\">Journ\u00e9e des archives (09.06.2017)<\/a><\/div><div class=\"wpex-carousel-entry-date vcex-blog-entry-date entry-date wpex-text-sm wpex-text-3 wpex-mb-5\">6. June 2017<\/div><div class=\"wpex-carousel-entry-excerpt entry-excerpt wpex-my-15 wpex-text-pretty wpex-last-mb-0 wpex-clr\"><p>Vendredi 9 juin 2017, les archivistes du monde entier c\u00e9l\u00e8brent&hellip;<\/p><\/div><div class=\"wpex-carousel-entry-button entry-readmore-wrap wpex-my-15 wpex-clr\"><a href=\"https:\/\/www.docuteam.ch\/en\/journee-des-archives-09-06-2017\/\" class=\"entry-readmore theme-button\" aria-label=\"Read more\u2026 about Journ\u00e9e des archives (09.06.2017)\">Read more\u2026<\/a><\/div><\/div><\/div><\/div>[\/vc_column][\/vc_row]\n<\/div>","protected":false},"excerpt":{"rendered":"<p>[vc_row][vc_column][vc_column_text] [\/vc_column_text][\/vc_column][\/vc_row][vc_row][vc_column][vc_column_text] [\/vc_column_text][\/vc_column][\/vc_row][vc_row content_placement=&#8221;top&#8221; css=&#8221;.vc_custom_1618834667432{margin-top: 60px !important;}&#8221; el_class=&#8221;dt-tiles&#8221;][vc_column][vc_column_text css=&#8221;.vc_custom_1769506468743{margin-top: 10px !important;}&#8221; font_size=&#8221;d:20|tl:20|tp:20|pl:17|pp:17&#8243; text_align=&#8221;left&#8221; line_height=&#8221;2&#8243; color=&#8221;#000000&#8243; font_weight=&#8221;600&#8243;] Information is your long-term capital. That is why it deserves to be handled with care. docuteam arranges your information management: from the creation of documents to their long-term archiving. And we ensure that your archive remains accessible in the&hellip;<\/p>\n","protected":false},"author":2,"featured_media":0,"parent":0,"menu_order":0,"comment_status":"closed","ping_status":"closed","template":"","meta":{"footnotes":""},"class_list":["post-6602","page","type-page","status-publish","hentry","entry","no-media"],"yoast_head":"<!-- This site is optimized with the Yoast SEO plugin v27.5 - https:\/\/yoast.com\/product\/yoast-seo-wordpress\/ -->\n<title>Home page - docuteam<\/title>\n<meta name=\"robots\" content=\"index, follow, max-snippet:-1, max-image-preview:large, max-video-preview:-1\" \/>\n<link rel=\"canonical\" href=\"https:\/\/www.docuteam.ch\/en\/\" \/>\n<meta property=\"og:locale\" content=\"en_US\" \/>\n<meta property=\"og:type\" content=\"article\" \/>\n<meta property=\"og:title\" content=\"Home page - docuteam\" \/>\n<meta property=\"og:description\" content=\"[vc_row][vc_column][vc_column_text] [\/vc_column_text][\/vc_column][\/vc_row][vc_row][vc_column][vc_column_text] [\/vc_column_text][\/vc_column][\/vc_row][vc_row content_placement=&#8221;top&#8221; css=&#8221;.vc_custom_1618834667432{margin-top: 60px !important;}&#8221; el_class=&#8221;dt-tiles&#8221;][vc_column][vc_column_text css=&#8221;.vc_custom_1769506468743{margin-top: 10px !important;}&#8221; font_size=&#8221;d:20|tl:20|tp:20|pl:17|pp:17&#8243; text_align=&#8221;left&#8221; line_height=&#8221;2&#8243; color=&#8221;#000000&#8243; font_weight=&#8221;600&#8243;] Information is your long-term capital. That is why it deserves to be handled with care. docuteam arranges your information management: from the creation of documents to their long-term archiving. And we ensure that your archive remains accessible in the&hellip;\" \/>\n<meta property=\"og:url\" content=\"https:\/\/www.docuteam.ch\/en\/\" \/>\n<meta property=\"og:site_name\" content=\"docuteam\" \/>\n<meta property=\"article:modified_time\" content=\"2026-02-26T14:48:33+00:00\" \/>\n<meta property=\"og:image\" content=\"https:\/\/www.docuteam.ch\/wp-content\/uploads\/2021\/04\/docuteam_ueberuns_UltraHD-scaled.jpg\" \/>\n<meta name=\"twitter:card\" content=\"summary_large_image\" \/>\n<meta name=\"twitter:image\" content=\"https:\/\/www.docuteam.ch\/wp-content\/uploads\/2021\/04\/docuteam_ueberuns_UltraHD-scaled.jpg\" \/>\n<meta name=\"twitter:site\" content=\"@DocuteamCH\" \/>\n<script type=\"application\/ld+json\" class=\"yoast-schema-graph\">{\"@context\":\"https:\\\/\\\/schema.org\",\"@graph\":[{\"@type\":\"WebPage\",\"@id\":\"https:\\\/\\\/www.docuteam.ch\\\/en\\\/\",\"url\":\"https:\\\/\\\/www.docuteam.ch\\\/en\\\/\",\"name\":\"Home page - docuteam\",\"isPartOf\":{\"@id\":\"https:\\\/\\\/www.docuteam.ch\\\/en\\\/#website\"},\"datePublished\":\"2021-03-03T11:30:38+00:00\",\"dateModified\":\"2026-02-26T14:48:33+00:00\",\"breadcrumb\":{\"@id\":\"https:\\\/\\\/www.docuteam.ch\\\/en\\\/#breadcrumb\"},\"inLanguage\":\"en-US\",\"potentialAction\":[{\"@type\":\"ReadAction\",\"target\":[\"https:\\\/\\\/www.docuteam.ch\\\/en\\\/\"]}]},{\"@type\":\"BreadcrumbList\",\"@id\":\"https:\\\/\\\/www.docuteam.ch\\\/en\\\/#breadcrumb\",\"itemListElement\":[{\"@type\":\"ListItem\",\"position\":1,\"name\":\"Accueil\",\"item\":\"https:\\\/\\\/www.docuteam.ch\\\/en\\\/\"},{\"@type\":\"ListItem\",\"position\":2,\"name\":\"Home page\"}]},{\"@type\":\"WebSite\",\"@id\":\"https:\\\/\\\/www.docuteam.ch\\\/en\\\/#website\",\"url\":\"https:\\\/\\\/www.docuteam.ch\\\/en\\\/\",\"name\":\"docuteam\",\"description\":\"Informationen sind Ihr langfristiges Kapital\",\"publisher\":{\"@id\":\"https:\\\/\\\/www.docuteam.ch\\\/en\\\/#organization\"},\"potentialAction\":[{\"@type\":\"SearchAction\",\"target\":{\"@type\":\"EntryPoint\",\"urlTemplate\":\"https:\\\/\\\/www.docuteam.ch\\\/en\\\/?s={search_term_string}\"},\"query-input\":{\"@type\":\"PropertyValueSpecification\",\"valueRequired\":true,\"valueName\":\"search_term_string\"}}],\"inLanguage\":\"en-US\"},{\"@type\":\"Organization\",\"@id\":\"https:\\\/\\\/www.docuteam.ch\\\/en\\\/#organization\",\"name\":\"docuteam\",\"url\":\"https:\\\/\\\/www.docuteam.ch\\\/en\\\/\",\"logo\":{\"@type\":\"ImageObject\",\"inLanguage\":\"en-US\",\"@id\":\"https:\\\/\\\/www.docuteam.ch\\\/en\\\/#\\\/schema\\\/logo\\\/image\\\/\",\"url\":\"https:\\\/\\\/www.docuteam.ch\\\/wp-content\\\/uploads\\\/2021\\\/03\\\/docuteam_big.png\",\"contentUrl\":\"https:\\\/\\\/www.docuteam.ch\\\/wp-content\\\/uploads\\\/2021\\\/03\\\/docuteam_big.png\",\"width\":200,\"height\":45,\"caption\":\"docuteam\"},\"image\":{\"@id\":\"https:\\\/\\\/www.docuteam.ch\\\/en\\\/#\\\/schema\\\/logo\\\/image\\\/\"},\"sameAs\":[\"https:\\\/\\\/x.com\\\/DocuteamCH\",\"https:\\\/\\\/www.linkedin.com\\\/company\\\/docuteam-ag\\\/mycompany\\\/\"]}]}<\/script>\n<!-- \/ Yoast SEO plugin. -->","yoast_head_json":{"title":"Home page - docuteam","robots":{"index":"index","follow":"follow","max-snippet":"max-snippet:-1","max-image-preview":"max-image-preview:large","max-video-preview":"max-video-preview:-1"},"canonical":"https:\/\/www.docuteam.ch\/en\/","og_locale":"en_US","og_type":"article","og_title":"Home page - docuteam","og_description":"[vc_row][vc_column][vc_column_text] [\/vc_column_text][\/vc_column][\/vc_row][vc_row][vc_column][vc_column_text] [\/vc_column_text][\/vc_column][\/vc_row][vc_row content_placement=&#8221;top&#8221; css=&#8221;.vc_custom_1618834667432{margin-top: 60px !important;}&#8221; el_class=&#8221;dt-tiles&#8221;][vc_column][vc_column_text css=&#8221;.vc_custom_1769506468743{margin-top: 10px !important;}&#8221; font_size=&#8221;d:20|tl:20|tp:20|pl:17|pp:17&#8243; text_align=&#8221;left&#8221; line_height=&#8221;2&#8243; color=&#8221;#000000&#8243; font_weight=&#8221;600&#8243;] Information is your long-term capital. That is why it deserves to be handled with care. docuteam arranges your information management: from the creation of documents to their long-term archiving. And we ensure that your archive remains accessible in the&hellip;","og_url":"https:\/\/www.docuteam.ch\/en\/","og_site_name":"docuteam","article_modified_time":"2026-02-26T14:48:33+00:00","og_image":[{"url":"https:\/\/www.docuteam.ch\/wp-content\/uploads\/2021\/04\/docuteam_ueberuns_UltraHD-scaled.jpg","type":"","width":"","height":""}],"twitter_card":"summary_large_image","twitter_image":"https:\/\/www.docuteam.ch\/wp-content\/uploads\/2021\/04\/docuteam_ueberuns_UltraHD-scaled.jpg","twitter_site":"@DocuteamCH","schema":{"@context":"https:\/\/schema.org","@graph":[{"@type":"WebPage","@id":"https:\/\/www.docuteam.ch\/en\/","url":"https:\/\/www.docuteam.ch\/en\/","name":"Home page - docuteam","isPartOf":{"@id":"https:\/\/www.docuteam.ch\/en\/#website"},"datePublished":"2021-03-03T11:30:38+00:00","dateModified":"2026-02-26T14:48:33+00:00","breadcrumb":{"@id":"https:\/\/www.docuteam.ch\/en\/#breadcrumb"},"inLanguage":"en-US","potentialAction":[{"@type":"ReadAction","target":["https:\/\/www.docuteam.ch\/en\/"]}]},{"@type":"BreadcrumbList","@id":"https:\/\/www.docuteam.ch\/en\/#breadcrumb","itemListElement":[{"@type":"ListItem","position":1,"name":"Accueil","item":"https:\/\/www.docuteam.ch\/en\/"},{"@type":"ListItem","position":2,"name":"Home page"}]},{"@type":"WebSite","@id":"https:\/\/www.docuteam.ch\/en\/#website","url":"https:\/\/www.docuteam.ch\/en\/","name":"docuteam","description":"Informationen sind Ihr langfristiges Kapital","publisher":{"@id":"https:\/\/www.docuteam.ch\/en\/#organization"},"potentialAction":[{"@type":"SearchAction","target":{"@type":"EntryPoint","urlTemplate":"https:\/\/www.docuteam.ch\/en\/?s={search_term_string}"},"query-input":{"@type":"PropertyValueSpecification","valueRequired":true,"valueName":"search_term_string"}}],"inLanguage":"en-US"},{"@type":"Organization","@id":"https:\/\/www.docuteam.ch\/en\/#organization","name":"docuteam","url":"https:\/\/www.docuteam.ch\/en\/","logo":{"@type":"ImageObject","inLanguage":"en-US","@id":"https:\/\/www.docuteam.ch\/en\/#\/schema\/logo\/image\/","url":"https:\/\/www.docuteam.ch\/wp-content\/uploads\/2021\/03\/docuteam_big.png","contentUrl":"https:\/\/www.docuteam.ch\/wp-content\/uploads\/2021\/03\/docuteam_big.png","width":200,"height":45,"caption":"docuteam"},"image":{"@id":"https:\/\/www.docuteam.ch\/en\/#\/schema\/logo\/image\/"},"sameAs":["https:\/\/x.com\/DocuteamCH","https:\/\/www.linkedin.com\/company\/docuteam-ag\/mycompany\/"]}]}},"_links":{"self":[{"href":"https:\/\/www.docuteam.ch\/en\/wp-json\/wp\/v2\/pages\/6602","targetHints":{"allow":["GET"]}}],"collection":[{"href":"https:\/\/www.docuteam.ch\/en\/wp-json\/wp\/v2\/pages"}],"about":[{"href":"https:\/\/www.docuteam.ch\/en\/wp-json\/wp\/v2\/types\/page"}],"author":[{"embeddable":true,"href":"https:\/\/www.docuteam.ch\/en\/wp-json\/wp\/v2\/users\/2"}],"replies":[{"embeddable":true,"href":"https:\/\/www.docuteam.ch\/en\/wp-json\/wp\/v2\/comments?post=6602"}],"version-history":[{"count":72,"href":"https:\/\/www.docuteam.ch\/en\/wp-json\/wp\/v2\/pages\/6602\/revisions"}],"predecessor-version":[{"id":57210,"href":"https:\/\/www.docuteam.ch\/en\/wp-json\/wp\/v2\/pages\/6602\/revisions\/57210"}],"wp:attachment":[{"href":"https:\/\/www.docuteam.ch\/en\/wp-json\/wp\/v2\/media?parent=6602"}],"curies":[{"name":"wp","href":"https:\/\/api.w.org\/{rel}","templated":true}]}}