{"id":237,"date":"2021-03-04T15:42:05","date_gmt":"2021-03-04T13:42:05","guid":{"rendered":"http:\/\/beta.docuteam.ch\/?page_id=237"},"modified":"2026-02-18T08:13:00","modified_gmt":"2026-02-18T06:13:00","slug":"conseils-en-gestion-documentaire","status":"publish","type":"page","link":"https:\/\/www.docuteam.ch\/fr\/conseils-en-gestion-documentaire\/","title":{"rendered":"Conseil en gestion de l&rsquo;information"},"content":{"rendered":"<div class=\"wpb-content-wrapper\">[vc_row css=\u00a0\u00bb.vc_custom_1678725216088{padding-top: 60px !important;}\u00a0\u00bb][vc_column]<style>.vcex-heading.vcex_69f1942657c2c{color:#cc0000;font-size:35px;font-weight:600;}.vcex-heading.vcex_69f1942657c2c:hover{color:#cc0000;}@media (max-width:1024px){.vcex-heading.vcex_69f1942657c2c{font-size:30px;}}@media (max-width:959px){.vcex-heading.vcex_69f1942657c2c{font-size:30px;}}@media (max-width:767px){.vcex-heading.vcex_69f1942657c2c{font-size:22px;}}@media (max-width:479px){.vcex-heading.vcex_69f1942657c2c{font-size:22px;}}<\/style><h2 class=\"vcex-heading vcex-heading-plain vcex-module wpex-heading wpex-text-2xl wpex-text-left vcex_69f1942657c2c\"><span class=\"vcex-heading-inner wpex-inline-block\">Conseil en gestion de l'information<\/span><\/h2>[vc_empty_space height=\u00a0\u00bb1.5rem\u00a0\u00bb][vc_column_text text_align=\u00a0\u00bbleft\u00a0\u00bb color=\u00a0\u00bb#000000&Prime; font_size=\u00a0\u00bb23&Prime; line_height=\u00a0\u00bb2&Prime; font_weight=\u00a0\u00bb500&Prime; font_style=\u00a0\u00bbnormal\u00a0\u00bb]\nL\u2019information est votre capital et la m\u00e9moire de votre organisation. Nous la structurons et en assurons sa disponibilit\u00e9 sur le long terme.<br \/>\n[\/vc_column_text][vc_empty_space height=\u00a0\u00bb10px\u00a0\u00bb]<style>.vcex-button.vcex_69f1942658d06{margin-block-start:30px;}<\/style><a href=\"https:\/\/outlook.office.com\/book\/docuteamAGfr@docuteam.ch\/s\/TZDDM5xWbUyU7t4AXIUYaw2\" class=\"vcex-button theme-button inline vcex_69f1942658d06\" target=\"_blank\" rel=\"noopener noreferrer\"><span class=\"vcex-button-inner theme-button-inner wpex-flex wpex-flex-wrap wpex-items-center wpex-justify-center\">Prendre rendez-vous<\/span><\/a> [\/vc_column][\/vc_row][vc_row][vc_column][vc_column_text]\n[\/vc_column_text][\/vc_column][\/vc_row][vc_row content_placement=\u00a0\u00bbtop\u00a0\u00bb css=\u00a0\u00bb.vc_custom_1680516574029{padding-top: 40px !important;}\u00a0\u00bb local_scroll_id=\u00a0\u00bbexpertise\u00a0\u00bb][vc_column]<style>.vcex-heading.vcex_69f1942659308{color:#cc0000;font-size:35px;font-weight:600;}.vcex-heading.vcex_69f1942659308:hover{color:#cc0000;}@media (max-width:1024px){.vcex-heading.vcex_69f1942659308{font-size:30px;}}@media (max-width:959px){.vcex-heading.vcex_69f1942659308{font-size:30px;}}@media (max-width:767px){.vcex-heading.vcex_69f1942659308{font-size:22px;}}@media (max-width:479px){.vcex-heading.vcex_69f1942659308{font-size:22px;}}<\/style><h2 class=\"vcex-heading vcex-heading-plain vcex-module wpex-heading wpex-text-2xl wpex-text-left vcex_69f1942659308\"><span class=\"vcex-heading-inner wpex-inline-block\">Notre expertise, largement \u00e9prouv\u00e9e<\/span><\/h2>[vc_column_text css=\u00a0\u00bb.vc_custom_2612700000201{padding-top: 10px !important;}\u00a0\u00bb text_align=\u00a0\u00bbleft\u00a0\u00bb font_size=\u00a0\u00bbd:20|tl:20|tp:20|pl:17|pp:17&Prime; line_height=\u00a0\u00bb2&Prime; color=\u00a0\u00bb#000000&Prime; font_weight=\u00a0\u00bb600&Prime;]\nLa quantit\u00e9 de donn\u00e9es et de syst\u00e8mes et applications m\u00e9tiers ne cesse de cro\u00eetre. Cette complexit\u00e9 ne peut \u00eatre ma\u00eetris\u00e9e que si les structures, les r\u00e8gles et la s\u00e9curit\u00e9 sont orchestr\u00e9es dans une perspective globale : c\u2019est le r\u00f4le de la gouvernance strat\u00e9gique de l\u2019information.<br \/>\n[\/vc_column_text][vc_column_text css=\u00a0\u00bb.vc_custom_2612700000202{padding-top: 10px !important;}\u00a0\u00bb text_align=\u00a0\u00bbleft\u00a0\u00bb font_size=\u00a0\u00bbd:20|tl:20|tp:20|pl:17|pp:17&Prime; line_height=\u00a0\u00bb2&Prime; color=\u00a0\u00bb#000000&Prime; font_weight=\u00a0\u00bb600&Prime;]\nNous optimisons votre paysage informationnel et votre gestion documentaire dans cette optique. Concr\u00e8tement, nous intervenons sur :<br \/>\n[\/vc_column_text][vc_column_text]\n[\/vc_column_text]<div class=\"vcex-spacing wpex-w-100 wpex-clear\"><\/div>[vc_row_inner content_placement=\u00a0\u00bbtop\u00a0\u00bb el_class=\u00a0\u00bbdi-tiles\u00a0\u00bb][vc_column_inner width=\u00a0\u00bb1\/2&Prime;]<style>.vcex-heading.vcex_69f1942659ae3{color:#000000;font-size:22px;font-weight:700;}.vcex-heading.vcex_69f1942659ae3:hover{color:#000000;}@media (max-width:1024px){.vcex-heading.vcex_69f1942659ae3{font-size:22px;}}@media (max-width:959px){.vcex-heading.vcex_69f1942659ae3{font-size:22px;}}@media (max-width:767px){.vcex-heading.vcex_69f1942659ae3{font-size:20px;}}@media (max-width:479px){.vcex-heading.vcex_69f1942659ae3{font-size:20px;}}<\/style><h4 class=\"vcex-heading vcex-heading-plain vcex-module wpex-heading wpex-text-2xl wpex-text-left vcex_69f1942659ae3\"><span class=\"vcex-heading-inner wpex-inline-block\">Microsoft 365 et Records Management<\/span><\/h4>[vc_column_text el_class=\u00a0\u00bbdi-tile\u00a0\u00bb text_align=\u00a0\u00bbleft\u00a0\u00bb font_size=\u00a0\u00bbd:18|tl:18|tp:18|pl:16|pp:16&Prime; line_height=\u00a0\u00bb1.8&Prime; color=\u00a0\u00bb#000000&Prime; font_weight=\u00a0\u00bb500&Prime;]\nConfiguration de Microsoft 365 pour la conformit\u00e9 et l\u2019archivage (Records Management).<br \/>\n[\/vc_column_text][\/vc_column_inner][vc_column_inner width=\u00a0\u00bb1\/2&Prime;]<style>.vcex-heading.vcex_69f194265a0f5{color:#000000;font-size:22px;font-weight:700;}@media (max-width:1024px){.vcex-heading.vcex_69f194265a0f5{font-size:22px;}}@media (max-width:959px){.vcex-heading.vcex_69f194265a0f5{font-size:22px;}}@media (max-width:767px){.vcex-heading.vcex_69f194265a0f5{font-size:20px;}}@media (max-width:479px){.vcex-heading.vcex_69f194265a0f5{font-size:20px;}}<\/style><h4 class=\"vcex-heading vcex-heading-plain vcex-module wpex-heading wpex-text-2xl wpex-text-left vcex_69f194265a0f5\"><span class=\"vcex-heading-inner wpex-inline-block\">GED<\/span><\/h4>[vc_column_text css=\u00a0\u00bb\u00a0\u00bb el_class=\u00a0\u00bbdi-tile\u00a0\u00bb text_align=\u00a0\u00bbleft\u00a0\u00bb font_size=\u00a0\u00bbd:20|tl:20|tp:20|pl:18|pp:18&Prime; line_height=\u00a0\u00bb1.8&Prime; color=\u00a0\u00bb#000000&Prime; font_weight=\u00a0\u00bb500&Prime;]Mise en place et optimisation de votre Gestion \u00c9lectronique de Documents (GED).[\/vc_column_text][\/vc_column_inner][vc_column_inner width=\u00a0\u00bb1\/2&Prime;]<style>.vcex-heading.vcex_69f194265a6f5{color:#000000;font-size:22px;font-weight:700;}@media (max-width:1024px){.vcex-heading.vcex_69f194265a6f5{font-size:22px;}}@media (max-width:959px){.vcex-heading.vcex_69f194265a6f5{font-size:22px;}}@media (max-width:767px){.vcex-heading.vcex_69f194265a6f5{font-size:20px;}}@media (max-width:479px){.vcex-heading.vcex_69f194265a6f5{font-size:20px;}}<\/style><h4 class=\"vcex-heading vcex-heading-plain vcex-module wpex-heading wpex-text-2xl wpex-text-left vcex_69f194265a6f5\"><span class=\"vcex-heading-inner wpex-inline-block\">Cycle de vie<\/span><\/h4>[vc_column_text el_class=\u00a0\u00bbdi-tile\u00a0\u00bb text_align=\u00a0\u00bbleft\u00a0\u00bb font_size=\u00a0\u00bbd:18|tl:18|tp:18|pl:16|pp:16&Prime; line_height=\u00a0\u00bb1.8&Prime; color=\u00a0\u00bb#000000&Prime; font_weight=\u00a0\u00bb500&Prime;]\nGestion du cycle de vie (d\u00e9lais de conservation, \u00e9valuation et sort final).<br \/>\n[\/vc_column_text][\/vc_column_inner][vc_column_inner width=\u00a0\u00bb1\/2&Prime;]<style>.vcex-heading.vcex_69f194265acfe{color:#000000;font-size:22px;font-weight:700;}@media (max-width:1024px){.vcex-heading.vcex_69f194265acfe{font-size:22px;}}@media (max-width:959px){.vcex-heading.vcex_69f194265acfe{font-size:22px;}}@media (max-width:767px){.vcex-heading.vcex_69f194265acfe{font-size:20px;}}@media (max-width:479px){.vcex-heading.vcex_69f194265acfe{font-size:20px;}}<\/style><h4 class=\"vcex-heading vcex-heading-plain vcex-module wpex-heading wpex-text-2xl wpex-text-left vcex_69f194265acfe\"><span class=\"vcex-heading-inner wpex-inline-block\">Plan de classement<\/span><\/h4>[vc_column_text css=\u00a0\u00bb\u00a0\u00bb el_class=\u00a0\u00bbdi-tile\u00a0\u00bb text_align=\u00a0\u00bbleft\u00a0\u00bb font_size=\u00a0\u00bbd:18|tl:18|tp:18|pl:16|pp:16&Prime; line_height=\u00a0\u00bb1.8&Prime; color=\u00a0\u00bb#000000&Prime; font_weight=\u00a0\u00bb500&Prime;]\u00c9laboration et optimisation de votre plan de classement.[\/vc_column_text][\/vc_column_inner][vc_column_inner width=\u00a0\u00bb1\/2&Prime;]<style>.vcex-heading.vcex_69f194265b2fb{color:#000000;font-size:22px;font-weight:700;}@media (max-width:1024px){.vcex-heading.vcex_69f194265b2fb{font-size:22px;}}@media (max-width:959px){.vcex-heading.vcex_69f194265b2fb{font-size:22px;}}@media (max-width:767px){.vcex-heading.vcex_69f194265b2fb{font-size:20px;}}@media (max-width:479px){.vcex-heading.vcex_69f194265b2fb{font-size:20px;}}<\/style><h4 class=\"vcex-heading vcex-heading-plain vcex-module wpex-heading wpex-text-2xl wpex-text-left vcex_69f194265b2fb\"><span class=\"vcex-heading-inner wpex-inline-block\">Gouvernance et normes<\/span><\/h4>[vc_column_text el_class=\u00a0\u00bbdi-tile\u00a0\u00bb text_align=\u00a0\u00bbleft\u00a0\u00bb font_size=\u00a0\u00bbd:18|tl:18|tp:18|pl:16|pp:16&Prime; line_height=\u00a0\u00bb1.8&Prime; color=\u00a0\u00bb#000000&Prime; font_weight=\u00a0\u00bb500&Prime;]\nD\u00e9finition d\u2019un cadre normatif et de r\u00e8gles de gouvernance.<br \/>\n[\/vc_column_text][\/vc_column_inner][vc_column_inner width=\u00a0\u00bb1\/2&Prime;]<style>.vcex-heading.vcex_69f194265b90e{color:#000000;font-size:22px;font-weight:700;}@media (max-width:1024px){.vcex-heading.vcex_69f194265b90e{font-size:22px;}}@media (max-width:959px){.vcex-heading.vcex_69f194265b90e{font-size:22px;}}@media (max-width:767px){.vcex-heading.vcex_69f194265b90e{font-size:20px;}}@media (max-width:479px){.vcex-heading.vcex_69f194265b90e{font-size:20px;}}<\/style><h4 class=\"vcex-heading vcex-heading-plain vcex-module wpex-heading wpex-text-2xl wpex-text-left vcex_69f194265b90e\"><span class=\"vcex-heading-inner wpex-inline-block\">Concepts op\u00e9rationnels<\/span><\/h4>[vc_column_text el_class=\u00a0\u00bbdi-tile\u00a0\u00bb text_align=\u00a0\u00bbleft\u00a0\u00bb font_size=\u00a0\u00bbd:18|tl:18|tp:18|pl:16|pp:16&Prime; line_height=\u00a0\u00bb1.8&Prime; color=\u00a0\u00bb#000000&Prime; font_weight=\u00a0\u00bb500&Prime;]\nConcepts (acc\u00e8s, migration, formation, exploitation, archivage).<br \/>\n[\/vc_column_text][\/vc_column_inner][vc_column_inner width=\u00a0\u00bb1\/2&Prime;]<style>.vcex-heading.vcex_69f194265bf0e{color:#000000;font-size:22px;font-weight:700;}@media (max-width:1024px){.vcex-heading.vcex_69f194265bf0e{font-size:22px;}}@media (max-width:959px){.vcex-heading.vcex_69f194265bf0e{font-size:22px;}}@media (max-width:767px){.vcex-heading.vcex_69f194265bf0e{font-size:20px;}}@media (max-width:479px){.vcex-heading.vcex_69f194265bf0e{font-size:20px;}}<\/style><h4 class=\"vcex-heading vcex-heading-plain vcex-module wpex-heading wpex-text-2xl wpex-text-left vcex_69f194265bf0e\"><span class=\"vcex-heading-inner wpex-inline-block\">Audit et maturit\u00e9<\/span><\/h4>[vc_column_text el_class=\u00a0\u00bbdi-tile\u00a0\u00bb text_align=\u00a0\u00bbleft\u00a0\u00bb font_size=\u00a0\u00bbd:18|tl:18|tp:18|pl:16|pp:16&Prime; line_height=\u00a0\u00bb1.8&Prime; color=\u00a0\u00bb#000000&Prime; font_weight=\u00a0\u00bb500&Prime;]\nAudit et \u00e9valuation du niveau de maturit\u00e9 en gestion documentaire.<br \/>\n[\/vc_column_text][\/vc_column_inner][\/vc_row_inner][\/vc_column][\/vc_row][vc_row][vc_column][\/vc_column][\/vc_row][vc_row content_placement=\u00a0\u00bbtop\u00a0\u00bb css=\u00a0\u00bb.vc_custom_1680517817658{padding-top: 40px !important;}\u00a0\u00bb local_scroll_id=\u00a0\u00bbsimplicity\u00a0\u00bb][vc_column]<style>.vcex-heading.vcex_69f194265c53e{color:#cc0000;font-size:35px;font-weight:600;}.vcex-heading.vcex_69f194265c53e:hover{color:#cc0000;}@media (max-width:1024px){.vcex-heading.vcex_69f194265c53e{font-size:30px;}}@media (max-width:959px){.vcex-heading.vcex_69f194265c53e{font-size:30px;}}@media (max-width:767px){.vcex-heading.vcex_69f194265c53e{font-size:22px;}}@media (max-width:479px){.vcex-heading.vcex_69f194265c53e{font-size:22px;}}<\/style><h2 class=\"vcex-heading vcex-heading-plain vcex-module wpex-heading wpex-text-2xl wpex-text-left vcex_69f194265c53e\"><span class=\"vcex-heading-inner wpex-inline-block\">La simplicit\u00e9 est la cl\u00e9<\/span><\/h2>[vc_column_text css=\u00a0\u00bb.vc_custom_2612700000204{padding-top: 10px !important;}\u00a0\u00bb text_align=\u00a0\u00bbleft\u00a0\u00bb font_size=\u00a0\u00bbd:20|tl:20|tp:20|pl:17|pp:17&Prime; line_height=\u00a0\u00bb2&Prime; color=\u00a0\u00bb#000000&Prime; font_weight=\u00a0\u00bb600&Prime;]\nNous voulons simplifier le quotidien de vos collaborateurs : structures logiques, r\u00e8gles claires et configurations standardis\u00e9es. Pour que ces changements apportent une r\u00e9elle valeur ajout\u00e9e \u00e0 vos \u00e9quipes, une approche minutieuse et une communication coordonn\u00e9e sont indispensables. Nous concevons votre projet dans sa globalit\u00e9 et vous accompagnons \u00e0 chaque \u00e9tape.<br \/>\n[\/vc_column_text][\/vc_column][\/vc_row]\n<\/div>","protected":false},"excerpt":{"rendered":"<p>[vc_row css=\u00a0\u00bb.vc_custom_1678725216088{padding-top: 60px !important;}\u00a0\u00bb][vc_column][vc_empty_space height=\u00a0\u00bb1.5rem\u00a0\u00bb][vc_column_text text_align=\u00a0\u00bbleft\u00a0\u00bb color=\u00a0\u00bb#000000&Prime; font_size=\u00a0\u00bb23&Prime; line_height=\u00a0\u00bb2&Prime; font_weight=\u00a0\u00bb500&Prime; font_style=\u00a0\u00bbnormal\u00a0\u00bb] L\u2019information est votre capital et la m\u00e9moire de votre organisation. Nous la structurons et en assurons sa disponibilit\u00e9 sur le long terme. [\/vc_column_text][vc_empty_space height=\u00a0\u00bb10px\u00a0\u00bb][\/vc_column][\/vc_row][vc_row][vc_column][vc_column_text] [\/vc_column_text][\/vc_column][\/vc_row][vc_row content_placement=\u00a0\u00bbtop\u00a0\u00bb css=\u00a0\u00bb.vc_custom_1680516574029{padding-top: 40px !important;}\u00a0\u00bb local_scroll_id=\u00a0\u00bbexpertise\u00a0\u00bb][vc_column][vc_column_text css=\u00a0\u00bb.vc_custom_2612700000201{padding-top: 10px !important;}\u00a0\u00bb text_align=\u00a0\u00bbleft\u00a0\u00bb font_size=\u00a0\u00bbd:20|tl:20|tp:20|pl:17|pp:17&Prime; line_height=\u00a0\u00bb2&Prime; color=\u00a0\u00bb#000000&Prime; font_weight=\u00a0\u00bb600&Prime;] La quantit\u00e9 de donn\u00e9es et de&hellip;<\/p>\n","protected":false},"author":2,"featured_media":0,"parent":0,"menu_order":0,"comment_status":"closed","ping_status":"closed","template":"","meta":{"footnotes":""},"class_list":["post-237","page","type-page","status-publish","hentry","entry","no-media"],"yoast_head":"<!-- This site is optimized with the Yoast SEO plugin v27.5 - https:\/\/yoast.com\/product\/yoast-seo-wordpress\/ -->\n<title>docuteam - Conseil et accompagnement en gestion de l&#039;information<\/title>\n<meta name=\"description\" content=\"Nos sp\u00e9cialistes vous aident \u00e0 avoir une approche globale et optimis\u00e9e dans la gestion de vos informations (en Suisse romande et al\u00e9manique)\" \/>\n<meta name=\"robots\" content=\"index, follow, max-snippet:-1, max-image-preview:large, max-video-preview:-1\" \/>\n<link rel=\"canonical\" href=\"https:\/\/www.docuteam.ch\/fr\/conseils-en-gestion-documentaire\/\" \/>\n<meta property=\"og:locale\" content=\"fr_FR\" \/>\n<meta property=\"og:type\" content=\"article\" \/>\n<meta property=\"og:title\" content=\"docuteam - Conseil et accompagnement en gestion de l&#039;information\" \/>\n<meta property=\"og:description\" content=\"Nos sp\u00e9cialistes form\u00e9s et exp\u00e9riment\u00e9s vous aide \u00e0 avoir une approche globale et optimis\u00e9e dans la gestion de vos informations.\" \/>\n<meta property=\"og:url\" content=\"https:\/\/www.docuteam.ch\/fr\/conseils-en-gestion-documentaire\/\" \/>\n<meta property=\"og:site_name\" content=\"docuteam\" \/>\n<meta property=\"article:modified_time\" content=\"2026-02-18T06:13:00+00:00\" \/>\n<meta property=\"og:image\" content=\"https:\/\/www.docuteam.ch\/wp-content\/uploads\/2021\/04\/Evaulation.jpg\" \/>\n\t<meta property=\"og:image:width\" content=\"675\" \/>\n\t<meta property=\"og:image:height\" content=\"450\" \/>\n\t<meta property=\"og:image:type\" content=\"image\/jpeg\" \/>\n<meta name=\"twitter:card\" content=\"summary_large_image\" \/>\n<meta name=\"twitter:title\" content=\"docuteam - Conseil et accompagnement en gestion de l&#039;information\" \/>\n<meta name=\"twitter:description\" content=\"Nos sp\u00e9cialistes form\u00e9s et exp\u00e9riment\u00e9s vous aide \u00e0 avoir une approche globale et optimis\u00e9e dans la gestion de vos informations.\" \/>\n<meta name=\"twitter:image\" content=\"https:\/\/www.docuteam.ch\/wp-content\/uploads\/2021\/04\/Evaulation.jpg\" \/>\n<meta name=\"twitter:site\" content=\"@DocuteamCH\" \/>\n<script type=\"application\/ld+json\" class=\"yoast-schema-graph\">{\"@context\":\"https:\\\/\\\/schema.org\",\"@graph\":[{\"@type\":\"WebPage\",\"@id\":\"https:\\\/\\\/www.docuteam.ch\\\/fr\\\/conseils-en-gestion-documentaire\\\/\",\"url\":\"https:\\\/\\\/www.docuteam.ch\\\/fr\\\/conseils-en-gestion-documentaire\\\/\",\"name\":\"docuteam - Conseil et accompagnement en gestion de l'information\",\"isPartOf\":{\"@id\":\"https:\\\/\\\/www.docuteam.ch\\\/fr\\\/#website\"},\"datePublished\":\"2021-03-04T13:42:05+00:00\",\"dateModified\":\"2026-02-18T06:13:00+00:00\",\"description\":\"Nos sp\u00e9cialistes vous aident \u00e0 avoir une approche globale et optimis\u00e9e dans la gestion de vos informations (en Suisse romande et al\u00e9manique)\",\"breadcrumb\":{\"@id\":\"https:\\\/\\\/www.docuteam.ch\\\/fr\\\/conseils-en-gestion-documentaire\\\/#breadcrumb\"},\"inLanguage\":\"fr-FR\",\"potentialAction\":[{\"@type\":\"ReadAction\",\"target\":[\"https:\\\/\\\/www.docuteam.ch\\\/fr\\\/conseils-en-gestion-documentaire\\\/\"]}]},{\"@type\":\"BreadcrumbList\",\"@id\":\"https:\\\/\\\/www.docuteam.ch\\\/fr\\\/conseils-en-gestion-documentaire\\\/#breadcrumb\",\"itemListElement\":[{\"@type\":\"ListItem\",\"position\":1,\"name\":\"Accueil\",\"item\":\"https:\\\/\\\/www.docuteam.ch\\\/fr\\\/\"},{\"@type\":\"ListItem\",\"position\":2,\"name\":\"Conseil en gestion de l&#8217;information\"}]},{\"@type\":\"WebSite\",\"@id\":\"https:\\\/\\\/www.docuteam.ch\\\/fr\\\/#website\",\"url\":\"https:\\\/\\\/www.docuteam.ch\\\/fr\\\/\",\"name\":\"docuteam\",\"description\":\"Informationen sind Ihr langfristiges Kapital\",\"publisher\":{\"@id\":\"https:\\\/\\\/www.docuteam.ch\\\/fr\\\/#organization\"},\"potentialAction\":[{\"@type\":\"SearchAction\",\"target\":{\"@type\":\"EntryPoint\",\"urlTemplate\":\"https:\\\/\\\/www.docuteam.ch\\\/fr\\\/?s={search_term_string}\"},\"query-input\":{\"@type\":\"PropertyValueSpecification\",\"valueRequired\":true,\"valueName\":\"search_term_string\"}}],\"inLanguage\":\"fr-FR\"},{\"@type\":\"Organization\",\"@id\":\"https:\\\/\\\/www.docuteam.ch\\\/fr\\\/#organization\",\"name\":\"docuteam\",\"url\":\"https:\\\/\\\/www.docuteam.ch\\\/fr\\\/\",\"logo\":{\"@type\":\"ImageObject\",\"inLanguage\":\"fr-FR\",\"@id\":\"https:\\\/\\\/www.docuteam.ch\\\/fr\\\/#\\\/schema\\\/logo\\\/image\\\/\",\"url\":\"https:\\\/\\\/www.docuteam.ch\\\/wp-content\\\/uploads\\\/2021\\\/03\\\/docuteam_big.png\",\"contentUrl\":\"https:\\\/\\\/www.docuteam.ch\\\/wp-content\\\/uploads\\\/2021\\\/03\\\/docuteam_big.png\",\"width\":200,\"height\":45,\"caption\":\"docuteam\"},\"image\":{\"@id\":\"https:\\\/\\\/www.docuteam.ch\\\/fr\\\/#\\\/schema\\\/logo\\\/image\\\/\"},\"sameAs\":[\"https:\\\/\\\/x.com\\\/DocuteamCH\",\"https:\\\/\\\/www.linkedin.com\\\/company\\\/docuteam-ag\\\/mycompany\\\/\"]}]}<\/script>\n<!-- \/ Yoast SEO plugin. -->","yoast_head_json":{"title":"docuteam - Conseil et accompagnement en gestion de l'information","description":"Nos sp\u00e9cialistes vous aident \u00e0 avoir une approche globale et optimis\u00e9e dans la gestion de vos informations (en Suisse romande et al\u00e9manique)","robots":{"index":"index","follow":"follow","max-snippet":"max-snippet:-1","max-image-preview":"max-image-preview:large","max-video-preview":"max-video-preview:-1"},"canonical":"https:\/\/www.docuteam.ch\/fr\/conseils-en-gestion-documentaire\/","og_locale":"fr_FR","og_type":"article","og_title":"docuteam - Conseil et accompagnement en gestion de l'information","og_description":"Nos sp\u00e9cialistes form\u00e9s et exp\u00e9riment\u00e9s vous aide \u00e0 avoir une approche globale et optimis\u00e9e dans la gestion de vos informations.","og_url":"https:\/\/www.docuteam.ch\/fr\/conseils-en-gestion-documentaire\/","og_site_name":"docuteam","article_modified_time":"2026-02-18T06:13:00+00:00","og_image":[{"width":675,"height":450,"url":"https:\/\/www.docuteam.ch\/wp-content\/uploads\/2021\/04\/Evaulation.jpg","type":"image\/jpeg"}],"twitter_card":"summary_large_image","twitter_title":"docuteam - Conseil et accompagnement en gestion de l'information","twitter_description":"Nos sp\u00e9cialistes form\u00e9s et exp\u00e9riment\u00e9s vous aide \u00e0 avoir une approche globale et optimis\u00e9e dans la gestion de vos informations.","twitter_image":"https:\/\/www.docuteam.ch\/wp-content\/uploads\/2021\/04\/Evaulation.jpg","twitter_site":"@DocuteamCH","schema":{"@context":"https:\/\/schema.org","@graph":[{"@type":"WebPage","@id":"https:\/\/www.docuteam.ch\/fr\/conseils-en-gestion-documentaire\/","url":"https:\/\/www.docuteam.ch\/fr\/conseils-en-gestion-documentaire\/","name":"docuteam - Conseil et accompagnement en gestion de l'information","isPartOf":{"@id":"https:\/\/www.docuteam.ch\/fr\/#website"},"datePublished":"2021-03-04T13:42:05+00:00","dateModified":"2026-02-18T06:13:00+00:00","description":"Nos sp\u00e9cialistes vous aident \u00e0 avoir une approche globale et optimis\u00e9e dans la gestion de vos informations (en Suisse romande et al\u00e9manique)","breadcrumb":{"@id":"https:\/\/www.docuteam.ch\/fr\/conseils-en-gestion-documentaire\/#breadcrumb"},"inLanguage":"fr-FR","potentialAction":[{"@type":"ReadAction","target":["https:\/\/www.docuteam.ch\/fr\/conseils-en-gestion-documentaire\/"]}]},{"@type":"BreadcrumbList","@id":"https:\/\/www.docuteam.ch\/fr\/conseils-en-gestion-documentaire\/#breadcrumb","itemListElement":[{"@type":"ListItem","position":1,"name":"Accueil","item":"https:\/\/www.docuteam.ch\/fr\/"},{"@type":"ListItem","position":2,"name":"Conseil en gestion de l&#8217;information"}]},{"@type":"WebSite","@id":"https:\/\/www.docuteam.ch\/fr\/#website","url":"https:\/\/www.docuteam.ch\/fr\/","name":"docuteam","description":"Informationen sind Ihr langfristiges Kapital","publisher":{"@id":"https:\/\/www.docuteam.ch\/fr\/#organization"},"potentialAction":[{"@type":"SearchAction","target":{"@type":"EntryPoint","urlTemplate":"https:\/\/www.docuteam.ch\/fr\/?s={search_term_string}"},"query-input":{"@type":"PropertyValueSpecification","valueRequired":true,"valueName":"search_term_string"}}],"inLanguage":"fr-FR"},{"@type":"Organization","@id":"https:\/\/www.docuteam.ch\/fr\/#organization","name":"docuteam","url":"https:\/\/www.docuteam.ch\/fr\/","logo":{"@type":"ImageObject","inLanguage":"fr-FR","@id":"https:\/\/www.docuteam.ch\/fr\/#\/schema\/logo\/image\/","url":"https:\/\/www.docuteam.ch\/wp-content\/uploads\/2021\/03\/docuteam_big.png","contentUrl":"https:\/\/www.docuteam.ch\/wp-content\/uploads\/2021\/03\/docuteam_big.png","width":200,"height":45,"caption":"docuteam"},"image":{"@id":"https:\/\/www.docuteam.ch\/fr\/#\/schema\/logo\/image\/"},"sameAs":["https:\/\/x.com\/DocuteamCH","https:\/\/www.linkedin.com\/company\/docuteam-ag\/mycompany\/"]}]}},"_links":{"self":[{"href":"https:\/\/www.docuteam.ch\/fr\/wp-json\/wp\/v2\/pages\/237","targetHints":{"allow":["GET"]}}],"collection":[{"href":"https:\/\/www.docuteam.ch\/fr\/wp-json\/wp\/v2\/pages"}],"about":[{"href":"https:\/\/www.docuteam.ch\/fr\/wp-json\/wp\/v2\/types\/page"}],"author":[{"embeddable":true,"href":"https:\/\/www.docuteam.ch\/fr\/wp-json\/wp\/v2\/users\/2"}],"replies":[{"embeddable":true,"href":"https:\/\/www.docuteam.ch\/fr\/wp-json\/wp\/v2\/comments?post=237"}],"version-history":[{"count":178,"href":"https:\/\/www.docuteam.ch\/fr\/wp-json\/wp\/v2\/pages\/237\/revisions"}],"predecessor-version":[{"id":56639,"href":"https:\/\/www.docuteam.ch\/fr\/wp-json\/wp\/v2\/pages\/237\/revisions\/56639"}],"wp:attachment":[{"href":"https:\/\/www.docuteam.ch\/fr\/wp-json\/wp\/v2\/media?parent=237"}],"curies":[{"name":"wp","href":"https:\/\/api.w.org\/{rel}","templated":true}]}}