{"id":3031,"date":"2021-03-24T17:24:57","date_gmt":"2021-03-24T16:24:57","guid":{"rendered":"https:\/\/www.docuteam.ch\/?page_id=3031"},"modified":"2025-06-19T17:47:54","modified_gmt":"2025-06-19T15:47:54","slug":"gestion-et-traitement-darchives","status":"publish","type":"page","link":"https:\/\/www.docuteam.ch\/fr\/gestion-et-traitement-darchives\/","title":{"rendered":"Traitement et gestion d&rsquo;archives, analogiques et num\u00e9riques"},"content":{"rendered":"<div class=\"wpb-content-wrapper\">[vc_row css=\u00a0\u00bb.vc_custom_1618413499233{margin-top: 60px !important;}\u00a0\u00bb][vc_column width=\u00a0\u00bb2\/3&Prime;][vc_column_text font_size=\u00a0\u00bbd:20|tl:20|tp:20|pl:17|pp:17&Prime; line_height=\u00a0\u00bb2&Prime; text_align=\u00a0\u00bbleft\u00a0\u00bb]Avec nos prestations en gestion d\u2019archives, nous mettons notre exp\u00e9rience \u00e0 votre service pour traiter vos dossiers papier et \u00e9lectroniques afin que vous n\u2019ayez pas \u00e0 vous en pr\u00e9occuper.<br \/>\nNous nous chargeons du travail, tandis que les archives sont conserv\u00e9es chez vous ou chez le prestataire logistique de votre choix.[\/vc_column_text][\/vc_column][vc_column width=\u00a0\u00bb1\/3&Prime;]<style>.vcex-heading.vcex_69f3584867d02{color:#000000;font-size:20px;font-weight:700;}.vcex-heading.vcex_69f3584867d02:hover{color:#000000;}@media (max-width:1024px){.vcex-heading.vcex_69f3584867d02{font-size:20px;}}@media (max-width:959px){.vcex-heading.vcex_69f3584867d02{font-size:20px;}}@media (max-width:767px){.vcex-heading.vcex_69f3584867d02{font-size:17px;}}@media (max-width:479px){.vcex-heading.vcex_69f3584867d02{font-size:17px;}}<\/style><h3 class=\"vcex-heading vcex-heading-plain vcex-module wpex-heading wpex-text-2xl wpex-text-left vc_custom_1679327778297 vcex_69f3584867d02\"><span class=\"vcex-heading-inner wpex-inline-block\">Contenu<\/span><\/h3><style>.vcex-heading.vcex_69f3584868790{color:#cc0000;font-size:20px;font-weight:600;line-height:2;}.vcex-heading.vcex_69f3584868790:hover{color:#000000;}@media (max-width:1024px){.vcex-heading.vcex_69f3584868790{font-size:20px;}}@media (max-width:959px){.vcex-heading.vcex_69f3584868790{font-size:20px;}}@media (max-width:767px){.vcex-heading.vcex_69f3584868790{font-size:17px;}}@media (max-width:479px){.vcex-heading.vcex_69f3584868790{font-size:17px;}}<\/style><div class=\"vcex-heading vcex-heading-plain vcex-module wpex-heading wpex-text-2xl vc_custom_1679327771359 vcex_69f3584868790\"><a href=\"#classement-et-description\" class=\"local-scroll-link wpex-no-underline wpex-inherit-color-important\" title=\"Classement et description\" target=\"_self\"><span class=\"vcex-heading-inner wpex-inline-block\"><span class=\"vcex-heading-icon vcex-heading-icon-left vcex-icon-wrap wpex-mr-10\"><span aria-hidden=\"true\" class=\"fas fa-arrow-right\"><\/span><\/span>Classement et description<\/span><\/a><\/div><style>.vcex-heading.vcex_69f3584868e1a{color:#cc0000;font-size:20px;font-weight:600;line-height:2;}.vcex-heading.vcex_69f3584868e1a:hover{color:#000000;}@media (max-width:1024px){.vcex-heading.vcex_69f3584868e1a{font-size:20px;}}@media (max-width:959px){.vcex-heading.vcex_69f3584868e1a{font-size:20px;}}@media (max-width:767px){.vcex-heading.vcex_69f3584868e1a{font-size:17px;}}@media (max-width:479px){.vcex-heading.vcex_69f3584868e1a{font-size:17px;}}<\/style><div class=\"vcex-heading vcex-heading-plain vcex-module wpex-heading wpex-text-2xl vc_custom_1679327783721 vcex_69f3584868e1a\"><a href=\"#evaluation-archivistique\" class=\"local-scroll-link wpex-no-underline wpex-inherit-color-important\" title=\"\u00c9valuation archivistique et tri\" target=\"_self\"><span class=\"vcex-heading-inner wpex-inline-block\"><span class=\"vcex-heading-icon vcex-heading-icon-left vcex-icon-wrap wpex-mr-10\"><span aria-hidden=\"true\" class=\"fas fa-arrow-right\"><\/span><\/span>\u00c9valuation archivistique et tri<\/span><\/a><\/div><style>.vcex-heading.vcex_69f3584869403{color:#cc0000;font-size:20px;font-weight:600;line-height:2;}.vcex-heading.vcex_69f3584869403:hover{color:#000000;}@media (max-width:1024px){.vcex-heading.vcex_69f3584869403{font-size:20px;}}@media (max-width:959px){.vcex-heading.vcex_69f3584869403{font-size:20px;}}@media (max-width:767px){.vcex-heading.vcex_69f3584869403{font-size:17px;}}@media (max-width:479px){.vcex-heading.vcex_69f3584869403{font-size:17px;}}<\/style><div class=\"vcex-heading vcex-heading-plain vcex-module wpex-heading wpex-text-2xl vc_custom_1679327789529 vcex_69f3584869403\"><a href=\"#prise-en-charge\" class=\"local-scroll-link wpex-no-underline wpex-inherit-color-important\" title=\"Prise en charge de l\u2019archivage\" target=\"_self\"><span class=\"vcex-heading-inner wpex-inline-block\"><span class=\"vcex-heading-icon vcex-heading-icon-left vcex-icon-wrap wpex-mr-10\"><span aria-hidden=\"true\" class=\"fas fa-arrow-right\"><\/span><\/span>Prise en charge de l\u2019archivage<\/span><\/a><\/div><style>.vcex-heading.vcex_69f35848699de{color:#cc0000;font-size:20px;font-weight:600;line-height:2;}.vcex-heading.vcex_69f35848699de:hover{color:#000000;}@media (max-width:1024px){.vcex-heading.vcex_69f35848699de{font-size:20px;}}@media (max-width:959px){.vcex-heading.vcex_69f35848699de{font-size:20px;}}@media (max-width:767px){.vcex-heading.vcex_69f35848699de{font-size:17px;}}@media (max-width:479px){.vcex-heading.vcex_69f35848699de{font-size:17px;}}<\/style><div class=\"vcex-heading vcex-heading-plain vcex-module wpex-heading wpex-text-2xl vc_custom_1679327818761 vcex_69f35848699de\"><a href=\"#conversion-formats\" class=\"local-scroll-link wpex-no-underline wpex-inherit-color-important\" title=\"Conversion de formats de fichiers\" target=\"_self\"><span class=\"vcex-heading-inner wpex-inline-block\"><span class=\"vcex-heading-icon vcex-heading-icon-left vcex-icon-wrap wpex-mr-10\"><span aria-hidden=\"true\" class=\"fas fa-arrow-right\"><\/span><\/span>Conversion de formats de fichiers<\/span><\/a><\/div><div class=\"vcex-module vcex-divider vcex-divider-solid vcex-divider-center wpex-mx-auto wpex-block wpex-h-0 wpex-border-b wpex-border-solid wpex-border-main\" style=\"border-color:#1e1e1e;\"><\/div><style>.vcex-button.vcex_69f358486ac4b{margin-block-start:30px;}<\/style><a href=\"https:\/\/outlook.office.com\/book\/docuteamAGfr@docuteam.ch\/s\/z6SIPnm9qEC_tkxUkhAc3w2\" class=\"vcex-button theme-button inline vcex_69f358486ac4b\" target=\"_blank\" rel=\"noopener noreferrer\"><span class=\"vcex-button-inner theme-button-inner wpex-flex wpex-flex-wrap wpex-items-center wpex-justify-center\">Prendre rendez-vous<\/span><\/a> [\/vc_column][\/vc_row][vc_row css=\u00a0\u00bb.vc_custom_1680518442120{margin-top: 40px !important;}\u00a0\u00bb local_scroll_id=\u00a0\u00bbclassement-et-description\u00a0\u00bb][vc_column]<style>.vcex-heading.vcex_69f358486b217{color:#cc0000;font-size:35px;font-weight:600;}.vcex-heading.vcex_69f358486b217:hover{color:#cc0000;}@media (max-width:1024px){.vcex-heading.vcex_69f358486b217{font-size:30px;}}@media (max-width:959px){.vcex-heading.vcex_69f358486b217{font-size:30px;}}@media (max-width:767px){.vcex-heading.vcex_69f358486b217{font-size:22px;}}@media (max-width:479px){.vcex-heading.vcex_69f358486b217{font-size:22px;}}<\/style><h2 class=\"vcex-heading vcex-heading-plain vcex-module wpex-heading wpex-text-2xl vcex_69f358486b217\"><span class=\"vcex-heading-inner wpex-inline-block\">Classement et description d\u2019archives<\/span><\/h2>[vc_column_text font_size=\u00a0\u00bbd:20|tl:20|tp:20|pl:17|pp:17&Prime; line_height=\u00a0\u00bb2&Prime; text_align=\u00a0\u00bbleft\u00a0\u00bb]Vous souhaitez trouver rapidement ce dont vous avez besoin dans vos archives?<\/p>\n<ul>\n<li><strong>Classement et description :<\/strong> Nous classons vos dossiers selon les principes archivistiques, notamment le respect des fonds (principe de provenance). Nous trions et \u00e9liminons les exemplaires surnum\u00e9raires et les documents qui n\u2019ont pas de valeur probante et archivistique. Nous r\u00e9digeons des inventaires conformes aux <a href=\"https:\/\/www.ica.org\/fr\/isadg-norme-generale-et-internationale-de-description-archivistique-deuxieme-edition\" target=\"_blank\" rel=\"noopener\">normes internationales de description <\/a>; pour ce faire, nous travaillons avec un syst\u00e8me d\u2019information archivistique d\u00e9velopp\u00e9 par nos soins, docuteam curator, ou avec les syst\u00e8mes courants \u00e0 disposition sur le march\u00e9, en fonction de vos besoins.<\/li>\n<li><strong>Inventaires d\u2019archives en ligne :<\/strong> Nous nous adaptons \u00e0 votre situation. Avec notre logiciel de description, vous n\u2019avez pas besoin de vous doter de votre propre syst\u00e8me d\u2019information archivistique et vous avez un acc\u00e8s en ligne en tout temps \u00e0 vos inventaires par le biais d\u2019une connexion s\u00e9curis\u00e9e dans notre application web docuteam webgate. Et si vous le souhaitez, les inventaires peuvent aussi \u00eatre rendus publics, int\u00e9gralement ou en partie seulement, sans mot de passe. Si vous travaillez d\u00e9j\u00e0 avec un syst\u00e8me d\u2019information archivistique, nous vous accompagnons pour la publication et la mise en ligne de vos inventaires.<\/li>\n<li><strong>Pr\u00e9servation\u00a0:<\/strong> Nous retirons les \u00e9l\u00e9ments qui nuisent \u00e0 la conservation et reconditionnons les dossiers papier dans du mat\u00e9riel de conservation p\u00e9renne, conforme aux normes internationales. Nous nous assurons ensuite que vos archives soient d\u00e9pos\u00e9es dans des espaces adapt\u00e9s, dans l\u2019un de vos locaux ou chez un prestataire de votre choix.<\/li>\n<\/ul>\n<p>Nous effectuons \u00e9galement ces m\u00eames t\u00e2ches pour vos archives \u00e9lectroniques, gr\u00e2ce \u00e0 notre plateforme <a href=\"https:\/\/www.docuteam.ch\/fr\/docuteam-cosmos\/\" target=\"_blank\" rel=\"noopener\">docuteam cosmos<\/a>, ou \u00e0 une autre solution d\u2019archivage num\u00e9rique.[\/vc_column_text][\/vc_column][\/vc_row][vc_row css=\u00a0\u00bb.vc_custom_1680518534071{padding-top: 40px !important;}\u00a0\u00bb local_scroll_id=\u00a0\u00bbevaluation-archivistique\u00a0\u00bb][vc_column]<style>.vcex-heading.vcex_69f358486b7fe{color:#cc0000;font-size:35px;font-weight:600;}.vcex-heading.vcex_69f358486b7fe:hover{color:#cc0000;}@media (max-width:1024px){.vcex-heading.vcex_69f358486b7fe{font-size:30px;}}@media (max-width:959px){.vcex-heading.vcex_69f358486b7fe{font-size:30px;}}@media (max-width:767px){.vcex-heading.vcex_69f358486b7fe{font-size:22px;}}@media (max-width:479px){.vcex-heading.vcex_69f358486b7fe{font-size:22px;}}<\/style><h2 class=\"vcex-heading vcex-heading-plain vcex-module wpex-heading wpex-text-2xl wpex-text-left vcex_69f358486b7fe\"><span class=\"vcex-heading-inner wpex-inline-block\">\u00c9valuation archivistique et tri<\/span><\/h2>[\/vc_column][\/vc_row][vc_row css=\u00a0\u00bb.vc_custom_1618413575442{margin-top: 10px !important;}\u00a0\u00bb][vc_column width=\u00a0\u00bb1\/2&Prime;][vc_single_image image=\u00a0\u00bb7529&Prime; onclick=\u00a0\u00bblink_image\u00a0\u00bb css=\u00a0\u00bb.vc_custom_1679315019704{padding-top: 15px !important;padding-bottom: 15px !important;}\u00a0\u00bb lightbox_title=\u00a0\u00bbHistorische Dokumente &#8211; Vikariat, Genf\u00a0\u00bb][\/vc_column][vc_column width=\u00a0\u00bb1\/2&Prime;][vc_column_text color=\u00a0\u00bb#000000&Prime; font_size=\u00a0\u00bbd:20|tl:20|tp:20|pl:17|pp:17&Prime; line_height=\u00a0\u00bb2&Prime; text_align=\u00a0\u00bbleft\u00a0\u00bb]Vous souhaitez \u00e9conomiser de la place ou de l\u2019espace de stockage\u00a0? L\u2019\u00e9valuation archivistique permet de d\u00e9terminer quels dossiers doivent \u00eatre gard\u00e9s et quels dossiers peuvent \u00eatre \u00e9limin\u00e9s.[\/vc_column_text][\/vc_column][\/vc_row][vc_row css=\u00a0\u00bb.vc_custom_1679314578832{padding-top: 10px !important;}\u00a0\u00bb][vc_column][vc_column_text font_size=\u00a0\u00bbd:20|tl:20|tp:20|pl:17|pp:17&Prime; line_height=\u00a0\u00bb2&Prime; text_align=\u00a0\u00bbleft\u00a0\u00bb]\n<ul>\n<li><strong>\u00c9valuation et tri :<\/strong> Nous faisons le tri dans vos dossiers d\u2019archives en appliquant les r\u00e8gles de conservation en vigueur (d\u00e9lais de conservation l\u00e9gaux, sorts finaux) et r\u00e9digeons un bordereau d\u2019\u00e9limination ou de versement, avant de proc\u00e9der effectivement \u00e0 la destruction confidentielle ou au versement de vos archives.<\/li>\n<li><strong>\u00c9valuation des donn\u00e9es des syst\u00e8mes:<\/strong> Chaque ann\u00e9e, nous \u00e9valuons les donn\u00e9es de vos <a href=\"https:\/\/www.docuteam.ch\/fr\/conseils-en-gestion-documentaire\/\" target=\"_blank\" rel=\"noopener\">syst\u00e8mes de gestion \u00e9lectronique des documents<\/a> (GED). Nous assurons le tri des donn\u00e9es et vous soumettons les bordereaux pour validation. Nous migrons enfin les donn\u00e9es vers une plateforme d\u2019<a href=\"https:\/\/www.docuteam.ch\/fr\/docuteam-cosmos\/\" target=\"_blank\" rel=\"noopener\">archivage \u00e9lectronique<span style=\"text-decoration: line-through;\">s<\/span> \u00e0 long terme<\/a> et d\u00e9truisons les donn\u00e9es obsol\u00e8tes ou sans valeur archivistique probante.<\/li>\n<li><strong>Versement\u00a0:<\/strong> Pour les services et les institutions publiques et parapubliques, nous organisons les versements et nous chargeons de superviser et documenter la livraison des archives aux archives f\u00e9d\u00e9rales ou cantonales.<\/li>\n<\/ul>\n<p>Nous proc\u00e9dons de la m\u00eame mani\u00e8re pour les archives num\u00e9riques dans vos serveurs, vos arborescences de fichiers, vos disques durs externes.[\/vc_column_text][\/vc_column][\/vc_row][vc_row css=\u00a0\u00bb.vc_custom_1680518571498{padding-top: 40px !important;}\u00a0\u00bb local_scroll_id=\u00a0\u00bbprise-en-charge\u00a0\u00bb][vc_column]<style>.vcex-heading.vcex_69f358486bda3{color:#cc0000;font-size:35px;font-weight:600;}.vcex-heading.vcex_69f358486bda3:hover{color:#cc0000;}@media (max-width:1024px){.vcex-heading.vcex_69f358486bda3{font-size:30px;}}@media (max-width:959px){.vcex-heading.vcex_69f358486bda3{font-size:30px;}}@media (max-width:767px){.vcex-heading.vcex_69f358486bda3{font-size:22px;}}@media (max-width:479px){.vcex-heading.vcex_69f358486bda3{font-size:22px;}}<\/style><h2 class=\"vcex-heading vcex-heading-plain vcex-module wpex-heading wpex-text-2xl wpex-text-left vcex_69f358486bda3\"><span class=\"vcex-heading-inner wpex-inline-block\">Prise en charge de l\u2019archivage (externalisation)<\/span><\/h2>[\/vc_column][\/vc_row][vc_row css=\u00a0\u00bb.vc_custom_1679314697076{padding-top: 10px !important;}\u00a0\u00bb][vc_column width=\u00a0\u00bb1\/2&Prime;][vc_single_image image=\u00a0\u00bb3204&Prime; onclick=\u00a0\u00bblink_image\u00a0\u00bb css=\u00a0\u00bb.vc_custom_1679315066459{padding-top: 15px !important;padding-bottom: 15px !important;}\u00a0\u00bb lightbox_title=\u00a0\u00bbArchivbewirtschaftung &#8211; docuteam, Baden\u00a0\u00bb][\/vc_column][vc_column width=\u00a0\u00bb1\/2&Prime;][vc_column_text text_align=\u00a0\u00bbleft\u00a0\u00bb color=\u00a0\u00bb#000000&Prime; font_size=\u00a0\u00bbd:20|tl:20|tp:20|pl:17|pp:17&Prime; line_height=\u00a0\u00bb2&Prime;]La prise en charge de vos archives sur le long terme, quel qu\u2019en soit le support (analogique, num\u00e9rique) est notre c\u0153ur de m\u00e9tier. En externalisant les t\u00e2ches d\u2019archivage, nos sp\u00e9cialistes deviennent vos archivistes. Ce mod\u00e8le a fait ses preuves pour de nombreuses communes, villes, entreprises et organisations qui n\u2019ont pas leur propre service d\u2019archives mais souhaitent un suivi professionnel externalis\u00e9; nos mandats les plus anciens remontent \u00e0 la fondation de docuteam en 2003.[\/vc_column_text][\/vc_column][\/vc_row][vc_row css=\u00a0\u00bb.vc_custom_1679315090441{padding-top: 10px !important;}\u00a0\u00bb][vc_column][vc_column_text text_align=\u00a0\u00bbleft\u00a0\u00bb font_size=\u00a0\u00bbd:20|tl:20|tp:20|pl:17|pp:17&Prime; line_height=\u00a0\u00bb2&Prime;]\n<ul>\n<li><strong>Suivi p\u00e9riodique:<\/strong> Nos sp\u00e9cialistes vous rendent visite \u00e0 intervalles r\u00e9guliers et effectuent toutes les activit\u00e9s d\u2019archivage n\u00e9cessaires \u00e0 votre structure. Nous \u00e9valuons et trions vos dossiers, \u00e9liminons confidentiellement ce qui peut l\u2019\u00eatre, traitons vos archives historiques, veillons \u00e0 leur bonne conservation et mettons \u00e0 jour les inventaires.<\/li>\n<li><strong>Communication, valorisation et conseil:<\/strong> Vous vous appuyer sur nous pour toutes les t\u00e2ches relatives aux archives. Nous r\u00e9pondons aux demandes de renseignements qui vous sont adress\u00e9es, nous conseillons vos services et votre personnel sur la meilleure mani\u00e8re de g\u00e9rer les documents et les archives et <a href=\"https:\/\/www.docuteam.ch\/fr\/numerisation-de-documents-et-darchives\/\" target=\"_blank\" rel=\"noopener\">nous vous accompagnons si vous souhaitez num\u00e9riser ou valoriser vos archives<\/a>.<\/li>\n<li><strong>D\u00e9m\u00e9nagement d\u2019archives:<\/strong> Nous organisons tous les transports d\u2019archives, qu\u2019ils soient assur\u00e9s par nos soins ou confi\u00e9s \u00e0 des tiers.<\/li>\n<\/ul>\n[\/vc_column_text][\/vc_column][\/vc_row][vc_row css=\u00a0\u00bb.vc_custom_1680518595898{padding-top: 40px !important;}\u00a0\u00bb local_scroll_id=\u00a0\u00bbconversion-formats\u00a0\u00bb][vc_column]<style>.vcex-heading.vcex_69f358486c336{color:#cc0000;font-size:35px;font-weight:600;}.vcex-heading.vcex_69f358486c336:hover{color:#cc0000;}@media (max-width:1024px){.vcex-heading.vcex_69f358486c336{font-size:30px;}}@media (max-width:959px){.vcex-heading.vcex_69f358486c336{font-size:30px;}}@media (max-width:767px){.vcex-heading.vcex_69f358486c336{font-size:22px;}}@media (max-width:479px){.vcex-heading.vcex_69f358486c336{font-size:22px;}}<\/style><h2 class=\"vcex-heading vcex-heading-plain vcex-module wpex-heading wpex-text-2xl wpex-text-left vcex_69f358486c336\"><span class=\"vcex-heading-inner wpex-inline-block\">Conversion de formats de fichiers<\/span><\/h2>[\/vc_column][\/vc_row][vc_row css=\u00a0\u00bb.vc_custom_1619047651560{margin-top: 10px !important;}\u00a0\u00bb][vc_column width=\u00a0\u00bb1\/2&Prime;][vc_single_image image=\u00a0\u00bb5411&Prime; onclick=\u00a0\u00bblink_image\u00a0\u00bb css=\u00a0\u00bb.vc_custom_1619047638637{padding-top: 15px !important;padding-bottom: 15px !important;}\u00a0\u00bb lightbox_title=\u00a0\u00bbDigitale Archiv &#8211; lizenzfreies Bild\u00a0\u00bb][\/vc_column][vc_column width=\u00a0\u00bb1\/2&Prime;][vc_column_text text_align=\u00a0\u00bbleft\u00a0\u00bb color=\u00a0\u00bb#000000&Prime; font_size=\u00a0\u00bbd:20|tl:20|tp:20|pl:17|pp:17&Prime; line_height=\u00a0\u00bb2&Prime;]Vous souhaitez convertir des fichiers dans de nouveaux formats pour qu\u2019ils restent utilisables \u00e0 long terme ou pour pouvoir les confier \u00e0 des archives publiques\u00a0?[\/vc_column_text][\/vc_column][\/vc_row][vc_row css=\u00a0\u00bb.vc_custom_1679315142427{padding-top: 10px !important;}\u00a0\u00bb][vc_column][vc_column_text text_align=\u00a0\u00bbleft\u00a0\u00bb font_size=\u00a0\u00bbd:20|tl:20|tp:20|pl:17|pp:17&Prime; line_height=\u00a0\u00bb2&Prime;]\n<ul>\n<li><strong>Pr\u00e9paration:<\/strong> Nous analysons le type, l\u2019importance et la complexit\u00e9 de vos donn\u00e9es, recommandons une marche \u00e0 suivre pour l\u2019extraction de celles-ci et effectuons si n\u00e9cessaire une d\u00e9termination de leur valeur archivistique.<\/li>\n<li><strong>S\u00e9lection de fichiers:<\/strong> Dans les cas les plus simples, les donn\u00e9es sont extraites du syst\u00e8me de fichiers, mais nous pouvons \u00e9galement extraire sans probl\u00e8me des donn\u00e9es d\u2019un syst\u00e8me de gestion \u00e9lectronique des documents (GED) ou d\u2019une application m\u00e9tier. Il est \u00e9galement possible d\u2019archiver les donn\u00e9es d\u2019un projet de num\u00e9risation.<\/li>\n<li><strong>Versement dans le syst\u00e8me d\u2019archivage \u00e9lectronique (\u00abingest\u00bb):<\/strong> Pour pr\u00e9parer l\u2019archivage de fichiers, il faut v\u00e9rifier leur int\u00e9grit\u00e9 et leurs formats, les convertir dans un format d\u2019archivage, pr\u00e9parer les m\u00e9tadonn\u00e9es et documenter les op\u00e9rations r\u00e9alis\u00e9es. La description archivistique peut \u00eatre effectu\u00e9e selon la norme ISAD(G) et les paquets d\u2019information archiv\u00e9s (AIP) peuvent \u00eatre cr\u00e9\u00e9s dans les <a href=\"https:\/\/docs.docuteam.ch\/fr\/introduction\/matterhorn\/\" target=\"_blank\" rel=\"noopener\">formats Matterhorn METS<\/a> (METS, Premis, EAD) ou eCH-0160.<\/li>\n<li><strong>Transmission:<\/strong> Nous transf\u00e9rons les donn\u00e9es de mani\u00e8re s\u00e9curis\u00e9e aux archives. Les m\u00e9tadonn\u00e9es sont pr\u00e9par\u00e9es pour pouvoir \u00eatre import\u00e9es dans un syst\u00e8me d\u2019information archivistique (SIA). Si vous ne disposez pas d\u00e9j\u00e0 d\u2019un logiciel de ce type, nous pouvons vous donner un acc\u00e8s s\u00e9curis\u00e9 \u00e0 notre plateforme web docuteam webgate.<\/li>\n<li><strong>H\u00e9bergement: <\/strong>Vous pouvez stocker les paquets d\u2019information archiv\u00e9s (AIP) de diff\u00e9rentes mani\u00e8res: a) dans le d\u00e9p\u00f4t ou serveur d\u2019archives de votre choix; b) dans notre <a href=\"https:\/\/www.docuteam.ch\/fr\/docuteam-cosmos\/\" target=\"_blank\" rel=\"noopener\">solution d\u2019h\u00e9bergement, docuteam cosmos<\/a> (centres de donn\u00e9es en Suisse). Avec docuteam cosmos, vous effectuez vos recherches par le biais de notre interface web, docuteam webgate, et vous pouvez t\u00e9l\u00e9charger les donn\u00e9es sur votre poste.<\/li>\n<\/ul>\n[\/vc_column_text][\/vc_column][\/vc_row][vc_row full_width=\u00a0\u00bbstretch_row_content\u00a0\u00bb css=\u00a0\u00bb.vc_custom_1679315216500{margin-top: 40px !important;padding-top: 40px !important;padding-bottom: 40px !important;background-color: #f4f4f4 !important;}\u00a0\u00bb][vc_column]<div class=\"vcex-image-grid-wrap\"><div class=\"vcex-image-grid-css-wrapper vc_custom_1679317753594\"><div class=\"vcex-module vcex-image-grid grid-style-default wpex-row wpex-clr wpex-lightbox-group\" data-show_title=\"false\"><div class=\"id-3142 vcex-image-grid-entry vcex-grid-item wpex-text-center span_1_of_4 col col-1\"><figure class=\"vcex-image-grid-entry-figure wpex-last-mb-0 wpex-clr\"><div class=\"vcex-image-grid-entry-img entry-media wpex-relative wpex-image-hover opacity wpex-mb-20\"><a href=\"https:\/\/www.docuteam.ch\/wp-content\/uploads\/2021\/03\/Demenagement.jpg\" class=\"vcex-image-grid-entry-link wpex-lightbox-group-item\" data-show_title=\"false\" data-caption=\"Externalisation du traitement d'archives - Tobias Wildi - docuteam, Baden\"><img width=\"675\" height=\"450\" src=\"https:\/\/www.docuteam.ch\/wp-content\/uploads\/2021\/03\/Demenagement.jpg\" class=\"wpex-align-middle\" alt=\"Externalisation du traitement d&#039;archives - Tobias Wildi - docuteam, Baden\" loading=\"lazy\" decoding=\"async\" srcset=\"https:\/\/www.docuteam.ch\/wp-content\/uploads\/2021\/03\/Demenagement.jpg 675w, https:\/\/www.docuteam.ch\/wp-content\/uploads\/2021\/03\/Demenagement-300x200.jpg 300w\" sizes=\"auto, (max-width: 675px) 100vw, 675px\" \/><\/a><\/div><\/figure><\/div><div class=\"id-3122 vcex-image-grid-entry vcex-grid-item wpex-text-center span_1_of_4 col col-2\"><figure class=\"vcex-image-grid-entry-figure wpex-last-mb-0 wpex-clr\"><div class=\"vcex-image-grid-entry-img entry-media wpex-relative wpex-image-hover opacity wpex-mb-20\"><a href=\"https:\/\/www.docuteam.ch\/wp-content\/uploads\/2021\/03\/Archives_tri.jpg\" class=\"vcex-image-grid-entry-link wpex-lightbox-group-item\" data-show_title=\"false\" data-caption=\"Classification et tri d'archives -  Vicariat \u00e9piscopal de Gen\u00e8ve\"><img width=\"675\" height=\"450\" src=\"https:\/\/www.docuteam.ch\/wp-content\/uploads\/2021\/03\/Archives_tri.jpg\" class=\"wpex-align-middle\" alt=\"Classification et tri d&#039;archives - Vicariat \u00e9piscopal de Gen\u00e8ve\" loading=\"lazy\" decoding=\"async\" srcset=\"https:\/\/www.docuteam.ch\/wp-content\/uploads\/2021\/03\/Archives_tri.jpg 675w, https:\/\/www.docuteam.ch\/wp-content\/uploads\/2021\/03\/Archives_tri-300x200.jpg 300w\" sizes=\"auto, (max-width: 675px) 100vw, 675px\" \/><\/a><\/div><\/figure><\/div><div class=\"id-3138 vcex-image-grid-entry vcex-grid-item wpex-text-center span_1_of_4 col col-3\"><figure class=\"vcex-image-grid-entry-figure wpex-last-mb-0 wpex-clr\"><div class=\"vcex-image-grid-entry-img entry-media wpex-relative wpex-image-hover opacity wpex-mb-20\"><a href=\"https:\/\/www.docuteam.ch\/wp-content\/uploads\/2021\/03\/CartesPostales.jpg\" class=\"vcex-image-grid-entry-link wpex-lightbox-group-item\" data-show_title=\"false\" data-caption=\"Cartes postales anciennes - Archives de la Commune de Daillens\"><img width=\"675\" height=\"450\" src=\"https:\/\/www.docuteam.ch\/wp-content\/uploads\/2021\/03\/CartesPostales.jpg\" class=\"wpex-align-middle\" alt=\"Cartes postales anciennes - Archives de la Commune de Daillens\" loading=\"lazy\" decoding=\"async\" srcset=\"https:\/\/www.docuteam.ch\/wp-content\/uploads\/2021\/03\/CartesPostales.jpg 675w, https:\/\/www.docuteam.ch\/wp-content\/uploads\/2021\/03\/CartesPostales-300x200.jpg 300w\" sizes=\"auto, (max-width: 675px) 100vw, 675px\" \/><\/a><\/div><\/figure><\/div><div class=\"id-3154 vcex-image-grid-entry vcex-grid-item wpex-text-center span_1_of_4 col col-4\"><figure class=\"vcex-image-grid-entry-figure wpex-last-mb-0 wpex-clr\"><div class=\"vcex-image-grid-entry-img entry-media wpex-relative wpex-image-hover opacity wpex-mb-20\"><a href=\"https:\/\/www.docuteam.ch\/wp-content\/uploads\/2021\/03\/Manuscrits_SIAR.jpg\" class=\"vcex-image-grid-entry-link wpex-lightbox-group-item\" data-show_title=\"false\" data-caption=\"Traitement d'archives - Val-de-Ruz\"><img width=\"675\" height=\"450\" src=\"https:\/\/www.docuteam.ch\/wp-content\/uploads\/2021\/03\/Manuscrits_SIAR.jpg\" class=\"wpex-align-middle\" alt=\"Traitement d&#039;archives - Val-de-Ruz\" loading=\"lazy\" decoding=\"async\" srcset=\"https:\/\/www.docuteam.ch\/wp-content\/uploads\/2021\/03\/Manuscrits_SIAR.jpg 675w, https:\/\/www.docuteam.ch\/wp-content\/uploads\/2021\/03\/Manuscrits_SIAR-300x200.jpg 300w\" sizes=\"auto, (max-width: 675px) 100vw, 675px\" \/><\/a><\/div><\/figure><\/div><\/div><\/div><\/div><div class=\"vcex-image-grid-wrap\"><div class=\"vcex-image-grid-css-wrapper vc_custom_1679317833776\"><div class=\"vcex-module vcex-image-grid grid-style-default wpex-row wpex-clr wpex-lightbox-group\" data-show_title=\"false\"><div class=\"id-3134 vcex-image-grid-entry vcex-grid-item wpex-text-center span_1_of_4 col col-1\"><figure class=\"vcex-image-grid-entry-figure wpex-last-mb-0 wpex-clr\"><div class=\"vcex-image-grid-entry-img entry-media wpex-relative wpex-image-hover opacity wpex-mb-20\"><a href=\"https:\/\/www.docuteam.ch\/wp-content\/uploads\/2021\/03\/BoitesArchives1.jpg\" class=\"vcex-image-grid-entry-link wpex-lightbox-group-item\" data-show_title=\"false\" data-caption=\"Bo\u00eetes de conservation - Archives de la Commune de Daillens\"><img width=\"675\" height=\"450\" src=\"https:\/\/www.docuteam.ch\/wp-content\/uploads\/2021\/03\/BoitesArchives1.jpg\" class=\"wpex-align-middle\" alt=\"Bo\u00eetes de conservation - Archives de la Commune de Daillens\" loading=\"lazy\" decoding=\"async\" srcset=\"https:\/\/www.docuteam.ch\/wp-content\/uploads\/2021\/03\/BoitesArchives1.jpg 675w, https:\/\/www.docuteam.ch\/wp-content\/uploads\/2021\/03\/BoitesArchives1-300x200.jpg 300w\" sizes=\"auto, (max-width: 675px) 100vw, 675px\" \/><\/a><\/div><\/figure><\/div><div class=\"id-6859 vcex-image-grid-entry vcex-grid-item wpex-text-center span_1_of_4 col col-2\"><figure class=\"vcex-image-grid-entry-figure wpex-last-mb-0 wpex-clr\"><div class=\"vcex-image-grid-entry-img entry-media wpex-relative wpex-image-hover opacity wpex-mb-20\"><a href=\"https:\/\/www.docuteam.ch\/wp-content\/uploads\/2021\/04\/NumBaden-1.jpg\" class=\"vcex-image-grid-entry-link wpex-lightbox-group-item\" data-show_title=\"false\" data-caption=\"Appareils photos \u00e0 haute r\u00e9solution - docuteam, Baden\"><img width=\"675\" height=\"450\" src=\"https:\/\/www.docuteam.ch\/wp-content\/uploads\/2021\/04\/NumBaden-1.jpg\" class=\"wpex-align-middle\" alt=\"Appareils photos \u00e0 haute r\u00e9solution - docuteam, Baden\" loading=\"lazy\" decoding=\"async\" srcset=\"https:\/\/www.docuteam.ch\/wp-content\/uploads\/2021\/04\/NumBaden-1.jpg 675w, https:\/\/www.docuteam.ch\/wp-content\/uploads\/2021\/04\/NumBaden-1-300x200.jpg 300w\" sizes=\"auto, (max-width: 675px) 100vw, 675px\" \/><\/a><\/div><\/figure><\/div><div class=\"id-6855 vcex-image-grid-entry vcex-grid-item wpex-text-center span_1_of_4 col col-3\"><figure class=\"vcex-image-grid-entry-figure wpex-last-mb-0 wpex-clr\"><div class=\"vcex-image-grid-entry-img entry-media wpex-relative wpex-image-hover opacity wpex-mb-20\"><a href=\"https:\/\/www.docuteam.ch\/wp-content\/uploads\/2021\/04\/Num4.jpg\" class=\"vcex-image-grid-entry-link wpex-lightbox-group-item\" data-show_title=\"false\" data-caption=\"Archives photographiques - docuteam, Baden\"><img width=\"675\" height=\"450\" src=\"https:\/\/www.docuteam.ch\/wp-content\/uploads\/2021\/04\/Num4.jpg\" class=\"wpex-align-middle\" alt=\"Archives photographiques - docuteam, Baden\" loading=\"lazy\" decoding=\"async\" srcset=\"https:\/\/www.docuteam.ch\/wp-content\/uploads\/2021\/04\/Num4.jpg 675w, https:\/\/www.docuteam.ch\/wp-content\/uploads\/2021\/04\/Num4-300x200.jpg 300w\" sizes=\"auto, (max-width: 675px) 100vw, 675px\" \/><\/a><\/div><\/figure><\/div><div class=\"id-11164 vcex-image-grid-entry vcex-grid-item wpex-text-center span_1_of_4 col col-4\"><figure class=\"vcex-image-grid-entry-figure wpex-last-mb-0 wpex-clr\"><div class=\"vcex-image-grid-entry-img entry-media wpex-relative wpex-image-hover opacity wpex-mb-20\"><a href=\"https:\/\/www.docuteam.ch\/wp-content\/uploads\/2023\/03\/Archivageelectro_20220703_Bau.jpg\" class=\"vcex-image-grid-entry-link wpex-lightbox-group-item\" data-show_title=\"false\" data-caption=\"software - lizenzfreies Bild\"><img width=\"675\" height=\"450\" src=\"https:\/\/www.docuteam.ch\/wp-content\/uploads\/2023\/03\/Archivageelectro_20220703_Bau.jpg\" class=\"wpex-align-middle\" alt=\"software - lizenzfreies Bild\" loading=\"lazy\" decoding=\"async\" srcset=\"https:\/\/www.docuteam.ch\/wp-content\/uploads\/2023\/03\/Archivageelectro_20220703_Bau.jpg 675w, https:\/\/www.docuteam.ch\/wp-content\/uploads\/2023\/03\/Archivageelectro_20220703_Bau-300x200.jpg 300w\" sizes=\"auto, (max-width: 675px) 100vw, 675px\" \/><\/a><\/div><\/figure><\/div><\/div><\/div><\/div>[\/vc_column][\/vc_row]\n<\/div>","protected":false},"excerpt":{"rendered":"<p>[vc_row css=\u00a0\u00bb.vc_custom_1618413499233{margin-top: 60px !important;}\u00a0\u00bb][vc_column width=\u00a0\u00bb2\/3&Prime;][vc_column_text font_size=\u00a0\u00bbd:20|tl:20|tp:20|pl:17|pp:17&Prime; line_height=\u00a0\u00bb2&Prime; text_align=\u00a0\u00bbleft\u00a0\u00bb]Avec nos prestations en gestion d\u2019archives, nous mettons notre exp\u00e9rience \u00e0 votre service pour traiter vos dossiers papier et \u00e9lectroniques afin que vous n\u2019ayez pas \u00e0 vous en pr\u00e9occuper. Nous nous chargeons du travail, tandis que les archives sont conserv\u00e9es chez vous ou chez le prestataire logistique de&hellip;<\/p>\n","protected":false},"author":2,"featured_media":0,"parent":0,"menu_order":0,"comment_status":"closed","ping_status":"closed","template":"","meta":{"footnotes":""},"class_list":["post-3031","page","type-page","status-publish","hentry","entry","no-media"],"yoast_head":"<!-- This site is optimized with the Yoast SEO plugin v27.5 - https:\/\/yoast.com\/product\/yoast-seo-wordpress\/ -->\n<title>docuteam - Nous prenons en charge et traitons vos archives<\/title>\n<meta name=\"description\" content=\"Confiez la gestion et le traitement de vos archives papier comme \u00e9lectroniques \u00e0 un prestataire de 20 ans d\u2019exp\u00e9rience.\" \/>\n<meta name=\"robots\" content=\"index, follow, max-snippet:-1, max-image-preview:large, max-video-preview:-1\" \/>\n<link rel=\"canonical\" href=\"https:\/\/www.docuteam.ch\/fr\/gestion-et-traitement-darchives\/\" \/>\n<meta property=\"og:locale\" content=\"fr_FR\" \/>\n<meta property=\"og:type\" content=\"article\" \/>\n<meta property=\"og:title\" content=\"docuteam - Nous prenons en charge et traitons vos archives\" \/>\n<meta property=\"og:description\" content=\"Confiez la gestion et le traitement de vos archives papier comme \u00e9lectroniques \u00e0 un prestataire de 20 ans d\u2019exp\u00e9rience.\" \/>\n<meta property=\"og:url\" content=\"https:\/\/www.docuteam.ch\/fr\/gestion-et-traitement-darchives\/\" \/>\n<meta property=\"og:site_name\" content=\"docuteam\" \/>\n<meta property=\"article:modified_time\" content=\"2025-06-19T15:47:54+00:00\" \/>\n<meta property=\"og:image\" content=\"https:\/\/www.docuteam.ch\/wp-content\/uploads\/2021\/03\/Conditionnement.jpg\" \/>\n\t<meta property=\"og:image:width\" content=\"675\" \/>\n\t<meta property=\"og:image:height\" content=\"450\" \/>\n\t<meta property=\"og:image:type\" content=\"image\/jpeg\" \/>\n<meta name=\"twitter:card\" content=\"summary_large_image\" \/>\n<meta name=\"twitter:title\" content=\"docuteam - Nous prenons en charge et traitons vos archives\" \/>\n<meta name=\"twitter:description\" content=\"Confiez la gestion et le traitement de vos archives papier comme \u00e9lectroniques \u00e0 un prestataire de 20 ans d\u2019exp\u00e9rience.\" \/>\n<meta name=\"twitter:image\" content=\"https:\/\/www.docuteam.ch\/wp-content\/uploads\/2021\/03\/Conditionnement.jpg\" \/>\n<meta name=\"twitter:site\" content=\"@DocuteamCH\" \/>\n<script type=\"application\/ld+json\" class=\"yoast-schema-graph\">{\"@context\":\"https:\\\/\\\/schema.org\",\"@graph\":[{\"@type\":\"WebPage\",\"@id\":\"https:\\\/\\\/www.docuteam.ch\\\/fr\\\/gestion-et-traitement-darchives\\\/\",\"url\":\"https:\\\/\\\/www.docuteam.ch\\\/fr\\\/gestion-et-traitement-darchives\\\/\",\"name\":\"docuteam - Nous prenons en charge et traitons vos archives\",\"isPartOf\":{\"@id\":\"https:\\\/\\\/www.docuteam.ch\\\/fr\\\/#website\"},\"datePublished\":\"2021-03-24T16:24:57+00:00\",\"dateModified\":\"2025-06-19T15:47:54+00:00\",\"description\":\"Confiez la gestion et le traitement de vos archives papier comme \u00e9lectroniques \u00e0 un prestataire de 20 ans d\u2019exp\u00e9rience.\",\"breadcrumb\":{\"@id\":\"https:\\\/\\\/www.docuteam.ch\\\/fr\\\/gestion-et-traitement-darchives\\\/#breadcrumb\"},\"inLanguage\":\"fr-FR\",\"potentialAction\":[{\"@type\":\"ReadAction\",\"target\":[\"https:\\\/\\\/www.docuteam.ch\\\/fr\\\/gestion-et-traitement-darchives\\\/\"]}]},{\"@type\":\"BreadcrumbList\",\"@id\":\"https:\\\/\\\/www.docuteam.ch\\\/fr\\\/gestion-et-traitement-darchives\\\/#breadcrumb\",\"itemListElement\":[{\"@type\":\"ListItem\",\"position\":1,\"name\":\"Accueil\",\"item\":\"https:\\\/\\\/www.docuteam.ch\\\/fr\\\/\"},{\"@type\":\"ListItem\",\"position\":2,\"name\":\"Traitement et gestion d&#8217;archives, analogiques et num\u00e9riques\"}]},{\"@type\":\"WebSite\",\"@id\":\"https:\\\/\\\/www.docuteam.ch\\\/fr\\\/#website\",\"url\":\"https:\\\/\\\/www.docuteam.ch\\\/fr\\\/\",\"name\":\"docuteam\",\"description\":\"Informationen sind Ihr langfristiges Kapital\",\"publisher\":{\"@id\":\"https:\\\/\\\/www.docuteam.ch\\\/fr\\\/#organization\"},\"potentialAction\":[{\"@type\":\"SearchAction\",\"target\":{\"@type\":\"EntryPoint\",\"urlTemplate\":\"https:\\\/\\\/www.docuteam.ch\\\/fr\\\/?s={search_term_string}\"},\"query-input\":{\"@type\":\"PropertyValueSpecification\",\"valueRequired\":true,\"valueName\":\"search_term_string\"}}],\"inLanguage\":\"fr-FR\"},{\"@type\":\"Organization\",\"@id\":\"https:\\\/\\\/www.docuteam.ch\\\/fr\\\/#organization\",\"name\":\"docuteam\",\"url\":\"https:\\\/\\\/www.docuteam.ch\\\/fr\\\/\",\"logo\":{\"@type\":\"ImageObject\",\"inLanguage\":\"fr-FR\",\"@id\":\"https:\\\/\\\/www.docuteam.ch\\\/fr\\\/#\\\/schema\\\/logo\\\/image\\\/\",\"url\":\"https:\\\/\\\/www.docuteam.ch\\\/wp-content\\\/uploads\\\/2021\\\/03\\\/docuteam_big.png\",\"contentUrl\":\"https:\\\/\\\/www.docuteam.ch\\\/wp-content\\\/uploads\\\/2021\\\/03\\\/docuteam_big.png\",\"width\":200,\"height\":45,\"caption\":\"docuteam\"},\"image\":{\"@id\":\"https:\\\/\\\/www.docuteam.ch\\\/fr\\\/#\\\/schema\\\/logo\\\/image\\\/\"},\"sameAs\":[\"https:\\\/\\\/x.com\\\/DocuteamCH\",\"https:\\\/\\\/www.linkedin.com\\\/company\\\/docuteam-ag\\\/mycompany\\\/\"]}]}<\/script>\n<!-- \/ Yoast SEO plugin. -->","yoast_head_json":{"title":"docuteam - Nous prenons en charge et traitons vos archives","description":"Confiez la gestion et le traitement de vos archives papier comme \u00e9lectroniques \u00e0 un prestataire de 20 ans d\u2019exp\u00e9rience.","robots":{"index":"index","follow":"follow","max-snippet":"max-snippet:-1","max-image-preview":"max-image-preview:large","max-video-preview":"max-video-preview:-1"},"canonical":"https:\/\/www.docuteam.ch\/fr\/gestion-et-traitement-darchives\/","og_locale":"fr_FR","og_type":"article","og_title":"docuteam - Nous prenons en charge et traitons vos archives","og_description":"Confiez la gestion et le traitement de vos archives papier comme \u00e9lectroniques \u00e0 un prestataire de 20 ans d\u2019exp\u00e9rience.","og_url":"https:\/\/www.docuteam.ch\/fr\/gestion-et-traitement-darchives\/","og_site_name":"docuteam","article_modified_time":"2025-06-19T15:47:54+00:00","og_image":[{"width":675,"height":450,"url":"https:\/\/www.docuteam.ch\/wp-content\/uploads\/2021\/03\/Conditionnement.jpg","type":"image\/jpeg"}],"twitter_card":"summary_large_image","twitter_title":"docuteam - Nous prenons en charge et traitons vos archives","twitter_description":"Confiez la gestion et le traitement de vos archives papier comme \u00e9lectroniques \u00e0 un prestataire de 20 ans d\u2019exp\u00e9rience.","twitter_image":"https:\/\/www.docuteam.ch\/wp-content\/uploads\/2021\/03\/Conditionnement.jpg","twitter_site":"@DocuteamCH","schema":{"@context":"https:\/\/schema.org","@graph":[{"@type":"WebPage","@id":"https:\/\/www.docuteam.ch\/fr\/gestion-et-traitement-darchives\/","url":"https:\/\/www.docuteam.ch\/fr\/gestion-et-traitement-darchives\/","name":"docuteam - Nous prenons en charge et traitons vos archives","isPartOf":{"@id":"https:\/\/www.docuteam.ch\/fr\/#website"},"datePublished":"2021-03-24T16:24:57+00:00","dateModified":"2025-06-19T15:47:54+00:00","description":"Confiez la gestion et le traitement de vos archives papier comme \u00e9lectroniques \u00e0 un prestataire de 20 ans d\u2019exp\u00e9rience.","breadcrumb":{"@id":"https:\/\/www.docuteam.ch\/fr\/gestion-et-traitement-darchives\/#breadcrumb"},"inLanguage":"fr-FR","potentialAction":[{"@type":"ReadAction","target":["https:\/\/www.docuteam.ch\/fr\/gestion-et-traitement-darchives\/"]}]},{"@type":"BreadcrumbList","@id":"https:\/\/www.docuteam.ch\/fr\/gestion-et-traitement-darchives\/#breadcrumb","itemListElement":[{"@type":"ListItem","position":1,"name":"Accueil","item":"https:\/\/www.docuteam.ch\/fr\/"},{"@type":"ListItem","position":2,"name":"Traitement et gestion d&#8217;archives, analogiques et num\u00e9riques"}]},{"@type":"WebSite","@id":"https:\/\/www.docuteam.ch\/fr\/#website","url":"https:\/\/www.docuteam.ch\/fr\/","name":"docuteam","description":"Informationen sind Ihr langfristiges Kapital","publisher":{"@id":"https:\/\/www.docuteam.ch\/fr\/#organization"},"potentialAction":[{"@type":"SearchAction","target":{"@type":"EntryPoint","urlTemplate":"https:\/\/www.docuteam.ch\/fr\/?s={search_term_string}"},"query-input":{"@type":"PropertyValueSpecification","valueRequired":true,"valueName":"search_term_string"}}],"inLanguage":"fr-FR"},{"@type":"Organization","@id":"https:\/\/www.docuteam.ch\/fr\/#organization","name":"docuteam","url":"https:\/\/www.docuteam.ch\/fr\/","logo":{"@type":"ImageObject","inLanguage":"fr-FR","@id":"https:\/\/www.docuteam.ch\/fr\/#\/schema\/logo\/image\/","url":"https:\/\/www.docuteam.ch\/wp-content\/uploads\/2021\/03\/docuteam_big.png","contentUrl":"https:\/\/www.docuteam.ch\/wp-content\/uploads\/2021\/03\/docuteam_big.png","width":200,"height":45,"caption":"docuteam"},"image":{"@id":"https:\/\/www.docuteam.ch\/fr\/#\/schema\/logo\/image\/"},"sameAs":["https:\/\/x.com\/DocuteamCH","https:\/\/www.linkedin.com\/company\/docuteam-ag\/mycompany\/"]}]}},"_links":{"self":[{"href":"https:\/\/www.docuteam.ch\/fr\/wp-json\/wp\/v2\/pages\/3031","targetHints":{"allow":["GET"]}}],"collection":[{"href":"https:\/\/www.docuteam.ch\/fr\/wp-json\/wp\/v2\/pages"}],"about":[{"href":"https:\/\/www.docuteam.ch\/fr\/wp-json\/wp\/v2\/types\/page"}],"author":[{"embeddable":true,"href":"https:\/\/www.docuteam.ch\/fr\/wp-json\/wp\/v2\/users\/2"}],"replies":[{"embeddable":true,"href":"https:\/\/www.docuteam.ch\/fr\/wp-json\/wp\/v2\/comments?post=3031"}],"version-history":[{"count":146,"href":"https:\/\/www.docuteam.ch\/fr\/wp-json\/wp\/v2\/pages\/3031\/revisions"}],"predecessor-version":[{"id":56090,"href":"https:\/\/www.docuteam.ch\/fr\/wp-json\/wp\/v2\/pages\/3031\/revisions\/56090"}],"wp:attachment":[{"href":"https:\/\/www.docuteam.ch\/fr\/wp-json\/wp\/v2\/media?parent=3031"}],"curies":[{"name":"wp","href":"https:\/\/api.w.org\/{rel}","templated":true}]}}