{"id":81,"date":"2021-03-03T13:31:44","date_gmt":"2021-03-03T12:31:44","guid":{"rendered":"http:\/\/beta.docuteam.ch\/?page_id=81"},"modified":"2025-04-16T10:58:50","modified_gmt":"2025-04-16T08:58:50","slug":"entreprise","status":"publish","type":"page","link":"https:\/\/www.docuteam.ch\/fr\/entreprise\/","title":{"rendered":"Entreprise"},"content":{"rendered":"<div class=\"wpb-content-wrapper\">[vc_row full_width=\u00a0\u00bbstretch_row\u00a0\u00bb css=\u00a0\u00bb.vc_custom_1618425099054{margin-top: 60px !important;}\u00a0\u00bb][vc_column]<style>.vcex-heading.vcex_69f1f6358ff75{color:#cc0000;font-size:35px;font-weight:600;}.vcex-heading.vcex_69f1f6358ff75:hover{color:#cc0000;}@media (max-width:1024px){.vcex-heading.vcex_69f1f6358ff75{font-size:30px;}}@media (max-width:959px){.vcex-heading.vcex_69f1f6358ff75{font-size:30px;}}@media (max-width:767px){.vcex-heading.vcex_69f1f6358ff75{font-size:22px;}}@media (max-width:479px){.vcex-heading.vcex_69f1f6358ff75{font-size:22px;}}<\/style><h1 class=\"vcex-heading vcex-heading-plain vcex-module wpex-heading wpex-text-2xl wpex-text-left vcex_69f1f6358ff75\"><span class=\"vcex-heading-inner wpex-inline-block\">Une entreprise suisse avec 20 ans d'exp\u00e9rience dans la gestion de l'information et la gestion d'archives<\/span><\/h1>[\/vc_column][\/vc_row][vc_row css=\u00a0\u00bb.vc_custom_1618425220540{padding-top: 10px !important;}\u00a0\u00bb][vc_column width=\u00a0\u00bb1\/2&Prime;]<div class=\"vcex-image-slider-css-wrap vc_custom_1619048795761\"><div class=\"wpex-slider-preloaderimg wpex-relative\"><img width=\"675\" height=\"450\" src=\"https:\/\/www.docuteam.ch\/wp-content\/uploads\/2021\/03\/YverdonsBureaux2.jpg\" class=\"skip-lazy\" alt=\"Docuteam, Yverdon-les-Bains\" data-no-lazy=\"1\" srcset=\"https:\/\/www.docuteam.ch\/wp-content\/uploads\/2021\/03\/YverdonsBureaux2.jpg 675w, https:\/\/www.docuteam.ch\/wp-content\/uploads\/2021\/03\/YverdonsBureaux2-300x200.jpg 300w\" sizes=\"(max-width: 675px) 100vw, 675px\" \/><\/div><div class=\"vcex-image-slider vcex-module wpex-slider slider-pro wpex-clr\" data-fade=\"true\"  data-loop=\"true\" data-auto-play-delay=\"5000\" data-animation-speed=\"500\" data-height-animation-duration=\"500\" data-thumbnail-height=\"70\" data-thumbnail-width=\"70\"><div class=\"wpex-slider-slides sp-slides\"><div class=\"wpex-slider-slide sp-slide\"><div class=\"wpex-slider-media wpex-relative\"><img width=\"675\" height=\"450\" src=\"https:\/\/www.docuteam.ch\/wp-content\/uploads\/2021\/03\/YverdonsBureaux2.jpg\" class=\"skip-lazy\" alt=\"Docuteam, Yverdon-les-Bains\" data-no-lazy=\"1\" srcset=\"https:\/\/www.docuteam.ch\/wp-content\/uploads\/2021\/03\/YverdonsBureaux2.jpg 675w, https:\/\/www.docuteam.ch\/wp-content\/uploads\/2021\/03\/YverdonsBureaux2-300x200.jpg 300w\" sizes=\"(max-width: 675px) 100vw, 675px\" \/><\/div><\/div><div class=\"wpex-slider-slide sp-slide\"><div class=\"wpex-slider-media wpex-relative\"><img width=\"675\" height=\"450\" src=\"https:\/\/www.docuteam.ch\/wp-content\/uploads\/2021\/03\/BureauxBaden.jpg\" class=\"skip-lazy\" alt=\"docuteam \u00e0 Baden\" data-no-lazy=\"1\" srcset=\"https:\/\/www.docuteam.ch\/wp-content\/uploads\/2021\/03\/BureauxBaden.jpg 675w, https:\/\/www.docuteam.ch\/wp-content\/uploads\/2021\/03\/BureauxBaden-300x200.jpg 300w\" sizes=\"(max-width: 675px) 100vw, 675px\" \/><\/div><\/div><div class=\"wpex-slider-slide sp-slide\"><div class=\"wpex-slider-media wpex-relative\"><img width=\"675\" height=\"450\" src=\"https:\/\/www.docuteam.ch\/wp-content\/uploads\/2021\/03\/RecordsManagement.jpg\" class=\"skip-lazy\" alt=\"Conseil en gestion de l&#039;information - Andreas Steigmeier - docuteam, Baden\" data-no-lazy=\"1\" srcset=\"https:\/\/www.docuteam.ch\/wp-content\/uploads\/2021\/03\/RecordsManagement.jpg 675w, https:\/\/www.docuteam.ch\/wp-content\/uploads\/2021\/03\/RecordsManagement-300x200.jpg 300w\" sizes=\"(max-width: 675px) 100vw, 675px\" \/><\/div><\/div><div class=\"wpex-slider-slide sp-slide\"><div class=\"wpex-slider-media wpex-relative\"><img width=\"675\" height=\"450\" src=\"https:\/\/www.docuteam.ch\/wp-content\/uploads\/2021\/03\/Demenagement.jpg\" class=\"skip-lazy\" alt=\"Externalisation du traitement d&#039;archives - Tobias Wildi - docuteam, Baden\" data-no-lazy=\"1\" srcset=\"https:\/\/www.docuteam.ch\/wp-content\/uploads\/2021\/03\/Demenagement.jpg 675w, https:\/\/www.docuteam.ch\/wp-content\/uploads\/2021\/03\/Demenagement-300x200.jpg 300w\" sizes=\"(max-width: 675px) 100vw, 675px\" \/><\/div><\/div><div class=\"wpex-slider-slide sp-slide\"><div class=\"wpex-slider-media wpex-relative\"><img width=\"675\" height=\"450\" src=\"https:\/\/www.docuteam.ch\/wp-content\/uploads\/2021\/03\/BoitesArchives1.jpg\" class=\"skip-lazy\" alt=\"Bo\u00eetes de conservation - Archives de la Commune de Daillens\" data-no-lazy=\"1\" srcset=\"https:\/\/www.docuteam.ch\/wp-content\/uploads\/2021\/03\/BoitesArchives1.jpg 675w, https:\/\/www.docuteam.ch\/wp-content\/uploads\/2021\/03\/BoitesArchives1-300x200.jpg 300w\" sizes=\"(max-width: 675px) 100vw, 675px\" \/><\/div><\/div><div class=\"wpex-slider-slide sp-slide\"><div class=\"wpex-slider-media wpex-relative\"><img width=\"675\" height=\"450\" src=\"https:\/\/www.docuteam.ch\/wp-content\/uploads\/2021\/03\/GestionArchives.jpg\" class=\"skip-lazy\" alt=\"\" data-no-lazy=\"1\" srcset=\"https:\/\/www.docuteam.ch\/wp-content\/uploads\/2021\/03\/GestionArchives.jpg 675w, https:\/\/www.docuteam.ch\/wp-content\/uploads\/2021\/03\/GestionArchives-300x200.jpg 300w\" sizes=\"(max-width: 675px) 100vw, 675px\" \/><\/div><\/div><div class=\"wpex-slider-slide sp-slide\"><div class=\"wpex-slider-media wpex-relative\"><img width=\"675\" height=\"450\" src=\"https:\/\/www.docuteam.ch\/wp-content\/uploads\/2021\/04\/Evaulation.jpg\" class=\"skip-lazy\" alt=\"Conseil en gestion de l&#039;information - Gilliane Kern - docuteam, Yverdon-les-Bains\" data-no-lazy=\"1\" srcset=\"https:\/\/www.docuteam.ch\/wp-content\/uploads\/2021\/04\/Evaulation.jpg 675w, https:\/\/www.docuteam.ch\/wp-content\/uploads\/2021\/04\/Evaulation-300x200.jpg 300w\" sizes=\"(max-width: 675px) 100vw, 675px\" \/><\/div><\/div><div class=\"wpex-slider-slide sp-slide\"><div class=\"wpex-slider-media wpex-relative\"><img width=\"675\" height=\"450\" src=\"https:\/\/www.docuteam.ch\/wp-content\/uploads\/2021\/04\/Num4.jpg\" class=\"skip-lazy\" alt=\"Archives photographiques - docuteam, Baden\" data-no-lazy=\"1\" srcset=\"https:\/\/www.docuteam.ch\/wp-content\/uploads\/2021\/04\/Num4.jpg 675w, https:\/\/www.docuteam.ch\/wp-content\/uploads\/2021\/04\/Num4-300x200.jpg 300w\" sizes=\"(max-width: 675px) 100vw, 675px\" \/><\/div><\/div><div class=\"wpex-slider-slide sp-slide\"><div class=\"wpex-slider-media wpex-relative\"><img width=\"675\" height=\"450\" src=\"https:\/\/www.docuteam.ch\/wp-content\/uploads\/2021\/04\/NumBaden-1.jpg\" class=\"skip-lazy\" alt=\"Appareils photos \u00e0 haute r\u00e9solution - docuteam, Baden\" data-no-lazy=\"1\" srcset=\"https:\/\/www.docuteam.ch\/wp-content\/uploads\/2021\/04\/NumBaden-1.jpg 675w, https:\/\/www.docuteam.ch\/wp-content\/uploads\/2021\/04\/NumBaden-1-300x200.jpg 300w\" sizes=\"(max-width: 675px) 100vw, 675px\" \/><\/div><\/div><\/div><\/div><\/div>[\/vc_column][vc_column width=\u00a0\u00bb1\/2&Prime;][vc_column_text css=\u00a0\u00bb\u00a0\u00bb font_size=\u00a0\u00bbd:20|tl:20|tp:20|pl:17|pp:17&Prime; font_weight=\u00a0\u00bb600&Prime; line_height=\u00a0\u00bb2&Prime; text_align=\u00a0\u00bbleft\u00a0\u00bb]docuteam est l\u2019un des plus grands fournisseurs suisses de <a href=\"https:\/\/www.docuteam.ch\/fr\/prestations\/\" rel=\"noopener\">services d\u2019archivage et de conseil en gestion de l&rsquo;information<\/a>. Avec une cinquantaine d&#8217;employ\u00e9-e-s, docuteam est in\u00e9gal\u00e9e dans le conseil en gestion documentaire, de la prise en charge d&rsquo;archives et en tant que fournisseur de solutions pour l\u2019archivage \u00e9lectronique \u00e0 long terme.[\/vc_column_text][\/vc_column][\/vc_row][vc_row full_width=\u00a0\u00bbstretch_row\u00a0\u00bb css=\u00a0\u00bb.vc_custom_1679396314777{margin-top: 10px !important;}\u00a0\u00bb][vc_column][vc_column_text font_size=\u00a0\u00bbd:20|tl:20|tp:20|pl:17|pp:17&Prime; line_height=\u00a0\u00bb2&Prime; text_align=\u00a0\u00bbleft\u00a0\u00bb]\n<ul>\n<li>docuteam a \u00e9t\u00e9 fond\u00e9e en 2003 en tant que soci\u00e9t\u00e9 \u00e0 responsabilit\u00e9 limit\u00e9e par <a href=\"https:\/\/www.docuteam.ch\/fr\/staff-member\/andreas-steigmeier\/\" target=\"_blank\" rel=\"noopener\">Andreas Steigmeier<\/a> et <a href=\"https:\/\/www.docuteam.ch\/fr\/staff-member\/tobias-wildi\/\" target=\"_blank\" rel=\"noopener\">Tobias Wildi<\/a>. Depuis 2021, l&rsquo;entreprise est devenue une soci\u00e9t\u00e9 anonyme avec la participation d&rsquo;autres membres de la direction.<\/li>\n<li>Notre entreprise est active en mati\u00e8re d\u2019<a href=\"https:\/\/www.docuteam.ch\/fr\/docuteam-cosmos\/\" rel=\"noopener\">archivage \u00e9lectronique \u00e0 long terme <\/a>dans toute la Suisse mais \u00e9galement en Allemagne, en France, en Autriche et en Su\u00e8de.<\/li>\n<li>Nous concevons notre travail comme une contribution au bon fonctionnement de l\u2019\u00e9conomie, de la soci\u00e9t\u00e9 et de la d\u00e9mocratie, une contribution \u00e0 la transformation num\u00e9rique et \u00e0 notre patrimoine culturel. C\u2019est ce qui nous motive et nous stimule pour l\u2019avenir.<\/li>\n<li>Registre du commerce : <a class=\"ob-external-link ng-star-inserted\" href=\"https:\/\/www.uid.admin.ch\/Detail.aspx?uid_id=CHE110048641\" target=\"_blank\" rel=\"noopener noreferrer\" aria-label=\" - S'ouvre dans un nouvel onglet.\">CHE-110.048.641<\/a><\/li>\n<\/ul>\n[\/vc_column_text][\/vc_column][\/vc_row][vc_row full_width=\u00a0\u00bbstretch_row\u00a0\u00bb content_placement=\u00a0\u00bbtop\u00a0\u00bb css=\u00a0\u00bb.vc_custom_1618425487433{margin-top: 40px !important;}\u00a0\u00bb][vc_column]<style>.vcex-heading.vcex_69f1f6359425c{color:#cc0000;font-size:35px;font-weight:600;}.vcex-heading.vcex_69f1f6359425c:hover{color:#cc0000;}@media (max-width:1024px){.vcex-heading.vcex_69f1f6359425c{font-size:30px;}}@media (max-width:959px){.vcex-heading.vcex_69f1f6359425c{font-size:30px;}}@media (max-width:767px){.vcex-heading.vcex_69f1f6359425c{font-size:22px;}}@media (max-width:479px){.vcex-heading.vcex_69f1f6359425c{font-size:22px;}}<\/style><h2 class=\"vcex-heading vcex-heading-plain vcex-module wpex-heading wpex-text-2xl wpex-text-left vcex_69f1f6359425c\"><span class=\"vcex-heading-inner wpex-inline-block\">Participation \u00e0 des organisations professionnelles<\/span><\/h2>[\/vc_column][\/vc_row][vc_row full_width=\u00a0\u00bbstretch_row\u00a0\u00bb css=\u00a0\u00bb.vc_custom_1618425339313{margin-top: 10px !important;}\u00a0\u00bb][vc_column width=\u00a0\u00bb1\/4&Prime;]<figure class=\"vcex-image vcex-module wpex-text-center\"><div class=\"vcex-image-inner wpex-relative wpex-inline-block vc_custom_1679917691480\"><img width=\"250\" height=\"260\" src=\"https:\/\/www.docuteam.ch\/wp-content\/uploads\/2021\/04\/ReseauPRO6.png\" class=\"vcex-image-img wpex-align-middle\" alt=\"R\u00e9seau professionnel - image libre de droit\" loading=\"lazy\" decoding=\"async\" \/><\/div><\/figure>[\/vc_column][vc_column width=\u00a0\u00bb3\/4&Prime;][vc_column_text css=\u00a0\u00bb\u00a0\u00bb font_size=\u00a0\u00bbd:20|tl:20|tp:20|pl:17|pp:17&Prime; line_height=\u00a0\u00bb2&Prime; text_align=\u00a0\u00bbleft\u00a0\u00bb]\n<ul>\n<li>Nous sommes membres de l&rsquo;<a href=\"https:\/\/vsa-aas.ch\/\" target=\"_blank\" rel=\"noopener\">Association des archivistes suisses<\/a> (AAS), de l&rsquo;<a href=\"https:\/\/www.archivistes.ch\/\" target=\"_blank\" rel=\"noopener\">Association vaudoise des archivistes<\/a> (AVA), de <a href=\"http:\/\/www.wirtschaftsarchive.de\/\" target=\"_blank\" rel=\"noopener\">l&rsquo;Association des archives \u00e9conomiques d\u2019Allemagne<\/a> et membre collectif du <a href=\"https:\/\/www.ica.org\/fr\/\" target=\"_blank\" rel=\"noopener\">Conseil international des archives<\/a> (ICA). Gilliane Kern \u00e9tait membre du comit\u00e9 de r\u00e9daction de la revue professionnelle <a href=\"https:\/\/arbido.ch\/fr\/\" target=\"_blank\" rel=\"noopener\">arbido<\/a> et du comit\u00e9 de l&rsquo;AAS.<\/li>\n<li>Nous sommes impliqu\u00e9s dans les groupes de travail de l\u2019AAS : \u00ab Normes et standards \u00bb (Tobias Wildi)\u00a0; \u00ab Archives d\u2019entreprises priv\u00e9es \u00bb (Tobias Haudenschild)\u00a0; \u00ab\u00a0projet ENSEMEN \u00bb (Tobias Wildi).<\/li>\n<li>Tobias Wildi et Jan Krause-Bilvin sont membres du <a href=\"https:\/\/www.ica.org\/en\/about-egad\" target=\"_blank\" rel=\"noopener\">groupe d&rsquo;experts sur la description archivistique (EGAD)<\/a> du Conseil international des archives, qui a \u00e9labor\u00e9 la nouvelle norme Records in Context (RiC).<\/li>\n<li>Nous avons \u00e9galement une repr\u00e9sentante dans le groupe de l&rsquo;AVA \u00ab Description et diffusion \u00bb de l\u2019AVA (Vanessa Bilvin-Krause).<\/li>\n<li>Nous nous sommes engag\u00e9-e-s \u00e0 respecter le <a href=\"https:\/\/www.ica.org\/fr\/code-de-deontologie-de-l-ica\" target=\"_blank\" rel=\"noopener\">code de d\u00e9ontologie<\/a> publi\u00e9 par l\u2019ICA \u00e0 l&rsquo;intention des archivistes du monde entier. Nous avons cosign\u00e9 la <a href=\"https:\/\/www.ica.org\/fr\/resource\/declaration-universelle-sur-les-archives-dua\/\" target=\"_blank\" rel=\"noopener\">d\u00e9claration universelle des archives<\/a> de l&rsquo;UNESCO.<\/li>\n<\/ul>\n[\/vc_column_text][\/vc_column][\/vc_row][vc_row full_width=\u00a0\u00bbstretch_row\u00a0\u00bb css=\u00a0\u00bb.vc_custom_1618425420843{margin-top: 40px !important;}\u00a0\u00bb][vc_column]<style>.vcex-heading.vcex_69f1f63595da6{color:#cc0000;font-size:35px;font-weight:600;}.vcex-heading.vcex_69f1f63595da6:hover{color:#cc0000;}@media (max-width:1024px){.vcex-heading.vcex_69f1f63595da6{font-size:30px;}}@media (max-width:959px){.vcex-heading.vcex_69f1f63595da6{font-size:30px;}}@media (max-width:767px){.vcex-heading.vcex_69f1f63595da6{font-size:22px;}}@media (max-width:479px){.vcex-heading.vcex_69f1f63595da6{font-size:22px;}}<\/style><h2 class=\"vcex-heading vcex-heading-plain vcex-module wpex-heading wpex-text-2xl wpex-text-left vcex_69f1f63595da6\"><span class=\"vcex-heading-inner wpex-inline-block\">R\u00e9seau de sp\u00e9cialistes<\/span><\/h2>[\/vc_column][\/vc_row][vc_row full_width=\u00a0\u00bbstretch_row\u00a0\u00bb css=\u00a0\u00bb.vc_custom_1618425452235{margin-top: 10px !important;}\u00a0\u00bb][vc_column width=\u00a0\u00bb1\/4&Prime;]<figure class=\"vcex-image vcex-module wpex-text-center\"><div class=\"vcex-image-inner wpex-relative wpex-inline-block vc_custom_1679397066840\"><img width=\"250\" height=\"260\" src=\"https:\/\/www.docuteam.ch\/wp-content\/uploads\/2021\/04\/ReseauPROdocuteam-1.png\" class=\"vcex-image-img wpex-align-middle\" alt=\"\" loading=\"lazy\" decoding=\"async\" \/><\/div><\/figure>[\/vc_column][vc_column width=\u00a0\u00bb3\/4&Prime;][vc_column_text font_size=\u00a0\u00bbd:20|tl:20|tp:20|pl:17|pp:17&Prime; line_height=\u00a0\u00bb2&Prime; text_align=\u00a0\u00bbleft\u00a0\u00bb]\n<ul>\n<li>Nous cultivons activement notre r\u00e9seau professionnel et lorsque nous devons, par exemple, traiter des probl\u00e8mes de moisissures ou restaurer des documents, nous nous adressons \u00e0 des sp\u00e9cialistes. Pour les questions de restauration, nous travaillons notamment avec l&rsquo;<a href=\"http:\/\/www.atelier-rothe.ch\/d\/atelier\/\" target=\"_blank\" rel=\"noopener\">atelier Michael Rothe<\/a> \u00e0 Berne et avec <a href=\"https:\/\/atelierstrebel.ch\/01_index.php\" target=\"_blank\" rel=\"noopener\">Martin Strebel<\/a>, Atelier pour la restauration de livres et du papier \u00e0 Hunzenschwil.<\/li>\n<li>Pour la destruction des documents et des supports de donn\u00e9es confidentiels, nous avons recours au service de l&rsquo;entreprise suisse <a href=\"https:\/\/www.linkedin.com\/company\/datarec-sa\/\" target=\"_blank\" rel=\"noopener\">Datarec SA<\/a> (filiale commune Groupe Barec et de Securitas).<\/li>\n<\/ul>\n[\/vc_column_text][\/vc_column][\/vc_row][vc_row full_width=\u00a0\u00bbstretch_row\u00a0\u00bb css=\u00a0\u00bb.vc_custom_1618425499742{margin-top: 40px !important;}\u00a0\u00bb][vc_column]<style>.vcex-heading.vcex_69f1f63596d0f{color:#cc0000;font-size:35px;font-weight:600;}.vcex-heading.vcex_69f1f63596d0f:hover{color:#cc0000;}@media (max-width:1024px){.vcex-heading.vcex_69f1f63596d0f{font-size:30px;}}@media (max-width:959px){.vcex-heading.vcex_69f1f63596d0f{font-size:30px;}}@media (max-width:767px){.vcex-heading.vcex_69f1f63596d0f{font-size:22px;}}@media (max-width:479px){.vcex-heading.vcex_69f1f63596d0f{font-size:22px;}}<\/style><h2 class=\"vcex-heading vcex-heading-plain vcex-module wpex-heading wpex-text-2xl wpex-text-left vcex_69f1f63596d0f\"><span class=\"vcex-heading-inner wpex-inline-block\">Formations et \u00e9v\u00e9nements<\/span><\/h2>[\/vc_column][\/vc_row][vc_row full_width=\u00a0\u00bbstretch_row\u00a0\u00bb css=\u00a0\u00bb.vc_custom_1618425747851{margin-top: 10px !important;margin-bottom: 40px !important;}\u00a0\u00bb][vc_column width=\u00a0\u00bb1\/4&Prime;]<figure class=\"vcex-image vcex-module wpex-text-center\"><div class=\"vcex-image-inner wpex-relative wpex-inline-block vc_custom_1679397130103\"><img width=\"250\" height=\"350\" src=\"https:\/\/www.docuteam.ch\/wp-content\/uploads\/2021\/04\/formation2.png\" class=\"vcex-image-img wpex-align-middle\" alt=\"\" loading=\"lazy\" decoding=\"async\" srcset=\"https:\/\/www.docuteam.ch\/wp-content\/uploads\/2021\/04\/formation2.png 250w, https:\/\/www.docuteam.ch\/wp-content\/uploads\/2021\/04\/formation2-214x300.png 214w\" sizes=\"auto, (max-width: 250px) 100vw, 250px\" \/><\/div><\/figure>[\/vc_column][vc_column width=\u00a0\u00bb3\/4&Prime;][vc_column_text font_size=\u00a0\u00bbd:20|tl:20|tp:20|pl:17|pp:17&Prime; line_height=\u00a0\u00bb2&Prime; text_align=\u00a0\u00bbleft\u00a0\u00bb]\n<ul>\n<li>Nous organisons des formations pour l\u2019ICA et \u00e9changeons activement des id\u00e9es avec l&rsquo;organisation.<\/li>\n<li>Ponctuellement nous organisons des <a href=\"https:\/\/www.docuteam.ch\/fr\/blog\/\" rel=\"noopener\">\u00e9v\u00e9nements<\/a> comme des s\u00e9minaires et des s\u00e9ances de pr\u00e9sentation ou encore le docuteam Community Day<\/li>\n<li>Nous formons des <a href=\"https:\/\/www.docuteam.ch\/fr\/travailler-chez-docuteam\/\" rel=\"noopener\">stagiaires <\/a>qui s\u2019int\u00e9ressent \u00e0 exercer l\u2019une des professions susmentionn\u00e9es, avant, pendant ou apr\u00e8s une formation correspondante.<\/li>\n<li>Nous formons des <a href=\"https:\/\/www.docuteam.ch\/fr\/travailler-chez-docuteam\/\" rel=\"noopener\">agentes et agents en information documentaire (AID)<\/a> en partenariat avec d\u2019autres institutions.<\/li>\n<\/ul>\n[\/vc_column_text][\/vc_column][\/vc_row]\n<\/div>","protected":false},"excerpt":{"rendered":"<p>[vc_row full_width=\u00a0\u00bbstretch_row\u00a0\u00bb css=\u00a0\u00bb.vc_custom_1618425099054{margin-top: 60px !important;}\u00a0\u00bb][vc_column][\/vc_column][\/vc_row][vc_row css=\u00a0\u00bb.vc_custom_1618425220540{padding-top: 10px !important;}\u00a0\u00bb][vc_column width=\u00a0\u00bb1\/2&Prime;][\/vc_column][vc_column width=\u00a0\u00bb1\/2&Prime;][vc_column_text css=\u00a0\u00bb\u00a0\u00bb font_size=\u00a0\u00bbd:20|tl:20|tp:20|pl:17|pp:17&Prime; font_weight=\u00a0\u00bb600&Prime; line_height=\u00a0\u00bb2&Prime; text_align=\u00a0\u00bbleft\u00a0\u00bb]docuteam est l\u2019un des plus grands fournisseurs suisses de services d\u2019archivage et de conseil en gestion de l&rsquo;information. Avec une cinquantaine d&#8217;employ\u00e9-e-s, docuteam est in\u00e9gal\u00e9e dans le conseil en gestion documentaire, de la prise en charge d&rsquo;archives et en tant que&hellip;<\/p>\n","protected":false},"author":2,"featured_media":0,"parent":0,"menu_order":0,"comment_status":"closed","ping_status":"closed","template":"","meta":{"footnotes":""},"class_list":["post-81","page","type-page","status-publish","hentry","entry","no-media"],"yoast_head":"<!-- This site is optimized with the Yoast SEO plugin v27.5 - https:\/\/yoast.com\/product\/yoast-seo-wordpress\/ -->\n<title>docuteam - 20 ans d&#039;exp\u00e9rience dans le domaine de l&#039;archivage<\/title>\n<meta name=\"description\" content=\"Fournisseur suisse de services d\u2019archivage, de conseil en gestion de l\u2019information et de solutions pour l\u2019archivage \u00e9lectronique \u00e0 long terme.\" \/>\n<meta name=\"robots\" content=\"index, follow, max-snippet:-1, max-image-preview:large, max-video-preview:-1\" \/>\n<link rel=\"canonical\" href=\"https:\/\/www.docuteam.ch\/fr\/entreprise\/\" \/>\n<meta property=\"og:locale\" content=\"fr_FR\" \/>\n<meta property=\"og:type\" content=\"article\" \/>\n<meta property=\"og:title\" content=\"docuteam - 20 ans d&#039;exp\u00e9rience dans le domaine de l&#039;archivage\" \/>\n<meta property=\"og:description\" content=\"Fournisseur suisse de services d\u2019archivage, de conseil en gestion de l\u2019information et de solutions pour l\u2019archivage \u00e9lectronique \u00e0 long terme.\" \/>\n<meta property=\"og:url\" content=\"https:\/\/www.docuteam.ch\/fr\/entreprise\/\" \/>\n<meta property=\"og:site_name\" content=\"docuteam\" \/>\n<meta property=\"article:modified_time\" content=\"2025-04-16T08:58:50+00:00\" \/>\n<meta property=\"og:image\" content=\"https:\/\/www.docuteam.ch\/wp-content\/uploads\/2021\/03\/YverdonsBureaux2.jpg\" \/>\n\t<meta property=\"og:image:width\" content=\"675\" \/>\n\t<meta property=\"og:image:height\" content=\"450\" \/>\n\t<meta property=\"og:image:type\" content=\"image\/jpeg\" \/>\n<meta name=\"twitter:card\" content=\"summary_large_image\" \/>\n<meta name=\"twitter:title\" content=\"docuteam - 20 ans d&#039;exp\u00e9rience dans le domaine de l&#039;archivage\" \/>\n<meta name=\"twitter:description\" content=\"Fournisseur suisse de services d\u2019archivage, de conseil en gestion de l\u2019information et de solutions pour l\u2019archivage \u00e9lectronique \u00e0 long terme.\" \/>\n<meta name=\"twitter:image\" content=\"https:\/\/www.docuteam.ch\/wp-content\/uploads\/2021\/03\/YverdonsBureaux2.jpg\" \/>\n<meta name=\"twitter:site\" content=\"@DocuteamCH\" \/>\n<script type=\"application\/ld+json\" class=\"yoast-schema-graph\">{\"@context\":\"https:\\\/\\\/schema.org\",\"@graph\":[{\"@type\":[\"WebPage\",\"AboutPage\"],\"@id\":\"https:\\\/\\\/www.docuteam.ch\\\/fr\\\/entreprise\\\/\",\"url\":\"https:\\\/\\\/www.docuteam.ch\\\/fr\\\/entreprise\\\/\",\"name\":\"docuteam - 20 ans d'exp\u00e9rience dans le domaine de l'archivage\",\"isPartOf\":{\"@id\":\"https:\\\/\\\/www.docuteam.ch\\\/fr\\\/#website\"},\"datePublished\":\"2021-03-03T12:31:44+00:00\",\"dateModified\":\"2025-04-16T08:58:50+00:00\",\"description\":\"Fournisseur suisse de services d\u2019archivage, de conseil en gestion de l\u2019information et de solutions pour l\u2019archivage \u00e9lectronique \u00e0 long terme.\",\"breadcrumb\":{\"@id\":\"https:\\\/\\\/www.docuteam.ch\\\/fr\\\/entreprise\\\/#breadcrumb\"},\"inLanguage\":\"fr-FR\",\"potentialAction\":[{\"@type\":\"ReadAction\",\"target\":[\"https:\\\/\\\/www.docuteam.ch\\\/fr\\\/entreprise\\\/\"]}]},{\"@type\":\"BreadcrumbList\",\"@id\":\"https:\\\/\\\/www.docuteam.ch\\\/fr\\\/entreprise\\\/#breadcrumb\",\"itemListElement\":[{\"@type\":\"ListItem\",\"position\":1,\"name\":\"Accueil\",\"item\":\"https:\\\/\\\/www.docuteam.ch\\\/fr\\\/\"},{\"@type\":\"ListItem\",\"position\":2,\"name\":\"Entreprise\"}]},{\"@type\":\"WebSite\",\"@id\":\"https:\\\/\\\/www.docuteam.ch\\\/fr\\\/#website\",\"url\":\"https:\\\/\\\/www.docuteam.ch\\\/fr\\\/\",\"name\":\"docuteam\",\"description\":\"Informationen sind Ihr langfristiges Kapital\",\"publisher\":{\"@id\":\"https:\\\/\\\/www.docuteam.ch\\\/fr\\\/#organization\"},\"potentialAction\":[{\"@type\":\"SearchAction\",\"target\":{\"@type\":\"EntryPoint\",\"urlTemplate\":\"https:\\\/\\\/www.docuteam.ch\\\/fr\\\/?s={search_term_string}\"},\"query-input\":{\"@type\":\"PropertyValueSpecification\",\"valueRequired\":true,\"valueName\":\"search_term_string\"}}],\"inLanguage\":\"fr-FR\"},{\"@type\":\"Organization\",\"@id\":\"https:\\\/\\\/www.docuteam.ch\\\/fr\\\/#organization\",\"name\":\"docuteam\",\"url\":\"https:\\\/\\\/www.docuteam.ch\\\/fr\\\/\",\"logo\":{\"@type\":\"ImageObject\",\"inLanguage\":\"fr-FR\",\"@id\":\"https:\\\/\\\/www.docuteam.ch\\\/fr\\\/#\\\/schema\\\/logo\\\/image\\\/\",\"url\":\"https:\\\/\\\/www.docuteam.ch\\\/wp-content\\\/uploads\\\/2021\\\/03\\\/docuteam_big.png\",\"contentUrl\":\"https:\\\/\\\/www.docuteam.ch\\\/wp-content\\\/uploads\\\/2021\\\/03\\\/docuteam_big.png\",\"width\":200,\"height\":45,\"caption\":\"docuteam\"},\"image\":{\"@id\":\"https:\\\/\\\/www.docuteam.ch\\\/fr\\\/#\\\/schema\\\/logo\\\/image\\\/\"},\"sameAs\":[\"https:\\\/\\\/x.com\\\/DocuteamCH\",\"https:\\\/\\\/www.linkedin.com\\\/company\\\/docuteam-ag\\\/mycompany\\\/\"]}]}<\/script>\n<!-- \/ Yoast SEO plugin. -->","yoast_head_json":{"title":"docuteam - 20 ans d'exp\u00e9rience dans le domaine de l'archivage","description":"Fournisseur suisse de services d\u2019archivage, de conseil en gestion de l\u2019information et de solutions pour l\u2019archivage \u00e9lectronique \u00e0 long terme.","robots":{"index":"index","follow":"follow","max-snippet":"max-snippet:-1","max-image-preview":"max-image-preview:large","max-video-preview":"max-video-preview:-1"},"canonical":"https:\/\/www.docuteam.ch\/fr\/entreprise\/","og_locale":"fr_FR","og_type":"article","og_title":"docuteam - 20 ans d'exp\u00e9rience dans le domaine de l'archivage","og_description":"Fournisseur suisse de services d\u2019archivage, de conseil en gestion de l\u2019information et de solutions pour l\u2019archivage \u00e9lectronique \u00e0 long terme.","og_url":"https:\/\/www.docuteam.ch\/fr\/entreprise\/","og_site_name":"docuteam","article_modified_time":"2025-04-16T08:58:50+00:00","og_image":[{"width":675,"height":450,"url":"https:\/\/www.docuteam.ch\/wp-content\/uploads\/2021\/03\/YverdonsBureaux2.jpg","type":"image\/jpeg"}],"twitter_card":"summary_large_image","twitter_title":"docuteam - 20 ans d'exp\u00e9rience dans le domaine de l'archivage","twitter_description":"Fournisseur suisse de services d\u2019archivage, de conseil en gestion de l\u2019information et de solutions pour l\u2019archivage \u00e9lectronique \u00e0 long terme.","twitter_image":"https:\/\/www.docuteam.ch\/wp-content\/uploads\/2021\/03\/YverdonsBureaux2.jpg","twitter_site":"@DocuteamCH","schema":{"@context":"https:\/\/schema.org","@graph":[{"@type":["WebPage","AboutPage"],"@id":"https:\/\/www.docuteam.ch\/fr\/entreprise\/","url":"https:\/\/www.docuteam.ch\/fr\/entreprise\/","name":"docuteam - 20 ans d'exp\u00e9rience dans le domaine de l'archivage","isPartOf":{"@id":"https:\/\/www.docuteam.ch\/fr\/#website"},"datePublished":"2021-03-03T12:31:44+00:00","dateModified":"2025-04-16T08:58:50+00:00","description":"Fournisseur suisse de services d\u2019archivage, de conseil en gestion de l\u2019information et de solutions pour l\u2019archivage \u00e9lectronique \u00e0 long terme.","breadcrumb":{"@id":"https:\/\/www.docuteam.ch\/fr\/entreprise\/#breadcrumb"},"inLanguage":"fr-FR","potentialAction":[{"@type":"ReadAction","target":["https:\/\/www.docuteam.ch\/fr\/entreprise\/"]}]},{"@type":"BreadcrumbList","@id":"https:\/\/www.docuteam.ch\/fr\/entreprise\/#breadcrumb","itemListElement":[{"@type":"ListItem","position":1,"name":"Accueil","item":"https:\/\/www.docuteam.ch\/fr\/"},{"@type":"ListItem","position":2,"name":"Entreprise"}]},{"@type":"WebSite","@id":"https:\/\/www.docuteam.ch\/fr\/#website","url":"https:\/\/www.docuteam.ch\/fr\/","name":"docuteam","description":"Informationen sind Ihr langfristiges Kapital","publisher":{"@id":"https:\/\/www.docuteam.ch\/fr\/#organization"},"potentialAction":[{"@type":"SearchAction","target":{"@type":"EntryPoint","urlTemplate":"https:\/\/www.docuteam.ch\/fr\/?s={search_term_string}"},"query-input":{"@type":"PropertyValueSpecification","valueRequired":true,"valueName":"search_term_string"}}],"inLanguage":"fr-FR"},{"@type":"Organization","@id":"https:\/\/www.docuteam.ch\/fr\/#organization","name":"docuteam","url":"https:\/\/www.docuteam.ch\/fr\/","logo":{"@type":"ImageObject","inLanguage":"fr-FR","@id":"https:\/\/www.docuteam.ch\/fr\/#\/schema\/logo\/image\/","url":"https:\/\/www.docuteam.ch\/wp-content\/uploads\/2021\/03\/docuteam_big.png","contentUrl":"https:\/\/www.docuteam.ch\/wp-content\/uploads\/2021\/03\/docuteam_big.png","width":200,"height":45,"caption":"docuteam"},"image":{"@id":"https:\/\/www.docuteam.ch\/fr\/#\/schema\/logo\/image\/"},"sameAs":["https:\/\/x.com\/DocuteamCH","https:\/\/www.linkedin.com\/company\/docuteam-ag\/mycompany\/"]}]}},"_links":{"self":[{"href":"https:\/\/www.docuteam.ch\/fr\/wp-json\/wp\/v2\/pages\/81","targetHints":{"allow":["GET"]}}],"collection":[{"href":"https:\/\/www.docuteam.ch\/fr\/wp-json\/wp\/v2\/pages"}],"about":[{"href":"https:\/\/www.docuteam.ch\/fr\/wp-json\/wp\/v2\/types\/page"}],"author":[{"embeddable":true,"href":"https:\/\/www.docuteam.ch\/fr\/wp-json\/wp\/v2\/users\/2"}],"replies":[{"embeddable":true,"href":"https:\/\/www.docuteam.ch\/fr\/wp-json\/wp\/v2\/comments?post=81"}],"version-history":[{"count":270,"href":"https:\/\/www.docuteam.ch\/fr\/wp-json\/wp\/v2\/pages\/81\/revisions"}],"predecessor-version":[{"id":56001,"href":"https:\/\/www.docuteam.ch\/fr\/wp-json\/wp\/v2\/pages\/81\/revisions\/56001"}],"wp:attachment":[{"href":"https:\/\/www.docuteam.ch\/fr\/wp-json\/wp\/v2\/media?parent=81"}],"curies":[{"name":"wp","href":"https:\/\/api.w.org\/{rel}","templated":true}]}}